{"id":2505,"date":"2022-01-26T16:58:12","date_gmt":"2022-01-26T15:58:12","guid":{"rendered":"https:\/\/electriccartour.com\/reservation\/"},"modified":"2026-02-09T22:11:11","modified_gmt":"2026-02-09T21:11:11","slug":"reservation","status":"publish","type":"page","link":"https:\/\/electriccartour.com\/fr\/reservation\/","title":{"rendered":"R\u00e9servation"},"content":{"rendered":"\t\t<div data-elementor-type=\"wp-page\" data-elementor-id=\"2505\" class=\"elementor elementor-2505 elementor-154\" data-elementor-post-type=\"page\">\n\t\t\t\t\t\t<section class=\"elementor-section elementor-top-section elementor-element elementor-element-3a8f704 elementor-section-full_width elementor-section-height-default elementor-section-height-default\" data-id=\"3a8f704\" data-element_type=\"section\" data-e-type=\"section\">\n\t\t\t\t\t\t<div class=\"elementor-container elementor-column-gap-default\">\n\t\t\t\t\t<div class=\"elementor-column elementor-col-100 elementor-top-column elementor-element elementor-element-28366b9\" data-id=\"28366b9\" data-element_type=\"column\" data-e-type=\"column\">\n\t\t\t<div class=\"elementor-widget-wrap elementor-element-populated\">\n\t\t\t\t\t\t<div class=\"elementor-element elementor-element-a5e4054 elementor--h-position-center elementor--v-position-middle elementor-arrows-position-inside elementor-pagination-position-inside elementor-widget elementor-widget-slides\" data-id=\"a5e4054\" data-element_type=\"widget\" data-e-type=\"widget\" data-settings=\"{&quot;navigation&quot;:&quot;both&quot;,&quot;autoplay&quot;:&quot;yes&quot;,&quot;pause_on_hover&quot;:&quot;yes&quot;,&quot;pause_on_interaction&quot;:&quot;yes&quot;,&quot;autoplay_speed&quot;:5000,&quot;infinite&quot;:&quot;yes&quot;,&quot;transition&quot;:&quot;slide&quot;,&quot;transition_speed&quot;:500}\" data-widget_type=\"slides.default\">\n\t\t\t\t<div class=\"elementor-widget-container\">\n\t\t\t\t\t\t\t\t\t<div class=\"elementor-swiper\">\n\t\t\t\t\t<div class=\"elementor-slides-wrapper elementor-main-swiper swiper\" role=\"region\" aria-roledescription=\"carousel\" aria-label=\"Diapositivas\" dir=\"ltr\" data-animation=\"fadeInUp\">\n\t\t\t\t<div class=\"swiper-wrapper elementor-slides\">\n\t\t\t\t\t\t\t\t\t\t<div class=\"elementor-repeater-item-70ab554 swiper-slide\" role=\"group\" aria-roledescription=\"slide\"><div class=\"swiper-slide-bg\" role=\"img\" aria-label=\"Tour en coche el\u00e9ctrico Citro\u00ebn AMI por M\u00e1laga, con vistas al puerto y la Catedral\"><\/div><div class=\"swiper-slide-inner\" ><div class=\"swiper-slide-contents\"><\/div><\/div><\/div><div class=\"elementor-repeater-item-4d2a1af swiper-slide\" role=\"group\" aria-roledescription=\"slide\"><div class=\"swiper-slide-bg\" role=\"img\" aria-label=\"tour m\u00e1laga 2 horas en coche el\u00e9ctrico\"><\/div><div class=\"swiper-slide-inner\" ><div class=\"swiper-slide-contents\"><\/div><\/div><\/div><div class=\"elementor-repeater-item-104800e swiper-slide\" role=\"group\" aria-roledescription=\"slide\"><div class=\"swiper-slide-bg\" role=\"img\" aria-label=\"Viajeros de crucero en el punto de encuentro de la terminal de M\u00e1laga antes del tour en coche el\u00e9ctrico.\"><\/div><div class=\"swiper-slide-inner\" ><div class=\"swiper-slide-contents\"><\/div><\/div><\/div><div class=\"elementor-repeater-item-a97f5c7 swiper-slide\" role=\"group\" aria-roledescription=\"slide\"><div class=\"swiper-slide-bg\" role=\"img\" aria-label=\"tour m\u00e1laga citroen Ami grupo de amigos\"><\/div><div class=\"swiper-slide-inner\" ><div class=\"swiper-slide-contents\"><\/div><\/div><\/div><div class=\"elementor-repeater-item-025cbd5 swiper-slide\" role=\"group\" aria-roledescription=\"slide\"><div class=\"swiper-slide-bg\" role=\"img\" aria-label=\"team-bulding-malaga\"><\/div><div class=\"swiper-slide-inner\" ><div class=\"swiper-slide-contents\"><\/div><\/div><\/div>\t\t\t\t<\/div>\n\t\t\t\t\t\t\t\t\t\t\t\t\t\t\t<div class=\"elementor-swiper-button elementor-swiper-button-prev\" role=\"button\" tabindex=\"0\" aria-label=\"Diapositive pr\u00e9c\u00e9dente\">\n\t\t\t\t\t\t\t<i aria-hidden=\"true\" class=\"eicon-chevron-left\"><\/i>\t\t\t\t\t\t<\/div>\n\t\t\t\t\t\t<div class=\"elementor-swiper-button elementor-swiper-button-next\" role=\"button\" tabindex=\"0\" aria-label=\"Diapositive suivante\">\n\t\t\t\t\t\t\t<i aria-hidden=\"true\" class=\"eicon-chevron-right\"><\/i>\t\t\t\t\t\t<\/div>\n\t\t\t\t\t\t\t\t\t\t\t\t\t\t\t\t<div class=\"swiper-pagination\"><\/div>\n\t\t\t\t\t\t\t\t\t\t\t\t<\/div>\n\t\t\t\t<\/div>\n\t\t\t\t\t\t\t\t<\/div>\n\t\t\t\t<\/div>\n\t\t\t\t\t<\/div>\n\t\t<\/div>\n\t\t\t\t\t<\/div>\n\t\t<\/section>\n\t\t\t\t<section class=\"elementor-section elementor-top-section elementor-element elementor-element-efc800d elementor-section-boxed elementor-section-height-default elementor-section-height-default\" data-id=\"efc800d\" data-element_type=\"section\" data-e-type=\"section\">\n\t\t\t\t\t\t<div class=\"elementor-container elementor-column-gap-default\">\n\t\t\t\t\t<div class=\"elementor-column elementor-col-100 elementor-top-column elementor-element elementor-element-2ef754b\" data-id=\"2ef754b\" data-element_type=\"column\" data-e-type=\"column\">\n\t\t\t<div class=\"elementor-widget-wrap elementor-element-populated\">\n\t\t\t\t\t\t<div class=\"elementor-element elementor-element-6127070 e-transform elementor-widget elementor-widget-heading\" data-id=\"6127070\" data-element_type=\"widget\" data-e-type=\"widget\" data-settings=\"{&quot;_transform_scale_effect&quot;:{&quot;unit&quot;:&quot;px&quot;,&quot;size&quot;:&quot;&quot;,&quot;sizes&quot;:[]},&quot;_transform_scale_effect_tablet&quot;:{&quot;unit&quot;:&quot;px&quot;,&quot;size&quot;:&quot;&quot;,&quot;sizes&quot;:[]},&quot;_transform_scale_effect_mobile&quot;:{&quot;unit&quot;:&quot;px&quot;,&quot;size&quot;:&quot;&quot;,&quot;sizes&quot;:[]}}\" data-widget_type=\"heading.default\">\n\t\t\t\t<div class=\"elementor-widget-container\">\n\t\t\t\t\t<h1 class=\"elementor-heading-title elementor-size-xl\"><b>R\u00e9servez votre tour en voiture \u00e9lectrique et d\u00e9couvrez Malaga<\/h1>\t\t\t\t<\/div>\n\t\t\t\t<\/div>\n\t\t\t\t\t<\/div>\n\t\t<\/div>\n\t\t\t\t\t<\/div>\n\t\t<\/section>\n\t\t\t\t<section class=\"elementor-section elementor-top-section elementor-element elementor-element-313cb71 elementor-section-boxed elementor-section-height-default elementor-section-height-default\" data-id=\"313cb71\" data-element_type=\"section\" data-e-type=\"section\">\n\t\t\t\t\t\t<div class=\"elementor-container elementor-column-gap-default\">\n\t\t\t\t\t<div class=\"elementor-column elementor-col-100 elementor-top-column elementor-element elementor-element-9a8a746\" data-id=\"9a8a746\" data-element_type=\"column\" data-e-type=\"column\">\n\t\t\t<div class=\"elementor-widget-wrap elementor-element-populated\">\n\t\t\t\t\t\t<div class=\"elementor-element elementor-element-5a04ec9 elementor-widget elementor-widget-heading\" data-id=\"5a04ec9\" data-element_type=\"widget\" data-e-type=\"widget\" data-widget_type=\"heading.default\">\n\t\t\t\t<div class=\"elementor-widget-container\">\n\t\t\t\t\t<h2 class=\"elementor-heading-title elementor-size-default\">Pr\u00eat \u00e0 partir?<\/h2>\t\t\t\t<\/div>\n\t\t\t\t<\/div>\n\t\t\t\t\t<\/div>\n\t\t<\/div>\n\t\t\t\t\t<\/div>\n\t\t<\/section>\n\t\t\t\t<section class=\"elementor-section elementor-top-section elementor-element elementor-element-fefb802 elementor-section-boxed elementor-section-height-default elementor-section-height-default\" data-id=\"fefb802\" data-element_type=\"section\" data-e-type=\"section\">\n\t\t\t\t\t\t<div class=\"elementor-container elementor-column-gap-default\">\n\t\t\t\t\t<div class=\"elementor-column elementor-col-100 elementor-top-column elementor-element elementor-element-5e76fa2\" data-id=\"5e76fa2\" data-element_type=\"column\" data-e-type=\"column\">\n\t\t\t<div class=\"elementor-widget-wrap elementor-element-populated\">\n\t\t\t\t\t\t<div class=\"elementor-element elementor-element-7f7c27b elementor-widget elementor-widget-heading\" data-id=\"7f7c27b\" data-element_type=\"widget\" data-e-type=\"widget\" data-widget_type=\"heading.default\">\n\t\t\t\t<div class=\"elementor-widget-container\">\n\t\t\t\t\t<h3 class=\"elementor-heading-title elementor-size-large\"><b>Explorez Malaga \u00e0 votre rythme dans une voiture \u00e9lectrique<\/h3>\t\t\t\t<\/div>\n\t\t\t\t<\/div>\n\t\t\t\t\t<\/div>\n\t\t<\/div>\n\t\t\t\t\t<\/div>\n\t\t<\/section>\n\t\t\t\t<section class=\"elementor-section elementor-top-section elementor-element elementor-element-de58f93 elementor-section-boxed elementor-section-height-default elementor-section-height-default\" data-id=\"de58f93\" data-element_type=\"section\" data-e-type=\"section\">\n\t\t\t\t\t\t<div class=\"elementor-container elementor-column-gap-default\">\n\t\t\t\t\t<div class=\"elementor-column elementor-col-100 elementor-top-column elementor-element elementor-element-1a124ff\" data-id=\"1a124ff\" data-element_type=\"column\" data-e-type=\"column\">\n\t\t\t<div class=\"elementor-widget-wrap elementor-element-populated\">\n\t\t\t\t\t\t<div class=\"elementor-element elementor-element-180b9fb elementor-widget elementor-widget-text-editor\" data-id=\"180b9fb\" data-element_type=\"widget\" data-e-type=\"widget\" data-widget_type=\"text-editor.default\">\n\t\t\t\t<div class=\"elementor-widget-container\">\n\t\t\t\t\t\t\t\t\t<p style=\"text-align: center;\"><strong>Conduisez vous-m\u00eame \u00e0 travers les lieux les plus embl\u00e9matiques de la ville.<\/strong><\/p>\t\t\t\t\t\t\t\t<\/div>\n\t\t\t\t<\/div>\n\t\t\t\t<div class=\"elementor-element elementor-element-5a1138b elementor-widget elementor-widget-text-editor\" data-id=\"5a1138b\" data-element_type=\"widget\" data-e-type=\"widget\" data-widget_type=\"text-editor.default\">\n\t\t\t\t<div class=\"elementor-widget-container\">\n\t\t\t\t\t\t\t\t\t<p style=\"text-align: center;\">Choisissez votre circuit, s\u00e9lectionnez votre date et r\u00e9servez en quelques secondes.<\/p><p style=\"text-align: center;\">Lequel vous convient le mieux ?<\/p>\t\t\t\t\t\t\t\t<\/div>\n\t\t\t\t<\/div>\n\t\t\t\t\t<\/div>\n\t\t<\/div>\n\t\t\t\t\t<\/div>\n\t\t<\/section>\n\t\t\t\t<section class=\"elementor-section elementor-top-section elementor-element elementor-element-77446a3 elementor-section-boxed elementor-section-height-default elementor-section-height-default\" data-id=\"77446a3\" data-element_type=\"section\" data-e-type=\"section\">\n\t\t\t\t\t\t<div class=\"elementor-container elementor-column-gap-default\">\n\t\t\t\t\t<div class=\"elementor-column elementor-col-100 elementor-top-column elementor-element elementor-element-189b140\" data-id=\"189b140\" data-element_type=\"column\" data-e-type=\"column\">\n\t\t\t<div class=\"elementor-widget-wrap elementor-element-populated\">\n\t\t\t\t\t\t<div class=\"elementor-element elementor-element-9d04aea elementor-widget elementor-widget-heading\" data-id=\"9d04aea\" data-element_type=\"widget\" data-e-type=\"widget\" data-widget_type=\"heading.default\">\n\t\t\t\t<div class=\"elementor-widget-container\">\n\t\t\t\t\t<h3 class=\"elementor-heading-title elementor-size-xl\">Visite culturelle de Malaga :<\/h3>\t\t\t\t<\/div>\n\t\t\t\t<\/div>\n\t\t\t\t\t<\/div>\n\t\t<\/div>\n\t\t\t\t\t<\/div>\n\t\t<\/section>\n\t\t\t\t<section class=\"elementor-section elementor-top-section elementor-element elementor-element-757759b elementor-section-boxed elementor-section-height-default elementor-section-height-default\" data-id=\"757759b\" data-element_type=\"section\" data-e-type=\"section\">\n\t\t\t\t\t\t<div class=\"elementor-container elementor-column-gap-default\">\n\t\t\t\t\t<div class=\"elementor-column elementor-col-33 elementor-top-column elementor-element elementor-element-eb57d4f\" data-id=\"eb57d4f\" data-element_type=\"column\" data-e-type=\"column\" data-settings=\"{&quot;background_background&quot;:&quot;classic&quot;}\">\n\t\t\t<div class=\"elementor-widget-wrap elementor-element-populated\">\n\t\t\t\t\t\t<div class=\"elementor-element elementor-element-868f984 elementor-widget elementor-widget-image\" data-id=\"868f984\" data-element_type=\"widget\" data-e-type=\"widget\" data-widget_type=\"image.default\">\n\t\t\t\t<div class=\"elementor-widget-container\">\n\t\t\t\t\t\t\t\t\t\t\t\t\t\t\t\t<a href=\"https:\/\/electriccartour.com\/fr\/visite-de-malaga-2-heures\/\">\n\t\t\t\t\t\t\t<img fetchpriority=\"high\" decoding=\"async\" width=\"2560\" height=\"1707\" src=\"https:\/\/i0.wp.com\/electriccartour.com\/wp-content\/uploads\/2023\/06\/tour-malaga-2-horas-en-coche-electrico-scaled.webp?fit=2560%2C1707&amp;ssl=1\" class=\"attachment-full size-full wp-image-8645\" alt=\"tour m\u00e1laga 2 horas en coche el\u00e9ctrico\" srcset=\"https:\/\/i0.wp.com\/electriccartour.com\/wp-content\/uploads\/2023\/06\/tour-malaga-2-horas-en-coche-electrico-scaled.webp?w=2560&amp;ssl=1 2560w, https:\/\/i0.wp.com\/electriccartour.com\/wp-content\/uploads\/2023\/06\/tour-malaga-2-horas-en-coche-electrico-scaled.webp?resize=300%2C200&amp;ssl=1 300w, https:\/\/i0.wp.com\/electriccartour.com\/wp-content\/uploads\/2023\/06\/tour-malaga-2-horas-en-coche-electrico-scaled.webp?resize=1024%2C683&amp;ssl=1 1024w, https:\/\/i0.wp.com\/electriccartour.com\/wp-content\/uploads\/2023\/06\/tour-malaga-2-horas-en-coche-electrico-scaled.webp?resize=768%2C512&amp;ssl=1 768w, https:\/\/i0.wp.com\/electriccartour.com\/wp-content\/uploads\/2023\/06\/tour-malaga-2-horas-en-coche-electrico-scaled.webp?resize=1536%2C1024&amp;ssl=1 1536w, https:\/\/i0.wp.com\/electriccartour.com\/wp-content\/uploads\/2023\/06\/tour-malaga-2-horas-en-coche-electrico-scaled.webp?resize=2048%2C1365&amp;ssl=1 2048w, https:\/\/i0.wp.com\/electriccartour.com\/wp-content\/uploads\/2023\/06\/tour-malaga-2-horas-en-coche-electrico-scaled.webp?resize=1568%2C1045&amp;ssl=1 1568w, https:\/\/i0.wp.com\/electriccartour.com\/wp-content\/uploads\/2023\/06\/tour-malaga-2-horas-en-coche-electrico-scaled.webp?resize=1320%2C880&amp;ssl=1 1320w, https:\/\/i0.wp.com\/electriccartour.com\/wp-content\/uploads\/2023\/06\/tour-malaga-2-horas-en-coche-electrico-scaled.webp?resize=450%2C300&amp;ssl=1 450w, https:\/\/i0.wp.com\/electriccartour.com\/wp-content\/uploads\/2023\/06\/tour-malaga-2-horas-en-coche-electrico-scaled.webp?w=1920&amp;ssl=1 1920w\" sizes=\"(max-width: 640px) 100vw, 640px\" \/>\t\t\t\t\t\t\t\t<\/a>\n\t\t\t\t\t\t\t\t\t\t\t\t\t\t\t<\/div>\n\t\t\t\t<\/div>\n\t\t\t\t<div class=\"elementor-element elementor-element-e471151 elementor-widget elementor-widget-heading\" data-id=\"e471151\" data-element_type=\"widget\" data-e-type=\"widget\" data-widget_type=\"heading.default\">\n\t\t\t\t<div class=\"elementor-widget-container\">\n\t\t\t\t\t<h3 class=\"elementor-heading-title elementor-size-default\"><a href=\"https:\/\/electriccartour.com\/fr\/visite-de-malaga-2-heures\/\">Visite de Malaga<br>2 heures<\/a><\/h3>\t\t\t\t<\/div>\n\t\t\t\t<\/div>\n\t\t\t\t<div class=\"elementor-element elementor-element-cd9f6f4 elementor-widget elementor-widget-shortcode\" data-id=\"cd9f6f4\" data-element_type=\"widget\" data-e-type=\"widget\" data-widget_type=\"shortcode.default\">\n\t\t\t\t<div class=\"elementor-widget-container\">\n\t\t\t\t\t\t\t<div class=\"elementor-shortcode\">\n          <div class=\"turitop_bswp_button_box_wrap\">\n\n                  <div class=\"load-turitop loading-turitop turitop_booking_system_box_button\"  data-service=\"P2\"  data-embed=\"box\" data-buttoncolor=\"orange\" ><\/div>\n\n          <\/div>\n\n          <\/div>\n\t\t\t\t\t\t<\/div>\n\t\t\t\t<\/div>\n\t\t\t\t\t<\/div>\n\t\t<\/div>\n\t\t\t\t<div class=\"elementor-column elementor-col-33 elementor-top-column elementor-element elementor-element-54bbb1a\" data-id=\"54bbb1a\" data-element_type=\"column\" data-e-type=\"column\" data-settings=\"{&quot;background_background&quot;:&quot;classic&quot;}\">\n\t\t\t<div class=\"elementor-widget-wrap elementor-element-populated\">\n\t\t\t\t\t\t<div class=\"elementor-element elementor-element-58d73bb elementor-widget elementor-widget-image\" data-id=\"58d73bb\" data-element_type=\"widget\" data-e-type=\"widget\" data-widget_type=\"image.default\">\n\t\t\t\t<div class=\"elementor-widget-container\">\n\t\t\t\t\t\t\t\t\t\t\t\t\t\t\t\t<a href=\"https:\/\/electriccartour.com\/fr\/visite-de-la-grotte-au-tresor\/\">\n\t\t\t\t\t\t\t<img decoding=\"async\" width=\"1920\" height=\"1280\" src=\"https:\/\/i0.wp.com\/electriccartour.com\/wp-content\/uploads\/2022\/05\/tour-cueva-del-tesoro.webp?fit=1920%2C1280&amp;ssl=1\" class=\"attachment-full size-full wp-image-1903\" alt=\"Opiniones sobre Electric Car Tour\" srcset=\"https:\/\/i0.wp.com\/electriccartour.com\/wp-content\/uploads\/2022\/05\/tour-cueva-del-tesoro.webp?w=1920&amp;ssl=1 1920w, https:\/\/i0.wp.com\/electriccartour.com\/wp-content\/uploads\/2022\/05\/tour-cueva-del-tesoro.webp?resize=300%2C200&amp;ssl=1 300w, https:\/\/i0.wp.com\/electriccartour.com\/wp-content\/uploads\/2022\/05\/tour-cueva-del-tesoro.webp?resize=1024%2C683&amp;ssl=1 1024w, https:\/\/i0.wp.com\/electriccartour.com\/wp-content\/uploads\/2022\/05\/tour-cueva-del-tesoro.webp?resize=768%2C512&amp;ssl=1 768w, https:\/\/i0.wp.com\/electriccartour.com\/wp-content\/uploads\/2022\/05\/tour-cueva-del-tesoro.webp?resize=1536%2C1024&amp;ssl=1 1536w, https:\/\/i0.wp.com\/electriccartour.com\/wp-content\/uploads\/2022\/05\/tour-cueva-del-tesoro.webp?resize=1568%2C1045&amp;ssl=1 1568w, https:\/\/i0.wp.com\/electriccartour.com\/wp-content\/uploads\/2022\/05\/tour-cueva-del-tesoro.webp?resize=1320%2C880&amp;ssl=1 1320w, https:\/\/i0.wp.com\/electriccartour.com\/wp-content\/uploads\/2022\/05\/tour-cueva-del-tesoro.webp?resize=450%2C300&amp;ssl=1 450w\" sizes=\"(max-width: 640px) 100vw, 640px\" \/>\t\t\t\t\t\t\t\t<\/a>\n\t\t\t\t\t\t\t\t\t\t\t\t\t\t\t<\/div>\n\t\t\t\t<\/div>\n\t\t\t\t<div class=\"elementor-element elementor-element-54a6a0b elementor-widget elementor-widget-heading\" data-id=\"54a6a0b\" data-element_type=\"widget\" data-e-type=\"widget\" data-widget_type=\"heading.default\">\n\t\t\t\t<div class=\"elementor-widget-container\">\n\t\t\t\t\t<h3 class=\"elementor-heading-title elementor-size-default\"><a href=\"https:\/\/electriccartour.com\/fr\/visite-de-la-grotte-au-tresor\/\">Visite de la grotte aux tr\u00e9sors<\/a><\/h3>\t\t\t\t<\/div>\n\t\t\t\t<\/div>\n\t\t\t\t<div class=\"elementor-element elementor-element-27b3ba6 elementor-widget elementor-widget-shortcode\" data-id=\"27b3ba6\" data-element_type=\"widget\" data-e-type=\"widget\" data-widget_type=\"shortcode.default\">\n\t\t\t\t<div class=\"elementor-widget-container\">\n\t\t\t\t\t\t\t<div class=\"elementor-shortcode\">\n          <div class=\"turitop_bswp_button_box_wrap\">\n\n                  <div class=\"load-turitop loading-turitop turitop_booking_system_box_button\"  data-service=\"P6\"  data-embed=\"box\" data-buttoncolor=\"orange\" ><\/div>\n\n          <\/div>\n\n          <\/div>\n\t\t\t\t\t\t<\/div>\n\t\t\t\t<\/div>\n\t\t\t\t\t<\/div>\n\t\t<\/div>\n\t\t\t\t<div class=\"elementor-column elementor-col-33 elementor-top-column elementor-element elementor-element-5af7132\" data-id=\"5af7132\" data-element_type=\"column\" data-e-type=\"column\" data-settings=\"{&quot;background_background&quot;:&quot;classic&quot;}\">\n\t\t\t<div class=\"elementor-widget-wrap elementor-element-populated\">\n\t\t\t\t\t\t<div class=\"elementor-element elementor-element-024f06b elementor-widget elementor-widget-image\" data-id=\"024f06b\" data-element_type=\"widget\" data-e-type=\"widget\" data-widget_type=\"image.default\">\n\t\t\t\t<div class=\"elementor-widget-container\">\n\t\t\t\t\t\t\t\t\t\t\t\t\t\t\t\t<a href=\"https:\/\/electriccartour.com\/fr\/visite-de-malaga-3-heures\/\">\n\t\t\t\t\t\t\t<img decoding=\"async\" width=\"1600\" height=\"1200\" src=\"https:\/\/i0.wp.com\/electriccartour.com\/wp-content\/uploads\/2022\/05\/Tour-guiado-castillo-gibralfaro.webp?fit=1600%2C1200&amp;ssl=1\" class=\"attachment-full size-full wp-image-1973\" alt=\"visita guiada en malaga castillo gibralfaro\" srcset=\"https:\/\/i0.wp.com\/electriccartour.com\/wp-content\/uploads\/2022\/05\/Tour-guiado-castillo-gibralfaro.webp?w=1600&amp;ssl=1 1600w, https:\/\/i0.wp.com\/electriccartour.com\/wp-content\/uploads\/2022\/05\/Tour-guiado-castillo-gibralfaro.webp?resize=300%2C225&amp;ssl=1 300w, https:\/\/i0.wp.com\/electriccartour.com\/wp-content\/uploads\/2022\/05\/Tour-guiado-castillo-gibralfaro.webp?resize=1024%2C768&amp;ssl=1 1024w, https:\/\/i0.wp.com\/electriccartour.com\/wp-content\/uploads\/2022\/05\/Tour-guiado-castillo-gibralfaro.webp?resize=768%2C576&amp;ssl=1 768w, https:\/\/i0.wp.com\/electriccartour.com\/wp-content\/uploads\/2022\/05\/Tour-guiado-castillo-gibralfaro.webp?resize=1536%2C1152&amp;ssl=1 1536w, https:\/\/i0.wp.com\/electriccartour.com\/wp-content\/uploads\/2022\/05\/Tour-guiado-castillo-gibralfaro.webp?resize=1568%2C1176&amp;ssl=1 1568w, https:\/\/i0.wp.com\/electriccartour.com\/wp-content\/uploads\/2022\/05\/Tour-guiado-castillo-gibralfaro.webp?resize=1320%2C990&amp;ssl=1 1320w, https:\/\/i0.wp.com\/electriccartour.com\/wp-content\/uploads\/2022\/05\/Tour-guiado-castillo-gibralfaro.webp?resize=450%2C338&amp;ssl=1 450w\" sizes=\"(max-width: 640px) 100vw, 640px\" \/>\t\t\t\t\t\t\t\t<\/a>\n\t\t\t\t\t\t\t\t\t\t\t\t\t\t\t<\/div>\n\t\t\t\t<\/div>\n\t\t\t\t<div class=\"elementor-element elementor-element-9e5d0b8 elementor-widget elementor-widget-heading\" data-id=\"9e5d0b8\" data-element_type=\"widget\" data-e-type=\"widget\" data-widget_type=\"heading.default\">\n\t\t\t\t<div class=\"elementor-widget-container\">\n\t\t\t\t\t<h3 class=\"elementor-heading-title elementor-size-default\"><a href=\"https:\/\/electriccartour.com\/fr\/visite-de-malaga-3-heures\/\">Visite du ch\u00e2teau de Gibralfaro 3 heures<\/a><\/h3>\t\t\t\t<\/div>\n\t\t\t\t<\/div>\n\t\t\t\t<div class=\"elementor-element elementor-element-67d9a90 elementor-widget elementor-widget-shortcode\" data-id=\"67d9a90\" data-element_type=\"widget\" data-e-type=\"widget\" data-widget_type=\"shortcode.default\">\n\t\t\t\t<div class=\"elementor-widget-container\">\n\t\t\t\t\t\t\t<div class=\"elementor-shortcode\">\n          <div class=\"turitop_bswp_button_box_wrap\">\n\n                  <div class=\"load-turitop loading-turitop turitop_booking_system_box_button\"  data-service=\"P1\"  data-embed=\"box\" data-buttoncolor=\"orange\" ><\/div>\n\n          <\/div>\n\n          <\/div>\n\t\t\t\t\t\t<\/div>\n\t\t\t\t<\/div>\n\t\t\t\t\t<\/div>\n\t\t<\/div>\n\t\t\t\t\t<\/div>\n\t\t<\/section>\n\t\t\t\t<section class=\"elementor-section elementor-top-section elementor-element elementor-element-1119c17 elementor-section-boxed elementor-section-height-default elementor-section-height-default\" data-id=\"1119c17\" data-element_type=\"section\" data-e-type=\"section\">\n\t\t\t\t\t\t<div class=\"elementor-container elementor-column-gap-default\">\n\t\t\t\t\t<div class=\"elementor-column elementor-col-100 elementor-top-column elementor-element elementor-element-d4a2329\" data-id=\"d4a2329\" data-element_type=\"column\" data-e-type=\"column\">\n\t\t\t<div class=\"elementor-widget-wrap elementor-element-populated\">\n\t\t\t\t\t\t<div class=\"elementor-element elementor-element-7bca79c elementor-widget elementor-widget-heading\" data-id=\"7bca79c\" data-element_type=\"widget\" data-e-type=\"widget\" data-widget_type=\"heading.default\">\n\t\t\t\t<div class=\"elementor-widget-container\">\n\t\t\t\t\t<h3 class=\"elementor-heading-title elementor-size-xl\">Visite gastronomique de Malaga<\/h3>\t\t\t\t<\/div>\n\t\t\t\t<\/div>\n\t\t\t\t\t<\/div>\n\t\t<\/div>\n\t\t\t\t\t<\/div>\n\t\t<\/section>\n\t\t\t\t<section class=\"elementor-section elementor-top-section elementor-element elementor-element-f22f346 elementor-section-boxed elementor-section-height-default elementor-section-height-default\" data-id=\"f22f346\" data-element_type=\"section\" data-e-type=\"section\">\n\t\t\t\t\t\t<div class=\"elementor-container elementor-column-gap-default\">\n\t\t\t\t\t<div class=\"elementor-column elementor-col-33 elementor-top-column elementor-element elementor-element-a416eed\" data-id=\"a416eed\" data-element_type=\"column\" data-e-type=\"column\" data-settings=\"{&quot;background_background&quot;:&quot;classic&quot;}\">\n\t\t\t<div class=\"elementor-widget-wrap elementor-element-populated\">\n\t\t\t\t\t\t<div class=\"elementor-element elementor-element-1302276 elementor-widget elementor-widget-image\" data-id=\"1302276\" data-element_type=\"widget\" data-e-type=\"widget\" data-widget_type=\"image.default\">\n\t\t\t\t<div class=\"elementor-widget-container\">\n\t\t\t\t\t\t\t\t\t\t\t\t\t\t\t\t<a href=\"https:\/\/electriccartour.com\/fr\/visite-gastronomique-des-montagnes-de-malaga\/\">\n\t\t\t\t\t\t\t<img loading=\"lazy\" decoding=\"async\" width=\"2560\" height=\"1707\" src=\"https:\/\/i0.wp.com\/electriccartour.com\/wp-content\/uploads\/2023\/06\/Parque-natural-montes-de-malaga-electriccartour-scaled.webp?fit=2560%2C1707&amp;ssl=1\" class=\"attachment-full size-full wp-image-8662\" alt=\"tour parque natural montes de m\u00e1laga\" srcset=\"https:\/\/i0.wp.com\/electriccartour.com\/wp-content\/uploads\/2023\/06\/Parque-natural-montes-de-malaga-electriccartour-scaled.webp?w=2560&amp;ssl=1 2560w, https:\/\/i0.wp.com\/electriccartour.com\/wp-content\/uploads\/2023\/06\/Parque-natural-montes-de-malaga-electriccartour-scaled.webp?resize=300%2C200&amp;ssl=1 300w, https:\/\/i0.wp.com\/electriccartour.com\/wp-content\/uploads\/2023\/06\/Parque-natural-montes-de-malaga-electriccartour-scaled.webp?resize=1024%2C683&amp;ssl=1 1024w, https:\/\/i0.wp.com\/electriccartour.com\/wp-content\/uploads\/2023\/06\/Parque-natural-montes-de-malaga-electriccartour-scaled.webp?resize=768%2C512&amp;ssl=1 768w, https:\/\/i0.wp.com\/electriccartour.com\/wp-content\/uploads\/2023\/06\/Parque-natural-montes-de-malaga-electriccartour-scaled.webp?resize=1536%2C1024&amp;ssl=1 1536w, https:\/\/i0.wp.com\/electriccartour.com\/wp-content\/uploads\/2023\/06\/Parque-natural-montes-de-malaga-electriccartour-scaled.webp?resize=2048%2C1365&amp;ssl=1 2048w, https:\/\/i0.wp.com\/electriccartour.com\/wp-content\/uploads\/2023\/06\/Parque-natural-montes-de-malaga-electriccartour-scaled.webp?resize=1568%2C1045&amp;ssl=1 1568w, https:\/\/i0.wp.com\/electriccartour.com\/wp-content\/uploads\/2023\/06\/Parque-natural-montes-de-malaga-electriccartour-scaled.webp?resize=1320%2C880&amp;ssl=1 1320w, https:\/\/i0.wp.com\/electriccartour.com\/wp-content\/uploads\/2023\/06\/Parque-natural-montes-de-malaga-electriccartour-scaled.webp?resize=450%2C300&amp;ssl=1 450w, https:\/\/i0.wp.com\/electriccartour.com\/wp-content\/uploads\/2023\/06\/Parque-natural-montes-de-malaga-electriccartour-scaled.webp?w=1920&amp;ssl=1 1920w\" sizes=\"(max-width: 640px) 100vw, 640px\" \/>\t\t\t\t\t\t\t\t<\/a>\n\t\t\t\t\t\t\t\t\t\t\t\t\t\t\t<\/div>\n\t\t\t\t<\/div>\n\t\t\t\t<div class=\"elementor-element elementor-element-871d046 elementor-widget elementor-widget-heading\" data-id=\"871d046\" data-element_type=\"widget\" data-e-type=\"widget\" data-widget_type=\"heading.default\">\n\t\t\t\t<div class=\"elementor-widget-container\">\n\t\t\t\t\t<h3 class=\"elementor-heading-title elementor-size-default\"><a href=\"https:\/\/electriccartour.com\/fr\/visite-gastronomique-des-montagnes-de-malaga\/\">Visite gastronomique des montagnes de Malaga<\/a><\/h3>\t\t\t\t<\/div>\n\t\t\t\t<\/div>\n\t\t\t\t<div class=\"elementor-element elementor-element-4d592c4 elementor-widget elementor-widget-shortcode\" data-id=\"4d592c4\" data-element_type=\"widget\" data-e-type=\"widget\" data-widget_type=\"shortcode.default\">\n\t\t\t\t<div class=\"elementor-widget-container\">\n\t\t\t\t\t\t\t<div class=\"elementor-shortcode\">\n          <div class=\"turitop_bswp_button_box_wrap\">\n\n                  <div class=\"load-turitop loading-turitop turitop_booking_system_box_button\"  data-service=\"P5\"  data-embed=\"box\" data-buttoncolor=\"orange\" ><\/div>\n\n          <\/div>\n\n          <\/div>\n\t\t\t\t\t\t<\/div>\n\t\t\t\t<\/div>\n\t\t\t\t\t<\/div>\n\t\t<\/div>\n\t\t\t\t<div class=\"elementor-column elementor-col-33 elementor-top-column elementor-element elementor-element-803ca99\" data-id=\"803ca99\" data-element_type=\"column\" data-e-type=\"column\" data-settings=\"{&quot;background_background&quot;:&quot;classic&quot;}\">\n\t\t\t<div class=\"elementor-widget-wrap elementor-element-populated\">\n\t\t\t\t\t\t<div class=\"elementor-element elementor-element-3e6f8c5 elementor-widget elementor-widget-image\" data-id=\"3e6f8c5\" data-element_type=\"widget\" data-e-type=\"widget\" data-widget_type=\"image.default\">\n\t\t\t\t<div class=\"elementor-widget-container\">\n\t\t\t\t\t\t\t\t\t\t\t\t\t\t\t\t<a href=\"https:\/\/electriccartour.com\/fr\/visite-gastronomique-de-malaga\/\">\n\t\t\t\t\t\t\t<img loading=\"lazy\" decoding=\"async\" width=\"1920\" height=\"1280\" src=\"https:\/\/i0.wp.com\/electriccartour.com\/wp-content\/uploads\/2023\/02\/tour-gastronomico-malaga.webp?fit=1920%2C1280&amp;ssl=1\" class=\"attachment-full size-full wp-image-6975\" alt=\"tour-gastron\u00f3mico-m\u00e1laga\" srcset=\"https:\/\/i0.wp.com\/electriccartour.com\/wp-content\/uploads\/2023\/02\/tour-gastronomico-malaga.webp?w=1920&amp;ssl=1 1920w, https:\/\/i0.wp.com\/electriccartour.com\/wp-content\/uploads\/2023\/02\/tour-gastronomico-malaga.webp?resize=300%2C200&amp;ssl=1 300w, https:\/\/i0.wp.com\/electriccartour.com\/wp-content\/uploads\/2023\/02\/tour-gastronomico-malaga.webp?resize=1024%2C683&amp;ssl=1 1024w, https:\/\/i0.wp.com\/electriccartour.com\/wp-content\/uploads\/2023\/02\/tour-gastronomico-malaga.webp?resize=768%2C512&amp;ssl=1 768w, https:\/\/i0.wp.com\/electriccartour.com\/wp-content\/uploads\/2023\/02\/tour-gastronomico-malaga.webp?resize=1536%2C1024&amp;ssl=1 1536w, https:\/\/i0.wp.com\/electriccartour.com\/wp-content\/uploads\/2023\/02\/tour-gastronomico-malaga.webp?resize=1568%2C1045&amp;ssl=1 1568w, https:\/\/i0.wp.com\/electriccartour.com\/wp-content\/uploads\/2023\/02\/tour-gastronomico-malaga.webp?resize=1320%2C880&amp;ssl=1 1320w, https:\/\/i0.wp.com\/electriccartour.com\/wp-content\/uploads\/2023\/02\/tour-gastronomico-malaga.webp?resize=450%2C300&amp;ssl=1 450w\" sizes=\"(max-width: 640px) 100vw, 640px\" \/>\t\t\t\t\t\t\t\t<\/a>\n\t\t\t\t\t\t\t\t\t\t\t\t\t\t\t<\/div>\n\t\t\t\t<\/div>\n\t\t\t\t<div class=\"elementor-element elementor-element-68f2a9a elementor-widget elementor-widget-heading\" data-id=\"68f2a9a\" data-element_type=\"widget\" data-e-type=\"widget\" data-widget_type=\"heading.default\">\n\t\t\t\t<div class=\"elementor-widget-container\">\n\t\t\t\t\t<h3 class=\"elementor-heading-title elementor-size-default\"><a href=\"https:\/\/electriccartour.com\/fr\/visite-gastronomique-de-malaga\/\">Visite gastronomique de Malaga<\/a><\/h3>\t\t\t\t<\/div>\n\t\t\t\t<\/div>\n\t\t\t\t<div class=\"elementor-element elementor-element-f41f1e8 elementor-widget elementor-widget-shortcode\" data-id=\"f41f1e8\" data-element_type=\"widget\" data-e-type=\"widget\" data-widget_type=\"shortcode.default\">\n\t\t\t\t<div class=\"elementor-widget-container\">\n\t\t\t\t\t\t\t<div class=\"elementor-shortcode\">\n          <div class=\"turitop_bswp_button_box_wrap\">\n\n                  <div class=\"load-turitop loading-turitop turitop_booking_system_box_button\"  data-service=\"P7\"  data-embed=\"box\" data-buttoncolor=\"orange\" ><\/div>\n\n          <\/div>\n\n          <\/div>\n\t\t\t\t\t\t<\/div>\n\t\t\t\t<\/div>\n\t\t\t\t\t<\/div>\n\t\t<\/div>\n\t\t\t\t<div class=\"elementor-column elementor-col-33 elementor-top-column elementor-element elementor-element-8bd3166\" data-id=\"8bd3166\" data-element_type=\"column\" data-e-type=\"column\" data-settings=\"{&quot;background_background&quot;:&quot;classic&quot;}\">\n\t\t\t<div class=\"elementor-widget-wrap elementor-element-populated\">\n\t\t\t\t\t\t<div class=\"elementor-element elementor-element-67bcaed elementor-widget elementor-widget-image\" data-id=\"67bcaed\" data-element_type=\"widget\" data-e-type=\"widget\" data-widget_type=\"image.default\">\n\t\t\t\t<div class=\"elementor-widget-container\">\n\t\t\t\t\t\t\t\t\t\t\t\t\t\t\t\t<a href=\"https:\/\/electriccartour.com\/fr\/malaga-tapas-tour-goutez-la-ville-comme-un-local\/\">\n\t\t\t\t\t\t\t<img loading=\"lazy\" decoding=\"async\" width=\"2209\" height=\"1473\" src=\"https:\/\/i0.wp.com\/electriccartour.com\/wp-content\/uploads\/2024\/05\/postre-la-caliza.webp?fit=2209%2C1473&amp;ssl=1\" class=\"attachment-full size-full wp-image-10872\" alt=\"postres del restaurante la caliza\" srcset=\"https:\/\/i0.wp.com\/electriccartour.com\/wp-content\/uploads\/2024\/05\/postre-la-caliza.webp?w=2209&amp;ssl=1 2209w, https:\/\/i0.wp.com\/electriccartour.com\/wp-content\/uploads\/2024\/05\/postre-la-caliza.webp?resize=300%2C200&amp;ssl=1 300w, https:\/\/i0.wp.com\/electriccartour.com\/wp-content\/uploads\/2024\/05\/postre-la-caliza.webp?resize=1024%2C683&amp;ssl=1 1024w, https:\/\/i0.wp.com\/electriccartour.com\/wp-content\/uploads\/2024\/05\/postre-la-caliza.webp?resize=768%2C512&amp;ssl=1 768w, https:\/\/i0.wp.com\/electriccartour.com\/wp-content\/uploads\/2024\/05\/postre-la-caliza.webp?resize=1536%2C1024&amp;ssl=1 1536w, https:\/\/i0.wp.com\/electriccartour.com\/wp-content\/uploads\/2024\/05\/postre-la-caliza.webp?resize=2048%2C1366&amp;ssl=1 2048w, https:\/\/i0.wp.com\/electriccartour.com\/wp-content\/uploads\/2024\/05\/postre-la-caliza.webp?resize=1568%2C1046&amp;ssl=1 1568w, https:\/\/i0.wp.com\/electriccartour.com\/wp-content\/uploads\/2024\/05\/postre-la-caliza.webp?resize=1320%2C880&amp;ssl=1 1320w, https:\/\/i0.wp.com\/electriccartour.com\/wp-content\/uploads\/2024\/05\/postre-la-caliza.webp?w=1920&amp;ssl=1 1920w\" sizes=\"(max-width: 640px) 100vw, 640px\" \/>\t\t\t\t\t\t\t\t<\/a>\n\t\t\t\t\t\t\t\t\t\t\t\t\t\t\t<\/div>\n\t\t\t\t<\/div>\n\t\t\t\t<div class=\"elementor-element elementor-element-33e18bb elementor-widget elementor-widget-heading\" data-id=\"33e18bb\" data-element_type=\"widget\" data-e-type=\"widget\" data-widget_type=\"heading.default\">\n\t\t\t\t<div class=\"elementor-widget-container\">\n\t\t\t\t\t<h3 class=\"elementor-heading-title elementor-size-default\"><a href=\"https:\/\/electriccartour.com\/fr\/malaga-tapas-tour-goutez-la-ville-comme-un-local\/\">Circuit des tapas<br>de Malaga<\/a><\/h3>\t\t\t\t<\/div>\n\t\t\t\t<\/div>\n\t\t\t\t<div class=\"elementor-element elementor-element-3b8c9a2 elementor-widget elementor-widget-shortcode\" data-id=\"3b8c9a2\" data-element_type=\"widget\" data-e-type=\"widget\" data-widget_type=\"shortcode.default\">\n\t\t\t\t<div class=\"elementor-widget-container\">\n\t\t\t\t\t\t\t<div class=\"elementor-shortcode\">\n          <div class=\"turitop_bswp_button_box_wrap\">\n\n                  <div class=\"load-turitop loading-turitop turitop_booking_system_box_button\"  data-service=\"P8\"  data-embed=\"box\" data-buttoncolor=\"orange\" ><\/div>\n\n          <\/div>\n\n          <\/div>\n\t\t\t\t\t\t<\/div>\n\t\t\t\t<\/div>\n\t\t\t\t\t<\/div>\n\t\t<\/div>\n\t\t\t\t\t<\/div>\n\t\t<\/section>\n\t\t\t\t<section class=\"elementor-section elementor-top-section elementor-element elementor-element-fa0c739 elementor-section-boxed elementor-section-height-default elementor-section-height-default\" data-id=\"fa0c739\" data-element_type=\"section\" data-e-type=\"section\">\n\t\t\t\t\t\t<div class=\"elementor-container elementor-column-gap-default\">\n\t\t\t\t\t<div class=\"elementor-column elementor-col-100 elementor-top-column elementor-element elementor-element-fafbdb6\" data-id=\"fafbdb6\" data-element_type=\"column\" data-e-type=\"column\">\n\t\t\t<div class=\"elementor-widget-wrap elementor-element-populated\">\n\t\t\t\t\t\t<div class=\"elementor-element elementor-element-99a8dc7 elementor-widget elementor-widget-heading\" data-id=\"99a8dc7\" data-element_type=\"widget\" data-e-type=\"widget\" data-widget_type=\"heading.default\">\n\t\t\t\t<div class=\"elementor-widget-container\">\n\t\t\t\t\t<h3 class=\"elementor-heading-title elementor-size-xl\">Malaga Premium Tour :<\/h3>\t\t\t\t<\/div>\n\t\t\t\t<\/div>\n\t\t\t\t\t<\/div>\n\t\t<\/div>\n\t\t\t\t\t<\/div>\n\t\t<\/section>\n\t\t\t\t<section class=\"elementor-section elementor-top-section elementor-element elementor-element-2593417 elementor-section-boxed elementor-section-height-default elementor-section-height-default\" data-id=\"2593417\" data-element_type=\"section\" data-e-type=\"section\">\n\t\t\t\t\t\t<div class=\"elementor-container elementor-column-gap-default\">\n\t\t\t\t\t<div class=\"elementor-column elementor-col-33 elementor-top-column elementor-element elementor-element-90b335c\" data-id=\"90b335c\" data-element_type=\"column\" data-e-type=\"column\" data-settings=\"{&quot;background_background&quot;:&quot;classic&quot;}\">\n\t\t\t<div class=\"elementor-widget-wrap elementor-element-populated\">\n\t\t\t\t\t\t<div class=\"elementor-element elementor-element-1160c9b elementor-widget elementor-widget-image\" data-id=\"1160c9b\" data-element_type=\"widget\" data-e-type=\"widget\" data-widget_type=\"image.default\">\n\t\t\t\t<div class=\"elementor-widget-container\">\n\t\t\t\t\t\t\t\t\t\t\t\t\t\t\t\t<a href=\"https:\/\/electriccartour.com\/fr\/visite-nocturne-de-malaga\/\">\n\t\t\t\t\t\t\t<img loading=\"lazy\" decoding=\"async\" width=\"2000\" height=\"1500\" src=\"https:\/\/i0.wp.com\/electriccartour.com\/wp-content\/uploads\/2025\/01\/tour-nocturno-en-malaga-coche-electrico.webp?fit=2000%2C1500&amp;ssl=1\" class=\"attachment-full size-full wp-image-12013\" alt=\"Tour nocturno en M\u00e1laga en coche el\u00e9ctrico pasando por el Castillo de Gibralfaro iluminado.\" srcset=\"https:\/\/i0.wp.com\/electriccartour.com\/wp-content\/uploads\/2025\/01\/tour-nocturno-en-malaga-coche-electrico.webp?w=2000&amp;ssl=1 2000w, https:\/\/i0.wp.com\/electriccartour.com\/wp-content\/uploads\/2025\/01\/tour-nocturno-en-malaga-coche-electrico.webp?resize=300%2C225&amp;ssl=1 300w, https:\/\/i0.wp.com\/electriccartour.com\/wp-content\/uploads\/2025\/01\/tour-nocturno-en-malaga-coche-electrico.webp?resize=1024%2C768&amp;ssl=1 1024w, https:\/\/i0.wp.com\/electriccartour.com\/wp-content\/uploads\/2025\/01\/tour-nocturno-en-malaga-coche-electrico.webp?resize=768%2C576&amp;ssl=1 768w, https:\/\/i0.wp.com\/electriccartour.com\/wp-content\/uploads\/2025\/01\/tour-nocturno-en-malaga-coche-electrico.webp?resize=1536%2C1152&amp;ssl=1 1536w, https:\/\/i0.wp.com\/electriccartour.com\/wp-content\/uploads\/2025\/01\/tour-nocturno-en-malaga-coche-electrico.webp?resize=1568%2C1176&amp;ssl=1 1568w, https:\/\/i0.wp.com\/electriccartour.com\/wp-content\/uploads\/2025\/01\/tour-nocturno-en-malaga-coche-electrico.webp?resize=1320%2C990&amp;ssl=1 1320w, https:\/\/i0.wp.com\/electriccartour.com\/wp-content\/uploads\/2025\/01\/tour-nocturno-en-malaga-coche-electrico.webp?w=1920&amp;ssl=1 1920w\" sizes=\"(max-width: 640px) 100vw, 640px\" \/>\t\t\t\t\t\t\t\t<\/a>\n\t\t\t\t\t\t\t\t\t\t\t\t\t\t\t<\/div>\n\t\t\t\t<\/div>\n\t\t\t\t<div class=\"elementor-element elementor-element-68f71fd elementor-widget elementor-widget-heading\" data-id=\"68f71fd\" data-element_type=\"widget\" data-e-type=\"widget\" data-widget_type=\"heading.default\">\n\t\t\t\t<div class=\"elementor-widget-container\">\n\t\t\t\t\t<h3 class=\"elementor-heading-title elementor-size-default\"><a href=\"https:\/\/electriccartour.com\/fr\/visite-nocturne-de-malaga\/\">Visite nocturne de Malaga<\/a><\/h3>\t\t\t\t<\/div>\n\t\t\t\t<\/div>\n\t\t\t\t<div class=\"elementor-element elementor-element-a23babf elementor-widget elementor-widget-shortcode\" data-id=\"a23babf\" data-element_type=\"widget\" data-e-type=\"widget\" data-widget_type=\"shortcode.default\">\n\t\t\t\t<div class=\"elementor-widget-container\">\n\t\t\t\t\t\t\t<div class=\"elementor-shortcode\">\n          <div class=\"turitop_bswp_button_box_wrap\">\n\n                  <div class=\"load-turitop loading-turitop turitop_booking_system_box_button\"  data-service=\"P3\"  data-embed=\"box\" data-buttoncolor=\"orange\" ><\/div>\n\n          <\/div>\n\n          <\/div>\n\t\t\t\t\t\t<\/div>\n\t\t\t\t<\/div>\n\t\t\t\t\t<\/div>\n\t\t<\/div>\n\t\t\t\t<div class=\"elementor-column elementor-col-33 elementor-top-column elementor-element elementor-element-f86c23a\" data-id=\"f86c23a\" data-element_type=\"column\" data-e-type=\"column\" data-settings=\"{&quot;background_background&quot;:&quot;classic&quot;}\">\n\t\t\t<div class=\"elementor-widget-wrap elementor-element-populated\">\n\t\t\t\t\t\t<div class=\"elementor-element elementor-element-1dcb12b elementor-widget elementor-widget-image\" data-id=\"1dcb12b\" data-element_type=\"widget\" data-e-type=\"widget\" data-widget_type=\"image.default\">\n\t\t\t\t<div class=\"elementor-widget-container\">\n\t\t\t\t\t\t\t\t\t\t\t\t\t\t\t\t<a href=\"https:\/\/electriccartour.com\/fr\/visite-premium-de-malaga\/\">\n\t\t\t\t\t\t\t<img loading=\"lazy\" decoding=\"async\" width=\"2560\" height=\"1707\" src=\"https:\/\/i0.wp.com\/electriccartour.com\/wp-content\/uploads\/2023\/06\/tour-electric-car-malaga-muelle-1-scaled.webp?fit=2560%2C1707&amp;ssl=1\" class=\"attachment-full size-full wp-image-8819\" alt=\"tour m\u00e1laga en coche el\u00e9ctrico por el puerto y paseo mar\u00edtimo\" srcset=\"https:\/\/i0.wp.com\/electriccartour.com\/wp-content\/uploads\/2023\/06\/tour-electric-car-malaga-muelle-1-scaled.webp?w=2560&amp;ssl=1 2560w, https:\/\/i0.wp.com\/electriccartour.com\/wp-content\/uploads\/2023\/06\/tour-electric-car-malaga-muelle-1-scaled.webp?resize=300%2C200&amp;ssl=1 300w, https:\/\/i0.wp.com\/electriccartour.com\/wp-content\/uploads\/2023\/06\/tour-electric-car-malaga-muelle-1-scaled.webp?resize=1024%2C683&amp;ssl=1 1024w, https:\/\/i0.wp.com\/electriccartour.com\/wp-content\/uploads\/2023\/06\/tour-electric-car-malaga-muelle-1-scaled.webp?resize=768%2C512&amp;ssl=1 768w, https:\/\/i0.wp.com\/electriccartour.com\/wp-content\/uploads\/2023\/06\/tour-electric-car-malaga-muelle-1-scaled.webp?resize=1536%2C1024&amp;ssl=1 1536w, https:\/\/i0.wp.com\/electriccartour.com\/wp-content\/uploads\/2023\/06\/tour-electric-car-malaga-muelle-1-scaled.webp?resize=2048%2C1365&amp;ssl=1 2048w, https:\/\/i0.wp.com\/electriccartour.com\/wp-content\/uploads\/2023\/06\/tour-electric-car-malaga-muelle-1-scaled.webp?resize=1568%2C1045&amp;ssl=1 1568w, https:\/\/i0.wp.com\/electriccartour.com\/wp-content\/uploads\/2023\/06\/tour-electric-car-malaga-muelle-1-scaled.webp?resize=1320%2C880&amp;ssl=1 1320w, https:\/\/i0.wp.com\/electriccartour.com\/wp-content\/uploads\/2023\/06\/tour-electric-car-malaga-muelle-1-scaled.webp?resize=450%2C300&amp;ssl=1 450w, https:\/\/i0.wp.com\/electriccartour.com\/wp-content\/uploads\/2023\/06\/tour-electric-car-malaga-muelle-1-scaled.webp?w=1920&amp;ssl=1 1920w\" sizes=\"(max-width: 640px) 100vw, 640px\" \/>\t\t\t\t\t\t\t\t<\/a>\n\t\t\t\t\t\t\t\t\t\t\t\t\t\t\t<\/div>\n\t\t\t\t<\/div>\n\t\t\t\t<div class=\"elementor-element elementor-element-15b0f7e elementor-widget elementor-widget-heading\" data-id=\"15b0f7e\" data-element_type=\"widget\" data-e-type=\"widget\" data-widget_type=\"heading.default\">\n\t\t\t\t<div class=\"elementor-widget-container\">\n\t\t\t\t\t<h3 class=\"elementor-heading-title elementor-size-default\"><a href=\"https:\/\/electriccartour.com\/fr\/visite-de-la-villa-romana-antiopa-a-malaga-histoire-et-culture\/\">Tour Premium <br>en M\u00e1laga<\/a><\/h3>\t\t\t\t<\/div>\n\t\t\t\t<\/div>\n\t\t\t\t<div class=\"elementor-element elementor-element-c68bffb elementor-widget elementor-widget-shortcode\" data-id=\"c68bffb\" data-element_type=\"widget\" data-e-type=\"widget\" data-widget_type=\"shortcode.default\">\n\t\t\t\t<div class=\"elementor-widget-container\">\n\t\t\t\t\t\t\t<div class=\"elementor-shortcode\">\n          <div class=\"turitop_bswp_button_box_wrap\">\n\n                  <div class=\"load-turitop loading-turitop turitop_booking_system_box_button\"  data-service=\"P4\"  data-embed=\"box\" data-buttoncolor=\"orange\" ><\/div>\n\n          <\/div>\n\n          <\/div>\n\t\t\t\t\t\t<\/div>\n\t\t\t\t<\/div>\n\t\t\t\t\t<\/div>\n\t\t<\/div>\n\t\t\t\t<div class=\"elementor-column elementor-col-33 elementor-top-column elementor-element elementor-element-c043f76\" data-id=\"c043f76\" data-element_type=\"column\" data-e-type=\"column\" data-settings=\"{&quot;background_background&quot;:&quot;classic&quot;}\">\n\t\t\t<div class=\"elementor-widget-wrap elementor-element-populated\">\n\t\t\t\t\t\t<div class=\"elementor-element elementor-element-c6f8f9c elementor-widget elementor-widget-image\" data-id=\"c6f8f9c\" data-element_type=\"widget\" data-e-type=\"widget\" data-widget_type=\"image.default\">\n\t\t\t\t<div class=\"elementor-widget-container\">\n\t\t\t\t\t\t\t\t\t\t\t\t\t\t\t\t<a href=\"https:\/\/electriccartour.com\/fr\/visite-de-la-villa-romana-antiopa-a-malaga-histoire-et-culture\/\">\n\t\t\t\t\t\t\t<img loading=\"lazy\" decoding=\"async\" width=\"2560\" height=\"1920\" src=\"https:\/\/i0.wp.com\/electriccartour.com\/wp-content\/uploads\/2024\/12\/villa-romana-antiopa-malaga-scaled.webp?fit=2560%2C1920&amp;ssl=1\" class=\"attachment-full size-full wp-image-11868\" alt=\"Mosaico romano de Antiopa y s\u00e1tiro en la Villa Romana de Antiopa, M\u00e1laga\" srcset=\"https:\/\/i0.wp.com\/electriccartour.com\/wp-content\/uploads\/2024\/12\/villa-romana-antiopa-malaga-scaled.webp?w=2560&amp;ssl=1 2560w, https:\/\/i0.wp.com\/electriccartour.com\/wp-content\/uploads\/2024\/12\/villa-romana-antiopa-malaga-scaled.webp?resize=300%2C225&amp;ssl=1 300w, https:\/\/i0.wp.com\/electriccartour.com\/wp-content\/uploads\/2024\/12\/villa-romana-antiopa-malaga-scaled.webp?resize=1024%2C768&amp;ssl=1 1024w, https:\/\/i0.wp.com\/electriccartour.com\/wp-content\/uploads\/2024\/12\/villa-romana-antiopa-malaga-scaled.webp?resize=768%2C576&amp;ssl=1 768w, https:\/\/i0.wp.com\/electriccartour.com\/wp-content\/uploads\/2024\/12\/villa-romana-antiopa-malaga-scaled.webp?resize=1536%2C1152&amp;ssl=1 1536w, https:\/\/i0.wp.com\/electriccartour.com\/wp-content\/uploads\/2024\/12\/villa-romana-antiopa-malaga-scaled.webp?resize=2048%2C1536&amp;ssl=1 2048w, https:\/\/i0.wp.com\/electriccartour.com\/wp-content\/uploads\/2024\/12\/villa-romana-antiopa-malaga-scaled.webp?resize=1568%2C1176&amp;ssl=1 1568w, https:\/\/i0.wp.com\/electriccartour.com\/wp-content\/uploads\/2024\/12\/villa-romana-antiopa-malaga-scaled.webp?resize=1320%2C990&amp;ssl=1 1320w, https:\/\/i0.wp.com\/electriccartour.com\/wp-content\/uploads\/2024\/12\/villa-romana-antiopa-malaga-scaled.webp?w=1920&amp;ssl=1 1920w\" sizes=\"(max-width: 640px) 100vw, 640px\" \/>\t\t\t\t\t\t\t\t<\/a>\n\t\t\t\t\t\t\t\t\t\t\t\t\t\t\t<\/div>\n\t\t\t\t<\/div>\n\t\t\t\t<div class=\"elementor-element elementor-element-5bfe96b elementor-widget elementor-widget-heading\" data-id=\"5bfe96b\" data-element_type=\"widget\" data-e-type=\"widget\" data-widget_type=\"heading.default\">\n\t\t\t\t<div class=\"elementor-widget-container\">\n\t\t\t\t\t<h3 class=\"elementor-heading-title elementor-size-default\"><a href=\"https:\/\/electriccartour.com\/fr\/visite-privee-de-ronda-au-depart-de-malaga\/\">Visite de la Villa romaine Antiopa<\/a><\/h3>\t\t\t\t<\/div>\n\t\t\t\t<\/div>\n\t\t\t\t<div class=\"elementor-element elementor-element-c0ed890 elementor-widget elementor-widget-shortcode\" data-id=\"c0ed890\" data-element_type=\"widget\" data-e-type=\"widget\" data-widget_type=\"shortcode.default\">\n\t\t\t\t<div class=\"elementor-widget-container\">\n\t\t\t\t\t\t\t<div class=\"elementor-shortcode\"><div class=\"load-turitop\" data-service=\"P10\" data-lang=\"es\" data-embed=\"box\"><\/div><\/div>\n\t\t\t\t\t\t<\/div>\n\t\t\t\t<\/div>\n\t\t\t\t\t<\/div>\n\t\t<\/div>\n\t\t\t\t\t<\/div>\n\t\t<\/section>\n\t\t\t\t<section class=\"elementor-section elementor-top-section elementor-element elementor-element-ed9c0c1 elementor-section-boxed elementor-section-height-default elementor-section-height-default\" data-id=\"ed9c0c1\" data-element_type=\"section\" data-e-type=\"section\">\n\t\t\t\t\t\t<div class=\"elementor-container elementor-column-gap-default\">\n\t\t\t\t\t<div class=\"elementor-column elementor-col-100 elementor-top-column elementor-element elementor-element-a824b3b\" data-id=\"a824b3b\" data-element_type=\"column\" data-e-type=\"column\">\n\t\t\t<div class=\"elementor-widget-wrap elementor-element-populated\">\n\t\t\t\t\t\t<div class=\"elementor-element elementor-element-80ade9b elementor-widget elementor-widget-text-editor\" data-id=\"80ade9b\" data-element_type=\"widget\" data-e-type=\"widget\" data-widget_type=\"text-editor.default\">\n\t\t\t\t<div class=\"elementor-widget-container\">\n\t\t\t\t\t\t\t\t\t<p>* Les r\u00e9servations effectu\u00e9es moins de 24 heures \u00e0 l&rsquo;avance (ou les jours de forte affluence) peuvent \u00eatre remplac\u00e9es par l&rsquo;\u00e9quipe suivante afin d&rsquo;organiser l&rsquo;activit\u00e9 de mani\u00e8re satisfaisante pour tous les voyageurs. Nous vous recommandons de consulter par chat ou whatsapp. Nous vous tiendrons inform\u00e9s de tout changement \u00e9ventuel.  <\/p><p>Merci de votre compr\u00e9hension.<\/p><p>* Les groupes de 10 personnes voyageront avec \u00ab 8 personnes \u00bb dans une Citro\u00ebn AMI et \u00ab 2 personnes \u00bb dans la voiture de t\u00eate (maximum 5 voitures voyageant ensemble conform\u00e9ment au code de la route).<\/p>\t\t\t\t\t\t\t\t<\/div>\n\t\t\t\t<\/div>\n\t\t\t\t<div class=\"elementor-element elementor-element-09861e6 elementor-widget elementor-widget-heading\" data-id=\"09861e6\" data-element_type=\"widget\" data-e-type=\"widget\" data-widget_type=\"heading.default\">\n\t\t\t\t<div class=\"elementor-widget-container\">\n\t\t\t\t\t<div class=\"elementor-heading-title elementor-size-large\">Nous vous attendons<\/div>\t\t\t\t<\/div>\n\t\t\t\t<\/div>\n\t\t\t\t<div class=\"elementor-element elementor-element-c63292f elementor-widget elementor-widget-heading\" data-id=\"c63292f\" data-element_type=\"widget\" data-e-type=\"widget\" data-widget_type=\"heading.default\">\n\t\t\t\t<div class=\"elementor-widget-container\">\n\t\t\t\t\t<h3 class=\"elementor-heading-title elementor-size-large\">D\u00e9couvrez M\u00e1laga !<\/h3>\t\t\t\t<\/div>\n\t\t\t\t<\/div>\n\t\t\t\t\t<\/div>\n\t\t<\/div>\n\t\t\t\t\t<\/div>\n\t\t<\/section>\n\t\t\t\t<\/div>\n\t\t","protected":false},"excerpt":{"rendered":"<p>R\u00e9servez votre tour en voiture \u00e9lectrique et d\u00e9couvrez Malaga Pr\u00eat \u00e0 partir? Explorez Malaga \u00e0 votre rythme dans une voiture \u00e9lectrique Conduisez vous-m\u00eame \u00e0 travers les lieux les plus embl\u00e9matiques de la ville. Choisissez votre circuit, s\u00e9lectionnez votre date et r\u00e9servez en quelques secondes. Lequel vous convient le mieux ? Visite culturelle de Malaga : &hellip; <\/p>\n<p class=\"link-more\"><a href=\"https:\/\/electriccartour.com\/fr\/reservation\/\" class=\"more-link\">Continuer la lecture <span class=\"screen-reader-text\"> \u00ab\u00a0R\u00e9servation\u00a0\u00bb<\/span><\/a><\/p>\n","protected":false},"author":1,"featured_media":7059,"parent":0,"menu_order":0,"comment_status":"closed","ping_status":"closed","template":"elementor_header_footer","meta":{"_joinchat":[],"footnotes":""},"class_list":["post-2505","page","type-page","status-publish","has-post-thumbnail","hentry","entry"],"yoast_head":"<!-- This site is optimized with the Yoast SEO plugin v27.4 - https:\/\/yoast.com\/product\/yoast-seo-wordpress\/ -->\n<title>R\u00e9servation de voitures \u00e9lectriques - Site officiel<\/title>\n<meta name=\"description\" content=\"R\u00e9servez la visite de Malaga en voiture \u00e9lectrique et faites le tour de la ville en vous amusant et en respectant l&#039;environnement.\" \/>\n<meta name=\"robots\" content=\"index, follow, max-snippet:-1, max-image-preview:large, max-video-preview:-1\" \/>\n<link rel=\"canonical\" href=\"https:\/\/electriccartour.com\/fr\/reservation\/\" \/>\n<meta property=\"og:locale\" content=\"fr_FR\" \/>\n<meta property=\"og:type\" content=\"article\" \/>\n<meta property=\"og:title\" content=\"R\u00e9servation de voitures \u00e9lectriques - Site officiel\" \/>\n<meta property=\"og:description\" content=\"R\u00e9servez la visite de Malaga en voiture \u00e9lectrique et faites le tour de la ville en vous amusant et en respectant l&#039;environnement.\" \/>\n<meta property=\"og:url\" content=\"https:\/\/electriccartour.com\/fr\/reservation\/\" \/>\n<meta property=\"og:site_name\" content=\"Tours en Coche El\u00e9ctrico en M\u00e1laga \u267b\ufe0f | Electric Car Tour\" \/>\n<meta property=\"article:publisher\" content=\"https:\/\/www.facebook.com\/Tourenvechiculoselectricos\/\" \/>\n<meta property=\"article:modified_time\" content=\"2026-02-09T21:11:11+00:00\" \/>\n<meta property=\"og:image\" content=\"https:\/\/electriccartour.com\/wp-content\/uploads\/2023\/02\/tour-malaga-city-center-scaled.jpg\" \/>\n\t<meta property=\"og:image:width\" content=\"2560\" \/>\n\t<meta property=\"og:image:height\" content=\"1707\" \/>\n\t<meta property=\"og:image:type\" content=\"image\/jpeg\" \/>\n<meta name=\"twitter:card\" content=\"summary_large_image\" \/>\n<meta name=\"twitter:site\" content=\"@electric_tour\" \/>\n<meta name=\"twitter:label1\" content=\"Dur\u00e9e de lecture estim\u00e9e\" \/>\n\t<meta name=\"twitter:data1\" content=\"4 minutes\" \/>\n<script type=\"application\/ld+json\" class=\"yoast-schema-graph\">{\"@context\":\"https:\\\/\\\/schema.org\",\"@graph\":[{\"@type\":\"WebPage\",\"@id\":\"https:\\\/\\\/electriccartour.com\\\/fr\\\/reservation\\\/\",\"url\":\"https:\\\/\\\/electriccartour.com\\\/fr\\\/reservation\\\/\",\"name\":\"R\u00e9servation de voitures \u00e9lectriques - Site officiel\",\"isPartOf\":{\"@id\":\"https:\\\/\\\/electriccartour.com\\\/fr\\\/#website\"},\"primaryImageOfPage\":{\"@id\":\"https:\\\/\\\/electriccartour.com\\\/fr\\\/reservation\\\/#primaryimage\"},\"image\":{\"@id\":\"https:\\\/\\\/electriccartour.com\\\/fr\\\/reservation\\\/#primaryimage\"},\"thumbnailUrl\":\"https:\\\/\\\/i0.wp.com\\\/electriccartour.com\\\/wp-content\\\/uploads\\\/2023\\\/02\\\/tour-malaga-city-center-scaled.jpg?fit=2560%2C1707&ssl=1\",\"datePublished\":\"2022-01-26T15:58:12+00:00\",\"dateModified\":\"2026-02-09T21:11:11+00:00\",\"description\":\"R\u00e9servez la visite de Malaga en voiture \u00e9lectrique et faites le tour de la ville en vous amusant et en respectant l'environnement.\",\"breadcrumb\":{\"@id\":\"https:\\\/\\\/electriccartour.com\\\/fr\\\/reservation\\\/#breadcrumb\"},\"inLanguage\":\"fr-FR\",\"potentialAction\":[{\"@type\":\"ReadAction\",\"target\":[\"https:\\\/\\\/electriccartour.com\\\/fr\\\/reservation\\\/\"]}]},{\"@type\":\"ImageObject\",\"inLanguage\":\"fr-FR\",\"@id\":\"https:\\\/\\\/electriccartour.com\\\/fr\\\/reservation\\\/#primaryimage\",\"url\":\"https:\\\/\\\/i0.wp.com\\\/electriccartour.com\\\/wp-content\\\/uploads\\\/2023\\\/02\\\/tour-malaga-city-center-scaled.jpg?fit=2560%2C1707&ssl=1\",\"contentUrl\":\"https:\\\/\\\/i0.wp.com\\\/electriccartour.com\\\/wp-content\\\/uploads\\\/2023\\\/02\\\/tour-malaga-city-center-scaled.jpg?fit=2560%2C1707&ssl=1\",\"width\":2560,\"height\":1707,\"caption\":\"tour-malaga-city-center\"},{\"@type\":\"BreadcrumbList\",\"@id\":\"https:\\\/\\\/electriccartour.com\\\/fr\\\/reservation\\\/#breadcrumb\",\"itemListElement\":[{\"@type\":\"ListItem\",\"position\":1,\"name\":\"Portada\",\"item\":\"https:\\\/\\\/electriccartour.com\\\/fr\\\/\"},{\"@type\":\"ListItem\",\"position\":2,\"name\":\"R\u00e9servation\"}]},{\"@type\":\"WebSite\",\"@id\":\"https:\\\/\\\/electriccartour.com\\\/fr\\\/#website\",\"url\":\"https:\\\/\\\/electriccartour.com\\\/fr\\\/\",\"name\":\"Tours en Coche El\u00e9ctrico en M\u00e1laga \u267b\ufe0f | Electric Car Tour\",\"description\":\"Descubre M\u00e1laga de forma sostenible con Electric Car Tour. Disfruta de tours guiados en coche el\u00e9ctrico y explora los principales atractivos tur\u00edsticos de la ciudad.\",\"publisher\":{\"@id\":\"https:\\\/\\\/electriccartour.com\\\/fr\\\/#organization\"},\"alternateName\":\"Electric Car Tour - M\u00e1laga\",\"potentialAction\":[{\"@type\":\"SearchAction\",\"target\":{\"@type\":\"EntryPoint\",\"urlTemplate\":\"https:\\\/\\\/electriccartour.com\\\/fr\\\/?s={search_term_string}\"},\"query-input\":{\"@type\":\"PropertyValueSpecification\",\"valueRequired\":true,\"valueName\":\"search_term_string\"}}],\"inLanguage\":\"fr-FR\"},{\"@type\":\"Organization\",\"@id\":\"https:\\\/\\\/electriccartour.com\\\/fr\\\/#organization\",\"name\":\"Electric Car Tour\",\"alternateName\":\"electriccartour\",\"url\":\"https:\\\/\\\/electriccartour.com\\\/fr\\\/\",\"logo\":{\"@type\":\"ImageObject\",\"inLanguage\":\"fr-FR\",\"@id\":\"https:\\\/\\\/electriccartour.com\\\/fr\\\/#\\\/schema\\\/logo\\\/image\\\/\",\"url\":\"https:\\\/\\\/i0.wp.com\\\/electriccartour.com\\\/wp-content\\\/uploads\\\/2021\\\/12\\\/181002_ECT_Logo5389f3-1920w.png?fit=1920%2C462&ssl=1\",\"contentUrl\":\"https:\\\/\\\/i0.wp.com\\\/electriccartour.com\\\/wp-content\\\/uploads\\\/2021\\\/12\\\/181002_ECT_Logo5389f3-1920w.png?fit=1920%2C462&ssl=1\",\"width\":1920,\"height\":462,\"caption\":\"Electric Car Tour\"},\"image\":{\"@id\":\"https:\\\/\\\/electriccartour.com\\\/fr\\\/#\\\/schema\\\/logo\\\/image\\\/\"},\"sameAs\":[\"https:\\\/\\\/www.facebook.com\\\/Tourenvechiculoselectricos\\\/\",\"https:\\\/\\\/x.com\\\/electric_tour\",\"https:\\\/\\\/www.youtube.com\\\/channel\\\/UClzjmLNm6Auwdnix5FwnxXw\",\"https:\\\/\\\/www.instagram.com\\\/electriccartour\\\/\",\"https:\\\/\\\/tripadvisor.com\\\/Attraction_Review-g187438-d15198737-Reviews-Electric_Car_Tour-Malaga_Costa_del_Sol_Province_of_Malaga_Andalucia.html\"]}]}<\/script>\n<!-- \/ Yoast SEO plugin. -->","yoast_head_json":{"title":"R\u00e9servation de voitures \u00e9lectriques - Site officiel","description":"R\u00e9servez la visite de Malaga en voiture \u00e9lectrique et faites le tour de la ville en vous amusant et en respectant l'environnement.","robots":{"index":"index","follow":"follow","max-snippet":"max-snippet:-1","max-image-preview":"max-image-preview:large","max-video-preview":"max-video-preview:-1"},"canonical":"https:\/\/electriccartour.com\/fr\/reservation\/","og_locale":"fr_FR","og_type":"article","og_title":"R\u00e9servation de voitures \u00e9lectriques - Site officiel","og_description":"R\u00e9servez la visite de Malaga en voiture \u00e9lectrique et faites le tour de la ville en vous amusant et en respectant l'environnement.","og_url":"https:\/\/electriccartour.com\/fr\/reservation\/","og_site_name":"Tours en Coche El\u00e9ctrico en M\u00e1laga \u267b\ufe0f | Electric Car Tour","article_publisher":"https:\/\/www.facebook.com\/Tourenvechiculoselectricos\/","article_modified_time":"2026-02-09T21:11:11+00:00","og_image":[{"width":2560,"height":1707,"url":"https:\/\/electriccartour.com\/wp-content\/uploads\/2023\/02\/tour-malaga-city-center-scaled.jpg","type":"image\/jpeg"}],"twitter_card":"summary_large_image","twitter_site":"@electric_tour","twitter_misc":{"Dur\u00e9e de lecture estim\u00e9e":"4 minutes"},"schema":{"@context":"https:\/\/schema.org","@graph":[{"@type":"WebPage","@id":"https:\/\/electriccartour.com\/fr\/reservation\/","url":"https:\/\/electriccartour.com\/fr\/reservation\/","name":"R\u00e9servation de voitures \u00e9lectriques - Site officiel","isPartOf":{"@id":"https:\/\/electriccartour.com\/fr\/#website"},"primaryImageOfPage":{"@id":"https:\/\/electriccartour.com\/fr\/reservation\/#primaryimage"},"image":{"@id":"https:\/\/electriccartour.com\/fr\/reservation\/#primaryimage"},"thumbnailUrl":"https:\/\/i0.wp.com\/electriccartour.com\/wp-content\/uploads\/2023\/02\/tour-malaga-city-center-scaled.jpg?fit=2560%2C1707&ssl=1","datePublished":"2022-01-26T15:58:12+00:00","dateModified":"2026-02-09T21:11:11+00:00","description":"R\u00e9servez la visite de Malaga en voiture \u00e9lectrique et faites le tour de la ville en vous amusant et en respectant l'environnement.","breadcrumb":{"@id":"https:\/\/electriccartour.com\/fr\/reservation\/#breadcrumb"},"inLanguage":"fr-FR","potentialAction":[{"@type":"ReadAction","target":["https:\/\/electriccartour.com\/fr\/reservation\/"]}]},{"@type":"ImageObject","inLanguage":"fr-FR","@id":"https:\/\/electriccartour.com\/fr\/reservation\/#primaryimage","url":"https:\/\/i0.wp.com\/electriccartour.com\/wp-content\/uploads\/2023\/02\/tour-malaga-city-center-scaled.jpg?fit=2560%2C1707&ssl=1","contentUrl":"https:\/\/i0.wp.com\/electriccartour.com\/wp-content\/uploads\/2023\/02\/tour-malaga-city-center-scaled.jpg?fit=2560%2C1707&ssl=1","width":2560,"height":1707,"caption":"tour-malaga-city-center"},{"@type":"BreadcrumbList","@id":"https:\/\/electriccartour.com\/fr\/reservation\/#breadcrumb","itemListElement":[{"@type":"ListItem","position":1,"name":"Portada","item":"https:\/\/electriccartour.com\/fr\/"},{"@type":"ListItem","position":2,"name":"R\u00e9servation"}]},{"@type":"WebSite","@id":"https:\/\/electriccartour.com\/fr\/#website","url":"https:\/\/electriccartour.com\/fr\/","name":"Tours en Coche El\u00e9ctrico en M\u00e1laga \u267b\ufe0f | Electric Car Tour","description":"Descubre M\u00e1laga de forma sostenible con Electric Car Tour. Disfruta de tours guiados en coche el\u00e9ctrico y explora los principales atractivos tur\u00edsticos de la ciudad.","publisher":{"@id":"https:\/\/electriccartour.com\/fr\/#organization"},"alternateName":"Electric Car Tour - M\u00e1laga","potentialAction":[{"@type":"SearchAction","target":{"@type":"EntryPoint","urlTemplate":"https:\/\/electriccartour.com\/fr\/?s={search_term_string}"},"query-input":{"@type":"PropertyValueSpecification","valueRequired":true,"valueName":"search_term_string"}}],"inLanguage":"fr-FR"},{"@type":"Organization","@id":"https:\/\/electriccartour.com\/fr\/#organization","name":"Electric Car Tour","alternateName":"electriccartour","url":"https:\/\/electriccartour.com\/fr\/","logo":{"@type":"ImageObject","inLanguage":"fr-FR","@id":"https:\/\/electriccartour.com\/fr\/#\/schema\/logo\/image\/","url":"https:\/\/i0.wp.com\/electriccartour.com\/wp-content\/uploads\/2021\/12\/181002_ECT_Logo5389f3-1920w.png?fit=1920%2C462&ssl=1","contentUrl":"https:\/\/i0.wp.com\/electriccartour.com\/wp-content\/uploads\/2021\/12\/181002_ECT_Logo5389f3-1920w.png?fit=1920%2C462&ssl=1","width":1920,"height":462,"caption":"Electric Car Tour"},"image":{"@id":"https:\/\/electriccartour.com\/fr\/#\/schema\/logo\/image\/"},"sameAs":["https:\/\/www.facebook.com\/Tourenvechiculoselectricos\/","https:\/\/x.com\/electric_tour","https:\/\/www.youtube.com\/channel\/UClzjmLNm6Auwdnix5FwnxXw","https:\/\/www.instagram.com\/electriccartour\/","https:\/\/tripadvisor.com\/Attraction_Review-g187438-d15198737-Reviews-Electric_Car_Tour-Malaga_Costa_del_Sol_Province_of_Malaga_Andalucia.html"]}]}},"jetpack_sharing_enabled":true,"_links":{"self":[{"href":"https:\/\/electriccartour.com\/fr\/wp-json\/wp\/v2\/pages\/2505","targetHints":{"allow":["GET"]}}],"collection":[{"href":"https:\/\/electriccartour.com\/fr\/wp-json\/wp\/v2\/pages"}],"about":[{"href":"https:\/\/electriccartour.com\/fr\/wp-json\/wp\/v2\/types\/page"}],"author":[{"embeddable":true,"href":"https:\/\/electriccartour.com\/fr\/wp-json\/wp\/v2\/users\/1"}],"replies":[{"embeddable":true,"href":"https:\/\/electriccartour.com\/fr\/wp-json\/wp\/v2\/comments?post=2505"}],"version-history":[{"count":5,"href":"https:\/\/electriccartour.com\/fr\/wp-json\/wp\/v2\/pages\/2505\/revisions"}],"predecessor-version":[{"id":14432,"href":"https:\/\/electriccartour.com\/fr\/wp-json\/wp\/v2\/pages\/2505\/revisions\/14432"}],"wp:featuredmedia":[{"embeddable":true,"href":"https:\/\/electriccartour.com\/fr\/wp-json\/wp\/v2\/media\/7059"}],"wp:attachment":[{"href":"https:\/\/electriccartour.com\/fr\/wp-json\/wp\/v2\/media?parent=2505"}],"curies":[{"name":"wp","href":"https:\/\/api.w.org\/{rel}","templated":true}]}}