{"id":2525,"date":"2022-02-06T18:21:44","date_gmt":"2022-02-06T17:21:44","guid":{"rendered":"https:\/\/electriccartour.com\/visite-premium-de-malaga\/"},"modified":"2025-02-21T21:52:18","modified_gmt":"2025-02-21T20:52:18","slug":"visite-premium-de-malaga","status":"publish","type":"page","link":"https:\/\/electriccartour.com\/fr\/visite-premium-de-malaga\/","title":{"rendered":"Premium Tour \u00e0 Malaga : une exp\u00e9rience exclusive dans une voiture \u00e9lectrique"},"content":{"rendered":"\t\t<div data-elementor-type=\"wp-page\" data-elementor-id=\"2525\" class=\"elementor elementor-2525 elementor-350\" data-elementor-post-type=\"page\">\n\t\t\t\t\t\t<section class=\"elementor-section elementor-top-section elementor-element elementor-element-87ecd59 elementor-section-full_width elementor-section-height-default elementor-section-height-default\" data-id=\"87ecd59\" data-element_type=\"section\" data-e-type=\"section\">\n\t\t\t\t\t\t<div class=\"elementor-container elementor-column-gap-default\">\n\t\t\t\t\t<div class=\"elementor-column elementor-col-100 elementor-top-column elementor-element elementor-element-a875ebb\" data-id=\"a875ebb\" data-element_type=\"column\" data-e-type=\"column\">\n\t\t\t<div class=\"elementor-widget-wrap elementor-element-populated\">\n\t\t\t\t\t\t<div class=\"elementor-element elementor-element-aebad30 elementor-widget elementor-widget-heading\" data-id=\"aebad30\" data-element_type=\"widget\" data-e-type=\"widget\" data-widget_type=\"heading.default\">\n\t\t\t\t<div class=\"elementor-widget-container\">\n\t\t\t\t\t<h1 class=\"elementor-heading-title elementor-size-default\"><br> Premium Tour \u00e0 Malaga : une exp\u00e9rience exclusive avec une voiture \u00e9lectrique\u267b\ufe0f<\/h1>\t\t\t\t<\/div>\n\t\t\t\t<\/div>\n\t\t\t\t<div class=\"elementor-element elementor-element-6b9fd8d elementor--h-position-center elementor--v-position-middle elementor-arrows-position-inside elementor-pagination-position-inside elementor-widget elementor-widget-slides\" data-id=\"6b9fd8d\" data-element_type=\"widget\" data-e-type=\"widget\" data-settings=\"{&quot;navigation&quot;:&quot;both&quot;,&quot;autoplay&quot;:&quot;yes&quot;,&quot;pause_on_hover&quot;:&quot;yes&quot;,&quot;pause_on_interaction&quot;:&quot;yes&quot;,&quot;autoplay_speed&quot;:5000,&quot;infinite&quot;:&quot;yes&quot;,&quot;transition&quot;:&quot;slide&quot;,&quot;transition_speed&quot;:500}\" data-widget_type=\"slides.default\">\n\t\t\t\t<div class=\"elementor-widget-container\">\n\t\t\t\t\t\t\t\t\t<div class=\"elementor-swiper\">\n\t\t\t\t\t<div class=\"elementor-slides-wrapper elementor-main-swiper swiper\" role=\"region\" aria-roledescription=\"carousel\" aria-label=\"Slides\" dir=\"ltr\" data-animation=\"fadeInUp\">\n\t\t\t\t<div class=\"swiper-wrapper elementor-slides\">\n\t\t\t\t\t\t\t\t\t\t<div class=\"elementor-repeater-item-388096b swiper-slide\" role=\"group\" aria-roledescription=\"slide\"><div class=\"swiper-slide-bg\" role=\"img\" aria-label=\"Tour Premium en M\u00e1laga: Explora el Muelle 1 en coche el\u00e9ctrico sostenible\"><\/div><div class=\"swiper-slide-inner\" ><div class=\"swiper-slide-contents\"><\/div><\/div><\/div><div class=\"elementor-repeater-item-61c77d4 swiper-slide\" role=\"group\" aria-roledescription=\"slide\"><div class=\"swiper-slide-bg\" role=\"img\" aria-label=\"Tour Cueva del Tesoro en M\u00e1laga - Experiencia en coche el\u00e9ctrico (3 horas)\"><\/div><div class=\"swiper-slide-inner\" ><div class=\"swiper-slide-contents\"><\/div><\/div><\/div><div class=\"elementor-repeater-item-34f0560 swiper-slide\" role=\"group\" aria-roledescription=\"slide\"><div class=\"swiper-slide-bg\" role=\"img\" aria-label=\"tour a la cueva del tesoro en coche el\u00e9ctrico\"><\/div><div class=\"swiper-slide-inner\" ><div class=\"swiper-slide-contents\"><\/div><\/div><\/div><div class=\"elementor-repeater-item-672c3d0 swiper-slide\" role=\"group\" aria-roledescription=\"slide\"><div class=\"swiper-slide-bg\" role=\"img\" aria-label=\"tour gastron\u00f3mico de m\u00e1laga en la terraza del restaurante la Caliza\"><\/div><div class=\"swiper-slide-inner\" ><div class=\"swiper-slide-contents\"><\/div><\/div><\/div><div class=\"elementor-repeater-item-2d07bcf swiper-slide\" role=\"group\" aria-roledescription=\"slide\"><div class=\"swiper-slide-bg\" role=\"img\" aria-label=\"tour-malaga-ayuntamiento\"><\/div><div class=\"swiper-slide-inner\" ><div class=\"swiper-slide-contents\"><\/div><\/div><\/div><div class=\"elementor-repeater-item-a7793cb swiper-slide\" role=\"group\" aria-roledescription=\"slide\"><div class=\"swiper-slide-bg\" role=\"img\" aria-label=\"Paella de marisco ofrecida en el Restaurante La Caliza, una parada exclusiva del Tour Premium en M\u00e1laga\"><\/div><div class=\"swiper-slide-inner\" ><div class=\"swiper-slide-contents\"><\/div><\/div><\/div><div class=\"elementor-repeater-item-c394d06 swiper-slide\" role=\"group\" aria-roledescription=\"slide\"><div class=\"swiper-slide-bg\" role=\"img\" aria-label=\"tour gastron\u00f3mico de m\u00e1laga en la terraza del restaurante la Caliza\"><\/div><div class=\"swiper-slide-inner\" ><div class=\"swiper-slide-contents\"><\/div><\/div><\/div><div class=\"elementor-repeater-item-59550e9 swiper-slide\" role=\"group\" aria-roledescription=\"slide\"><div class=\"swiper-slide-bg\" role=\"img\" aria-label=\"visita a la cueva del tesoro del rinc\u00f3n de la victoria en m\u00e1laga\"><\/div><div class=\"swiper-slide-inner\" ><div class=\"swiper-slide-contents\"><\/div><\/div><\/div><div class=\"elementor-repeater-item-49de2f7 swiper-slide\" role=\"group\" aria-roledescription=\"slide\"><div class=\"swiper-slide-bg\" role=\"img\" aria-label=\"Disfruta de jam\u00f3n ib\u00e9rico como parte de la experiencia gastron\u00f3mica del Tour Premium en M\u00e1laga\"><\/div><div class=\"swiper-slide-inner\" ><div class=\"swiper-slide-contents\"><\/div><\/div><\/div><div class=\"elementor-repeater-item-c14d2aa swiper-slide\" role=\"group\" aria-roledescription=\"slide\"><div class=\"swiper-slide-bg\" role=\"img\" aria-label=\"Entrada del restaurante la caliza\"><\/div><div class=\"swiper-slide-inner\" ><div class=\"swiper-slide-contents\"><\/div><\/div><\/div><div class=\"elementor-repeater-item-839af94 swiper-slide\" role=\"group\" aria-roledescription=\"slide\"><div class=\"swiper-slide-bg\" role=\"img\" aria-label=\"Delicioso postre servido en el Restaurante La Caliza, parte del Tour de Tapas en M\u00e1laga. Un dulce final para una experiencia gastron\u00f3mica \u00fanica.\"><\/div><div class=\"swiper-slide-inner\" ><div class=\"swiper-slide-contents\"><\/div><\/div><\/div>\t\t\t\t<\/div>\n\t\t\t\t\t\t\t\t\t\t\t\t\t\t\t<div class=\"elementor-swiper-button elementor-swiper-button-prev\" role=\"button\" tabindex=\"0\" aria-label=\"Diapositive pr\u00e9c\u00e9dente\">\n\t\t\t\t\t\t\t<i aria-hidden=\"true\" class=\"eicon-chevron-left\"><\/i>\t\t\t\t\t\t<\/div>\n\t\t\t\t\t\t<div class=\"elementor-swiper-button elementor-swiper-button-next\" role=\"button\" tabindex=\"0\" aria-label=\"Diapositive suivante\">\n\t\t\t\t\t\t\t<i aria-hidden=\"true\" class=\"eicon-chevron-right\"><\/i>\t\t\t\t\t\t<\/div>\n\t\t\t\t\t\t\t\t\t\t\t\t\t\t\t\t<div class=\"swiper-pagination\"><\/div>\n\t\t\t\t\t\t\t\t\t\t\t\t<\/div>\n\t\t\t\t<\/div>\n\t\t\t\t\t\t\t\t<\/div>\n\t\t\t\t<\/div>\n\t\t\t\t\t<\/div>\n\t\t<\/div>\n\t\t\t\t\t<\/div>\n\t\t<\/section>\n\t\t\t\t<section class=\"elementor-section elementor-top-section elementor-element elementor-element-f935579 elementor-section-boxed elementor-section-height-default elementor-section-height-default\" data-id=\"f935579\" data-element_type=\"section\" data-e-type=\"section\">\n\t\t\t\t\t\t<div class=\"elementor-container elementor-column-gap-default\">\n\t\t\t\t\t<div class=\"elementor-column elementor-col-100 elementor-top-column elementor-element elementor-element-9c0b0b1\" data-id=\"9c0b0b1\" data-element_type=\"column\" data-e-type=\"column\">\n\t\t\t<div class=\"elementor-widget-wrap elementor-element-populated\">\n\t\t\t\t\t\t<div class=\"elementor-element elementor-element-ef0028d elementor-widget elementor-widget-heading\" data-id=\"ef0028d\" data-element_type=\"widget\" data-e-type=\"widget\" data-widget_type=\"heading.default\">\n\t\t\t\t<div class=\"elementor-widget-container\">\n\t\t\t\t\t<h2 class=\"elementor-heading-title elementor-size-default\"><b>Circuit Premium \u00e0 Malaga : culture, gastronomie et paysages uniques (5 heures)<\/h2>\t\t\t\t<\/div>\n\t\t\t\t<\/div>\n\t\t\t\t\t<\/div>\n\t\t<\/div>\n\t\t\t\t\t<\/div>\n\t\t<\/section>\n\t\t\t\t<section class=\"elementor-section elementor-top-section elementor-element elementor-element-b25e1aa elementor-section-boxed elementor-section-height-default elementor-section-height-default\" data-id=\"b25e1aa\" data-element_type=\"section\" data-e-type=\"section\">\n\t\t\t\t\t\t<div class=\"elementor-container elementor-column-gap-default\">\n\t\t\t\t\t<div class=\"elementor-column elementor-col-100 elementor-top-column elementor-element elementor-element-80b6530\" data-id=\"80b6530\" data-element_type=\"column\" data-e-type=\"column\">\n\t\t\t<div class=\"elementor-widget-wrap elementor-element-populated\">\n\t\t\t\t\t\t<div class=\"elementor-element elementor-element-19f069e elementor-widget elementor-widget-text-editor\" data-id=\"19f069e\" data-element_type=\"widget\" data-e-type=\"widget\" data-widget_type=\"text-editor.default\">\n\t\t\t\t<div class=\"elementor-widget-container\">\n\t\t\t\t\t\t\t\t\t<p><strong>Vivez l&rsquo;essence du Premium Tour \u00e0 Malaga avec un circuit qui allie histoire, saveurs uniques et paysages inoubliables. Pendant 5 heures, d\u00e9couvrez le meilleur de Malaga dans une exp\u00e9rience con\u00e7ue pour fusionner tradition et modernit\u00e9, laissez-vous surprendre !  <\/strong><\/p>\n\t\t\t\t\t\t\t\t<\/div>\n\t\t\t\t<\/div>\n\t\t\t\t\t<\/div>\n\t\t<\/div>\n\t\t\t\t\t<\/div>\n\t\t<\/section>\n\t\t\t\t<section class=\"elementor-section elementor-top-section elementor-element elementor-element-dea5f78 elementor-section-boxed elementor-section-height-default elementor-section-height-default\" data-id=\"dea5f78\" data-element_type=\"section\" data-e-type=\"section\" data-settings=\"{&quot;background_background&quot;:&quot;classic&quot;}\">\n\t\t\t\t\t\t<div class=\"elementor-container elementor-column-gap-default\">\n\t\t\t\t\t<div class=\"elementor-column elementor-col-25 elementor-top-column elementor-element elementor-element-6cd74fb\" data-id=\"6cd74fb\" data-element_type=\"column\" data-e-type=\"column\">\n\t\t\t<div class=\"elementor-widget-wrap elementor-element-populated\">\n\t\t\t\t\t\t<div class=\"elementor-element elementor-element-9d12545 elementor-view-framed elementor-shape-circle elementor-position-block-start elementor-mobile-position-block-start elementor-widget elementor-widget-icon-box\" data-id=\"9d12545\" data-element_type=\"widget\" data-e-type=\"widget\" data-widget_type=\"icon-box.default\">\n\t\t\t\t<div class=\"elementor-widget-container\">\n\t\t\t\t\t\t\t<div class=\"elementor-icon-box-wrapper\">\n\n\t\t\t\t\t\t<div class=\"elementor-icon-box-icon\">\n\t\t\t\t<span  class=\"elementor-icon\">\n\t\t\t\t<i aria-hidden=\"true\" class=\"fas fa-star\"><\/i>\t\t\t\t<\/span>\n\t\t\t<\/div>\n\t\t\t\n\t\t\t\t\t\t<div class=\"elementor-icon-box-content\">\n\n\t\t\t\t\n\t\t\t\t\t\t\t\t\t<p class=\"elementor-icon-box-description\">\n\t\t\t\t\t\tD\u00e9couvrez le littoral de Malaga avec notre circuit Premium \u00e0 Malaga, en visitant le charmant Rincon de la Victoria en voiture \u00e9lectrique. Comprend une visite guid\u00e9e de la fascinante Cueva del Tesoro, la seule grotte d'origine marine en Europe.\t\t\t\t\t<\/p>\n\t\t\t\t\n\t\t\t<\/div>\n\t\t\t\n\t\t<\/div>\n\t\t\t\t\t\t<\/div>\n\t\t\t\t<\/div>\n\t\t\t\t\t<\/div>\n\t\t<\/div>\n\t\t\t\t<div class=\"elementor-column elementor-col-25 elementor-top-column elementor-element elementor-element-4defbd7\" data-id=\"4defbd7\" data-element_type=\"column\" data-e-type=\"column\">\n\t\t\t<div class=\"elementor-widget-wrap elementor-element-populated\">\n\t\t\t\t\t\t<div class=\"elementor-element elementor-element-4d8b0f3 elementor-view-framed elementor-shape-circle elementor-position-block-start elementor-mobile-position-block-start elementor-widget elementor-widget-icon-box\" data-id=\"4d8b0f3\" data-element_type=\"widget\" data-e-type=\"widget\" data-widget_type=\"icon-box.default\">\n\t\t\t\t<div class=\"elementor-widget-container\">\n\t\t\t\t\t\t\t<div class=\"elementor-icon-box-wrapper\">\n\n\t\t\t\t\t\t<div class=\"elementor-icon-box-icon\">\n\t\t\t\t<span  class=\"elementor-icon\">\n\t\t\t\t<i aria-hidden=\"true\" class=\"fas fa-star\"><\/i>\t\t\t\t<\/span>\n\t\t\t<\/div>\n\t\t\t\n\t\t\t\t\t\t<div class=\"elementor-icon-box-content\">\n\n\t\t\t\t\n\t\t\t\t\t\t\t\t\t<p class=\"elementor-icon-box-description\">\n\t\t\t\t\t\tVivez une exp\u00e9rience exclusive lors de notre circuit Premium \u00e0 Malaga avec un menu pour deux personnes au restaurant La Caliza, c\u00e9l\u00e8bre pour sa gastronomie locale et ses vues imprenables sur la M\u00e9diterran\u00e9e.\t\t\t\t\t<\/p>\n\t\t\t\t\n\t\t\t<\/div>\n\t\t\t\n\t\t<\/div>\n\t\t\t\t\t\t<\/div>\n\t\t\t\t<\/div>\n\t\t\t\t\t<\/div>\n\t\t<\/div>\n\t\t\t\t<div class=\"elementor-column elementor-col-25 elementor-top-column elementor-element elementor-element-a2d25b4\" data-id=\"a2d25b4\" data-element_type=\"column\" data-e-type=\"column\">\n\t\t\t<div class=\"elementor-widget-wrap elementor-element-populated\">\n\t\t\t\t\t\t<div class=\"elementor-element elementor-element-79ffb12 elementor-view-framed elementor-shape-circle elementor-position-block-start elementor-mobile-position-block-start elementor-widget elementor-widget-icon-box\" data-id=\"79ffb12\" data-element_type=\"widget\" data-e-type=\"widget\" data-widget_type=\"icon-box.default\">\n\t\t\t\t<div class=\"elementor-widget-container\">\n\t\t\t\t\t\t\t<div class=\"elementor-icon-box-wrapper\">\n\n\t\t\t\t\t\t<div class=\"elementor-icon-box-icon\">\n\t\t\t\t<span  class=\"elementor-icon\">\n\t\t\t\t<i aria-hidden=\"true\" class=\"fas fa-star\"><\/i>\t\t\t\t<\/span>\n\t\t\t<\/div>\n\t\t\t\n\t\t\t\t\t\t<div class=\"elementor-icon-box-content\">\n\n\t\t\t\t\n\t\t\t\t\t\t\t\t\t<p class=\"elementor-icon-box-description\">\n\t\t\t\t\t\t  Explorez Malaga pendant 5 heures \u00e0 bord d'une Citro\u00ebn Ami \u00e9lectrique, une exp\u00e9rience durable con\u00e7ue pour respecter l'environnement.\t\t\t\t\t<\/p>\n\t\t\t\t\n\t\t\t<\/div>\n\t\t\t\n\t\t<\/div>\n\t\t\t\t\t\t<\/div>\n\t\t\t\t<\/div>\n\t\t\t\t\t<\/div>\n\t\t<\/div>\n\t\t\t\t<div class=\"elementor-column elementor-col-25 elementor-top-column elementor-element elementor-element-d229721\" data-id=\"d229721\" data-element_type=\"column\" data-e-type=\"column\">\n\t\t\t<div class=\"elementor-widget-wrap elementor-element-populated\">\n\t\t\t\t\t\t<div class=\"elementor-element elementor-element-783667a elementor-view-framed elementor-shape-circle elementor-position-block-start elementor-mobile-position-block-start elementor-widget elementor-widget-icon-box\" data-id=\"783667a\" data-element_type=\"widget\" data-e-type=\"widget\" data-widget_type=\"icon-box.default\">\n\t\t\t\t<div class=\"elementor-widget-container\">\n\t\t\t\t\t\t\t<div class=\"elementor-icon-box-wrapper\">\n\n\t\t\t\t\t\t<div class=\"elementor-icon-box-icon\">\n\t\t\t\t<span  class=\"elementor-icon\">\n\t\t\t\t<i aria-hidden=\"true\" class=\"fas fa-star\"><\/i>\t\t\t\t<\/span>\n\t\t\t<\/div>\n\t\t\t\n\t\t\t\t\t\t<div class=\"elementor-icon-box-content\">\n\n\t\t\t\t\n\t\t\t\t\t\t\t\t\t<p class=\"elementor-icon-box-description\">\n\t\t\t\t\t\tNotre circuit Premium vous emm\u00e8ne \u00e0 quatre arr\u00eats strat\u00e9giques, depuis des points de vue embl\u00e9matiques jusqu'\u00e0 des vues sur l'oc\u00e9an. Con\u00e7ue pour les plus exigeants, cette visite priv\u00e9e est le meilleur moyen de d\u00e9couvrir le meilleur de la ville.\n\t\t\t\t\t<\/p>\n\t\t\t\t\n\t\t\t<\/div>\n\t\t\t\n\t\t<\/div>\n\t\t\t\t\t\t<\/div>\n\t\t\t\t<\/div>\n\t\t\t\t\t<\/div>\n\t\t<\/div>\n\t\t\t\t\t<\/div>\n\t\t<\/section>\n\t\t\t\t<section class=\"elementor-section elementor-top-section elementor-element elementor-element-0cfd9c2 elementor-section-boxed elementor-section-height-default elementor-section-height-default\" data-id=\"0cfd9c2\" data-element_type=\"section\" data-e-type=\"section\">\n\t\t\t\t\t\t<div class=\"elementor-container elementor-column-gap-default\">\n\t\t\t\t\t<div class=\"elementor-column elementor-col-100 elementor-top-column elementor-element elementor-element-693dc51\" data-id=\"693dc51\" data-element_type=\"column\" data-e-type=\"column\">\n\t\t\t<div class=\"elementor-widget-wrap elementor-element-populated\">\n\t\t\t\t\t\t<div class=\"elementor-element elementor-element-59175fc elementor-widget elementor-widget-heading\" data-id=\"59175fc\" data-element_type=\"widget\" data-e-type=\"widget\" data-widget_type=\"heading.default\">\n\t\t\t\t<div class=\"elementor-widget-container\">\n\t\t\t\t\t<h2 class=\"elementor-heading-title elementor-size-default\"><b>Premium Tour \u00e0 Malaga : D\u00e9couvrez le meilleur de la ville et de sa gastronomie.<\/h2>\t\t\t\t<\/div>\n\t\t\t\t<\/div>\n\t\t\t\t<div class=\"elementor-element elementor-element-abbed89 elementor-widget elementor-widget-text-editor\" data-id=\"abbed89\" data-element_type=\"widget\" data-e-type=\"widget\" data-widget_type=\"text-editor.default\">\n\t\t\t\t<div class=\"elementor-widget-container\">\n\t\t\t\t\t\t\t\t\t<p><strong>Dans cette visite Premium \u00e0 Malaga, nous vous emmenons d\u00e9couvrir les lieux les plus embl\u00e9matiques de la ville et de son littoral.<\/strong><\/p>\n\t\t\t\t\t\t\t\t<\/div>\n\t\t\t\t<\/div>\n\t\t\t\t\t<\/div>\n\t\t<\/div>\n\t\t\t\t\t<\/div>\n\t\t<\/section>\n\t\t\t\t<section class=\"elementor-section elementor-top-section elementor-element elementor-element-287bf30 elementor-section-boxed elementor-section-height-default elementor-section-height-default\" data-id=\"287bf30\" data-element_type=\"section\" data-e-type=\"section\">\n\t\t\t\t\t\t<div class=\"elementor-container elementor-column-gap-default\">\n\t\t\t\t\t<div class=\"elementor-column elementor-col-50 elementor-top-column elementor-element elementor-element-b2664c1\" data-id=\"b2664c1\" data-element_type=\"column\" data-e-type=\"column\">\n\t\t\t<div class=\"elementor-widget-wrap elementor-element-populated\">\n\t\t\t\t\t\t<div class=\"elementor-element elementor-element-e79566f elementor-icon-list--layout-traditional elementor-list-item-link-full_width elementor-widget elementor-widget-icon-list\" data-id=\"e79566f\" data-element_type=\"widget\" data-e-type=\"widget\" data-widget_type=\"icon-list.default\">\n\t\t\t\t<div class=\"elementor-widget-container\">\n\t\t\t\t\t\t\t<ul class=\"elementor-icon-list-items\">\n\t\t\t\t\t\t\t<li class=\"elementor-icon-list-item\">\n\t\t\t\t\t\t\t\t\t\t\t<span class=\"elementor-icon-list-icon\">\n\t\t\t\t\t\t\t<i aria-hidden=\"true\" class=\"fas fa-map-marker-alt\"><\/i>\t\t\t\t\t\t<\/span>\n\t\t\t\t\t\t\t\t\t\t<span class=\"elementor-icon-list-text\">Mairie de Malaga<\/span>\n\t\t\t\t\t\t\t\t\t<\/li>\n\t\t\t\t\t\t\t\t<li class=\"elementor-icon-list-item\">\n\t\t\t\t\t\t\t\t\t\t\t<span class=\"elementor-icon-list-icon\">\n\t\t\t\t\t\t\t<i aria-hidden=\"true\" class=\"fas fa-map-marker-alt\"><\/i>\t\t\t\t\t\t<\/span>\n\t\t\t\t\t\t\t\t\t\t<span class=\"elementor-icon-list-text\">promenade dans le parc<\/span>\n\t\t\t\t\t\t\t\t\t<\/li>\n\t\t\t\t\t\t\t\t<li class=\"elementor-icon-list-item\">\n\t\t\t\t\t\t\t\t\t\t\t<span class=\"elementor-icon-list-icon\">\n\t\t\t\t\t\t\t<i aria-hidden=\"true\" class=\"fas fa-map-marker-alt\"><\/i>\t\t\t\t\t\t<\/span>\n\t\t\t\t\t\t\t\t\t\t<span class=\"elementor-icon-list-text\">Fontaine de la Reine<\/span>\n\t\t\t\t\t\t\t\t\t<\/li>\n\t\t\t\t\t\t\t\t<li class=\"elementor-icon-list-item\">\n\t\t\t\t\t\t\t\t\t\t\t<span class=\"elementor-icon-list-icon\">\n\t\t\t\t\t\t\t<i aria-hidden=\"true\" class=\"fas fa-map-marker-alt\"><\/i>\t\t\t\t\t\t<\/span>\n\t\t\t\t\t\t\t\t\t\t<span class=\"elementor-icon-list-text\">Promenade Pablo Ruiz Picasso<\/span>\n\t\t\t\t\t\t\t\t\t<\/li>\n\t\t\t\t\t\t\t\t<li class=\"elementor-icon-list-item\">\n\t\t\t\t\t\t\t\t\t\t\t<span class=\"elementor-icon-list-icon\">\n\t\t\t\t\t\t\t<i aria-hidden=\"true\" class=\"fas fa-map-marker-alt\"><\/i>\t\t\t\t\t\t<\/span>\n\t\t\t\t\t\t\t\t\t\t<span class=\"elementor-icon-list-text\">Districts de p\u00eache de Pedregalejo et El Palo<\/span>\n\t\t\t\t\t\t\t\t\t<\/li>\n\t\t\t\t\t\t\t\t<li class=\"elementor-icon-list-item\">\n\t\t\t\t\t\t\t\t\t\t\t<span class=\"elementor-icon-list-icon\">\n\t\t\t\t\t\t\t<i aria-hidden=\"true\" class=\"fas fa-map-marker-alt\"><\/i>\t\t\t\t\t\t<\/span>\n\t\t\t\t\t\t\t\t\t\t<span class=\"elementor-icon-list-text\">Quartiers de p\u00eacheurs de Pedregalejo et El Palo<\/span>\n\t\t\t\t\t\t\t\t\t<\/li>\n\t\t\t\t\t\t\t\t<li class=\"elementor-icon-list-item\">\n\t\t\t\t\t\t\t\t\t\t\t<span class=\"elementor-icon-list-icon\">\n\t\t\t\t\t\t\t<i aria-hidden=\"true\" class=\"fas fa-map-marker-alt\"><\/i>\t\t\t\t\t\t<\/span>\n\t\t\t\t\t\t\t\t\t\t<span class=\"elementor-icon-list-text\">Visite de la Grotte du Tr\u00e9sor<\/span>\n\t\t\t\t\t\t\t\t\t<\/li>\n\t\t\t\t\t\t\t\t<li class=\"elementor-icon-list-item\">\n\t\t\t\t\t\t\t\t\t\t\t<span class=\"elementor-icon-list-icon\">\n\t\t\t\t\t\t\t<i aria-hidden=\"true\" class=\"fas fa-map-marker-alt\"><\/i>\t\t\t\t\t\t<\/span>\n\t\t\t\t\t\t\t\t\t\t<span class=\"elementor-icon-list-text\">D\u00e9jeuner au restaurant La Caliza<\/span>\n\t\t\t\t\t\t\t\t\t<\/li>\n\t\t\t\t\t\t\t\t<li class=\"elementor-icon-list-item\">\n\t\t\t\t\t\t\t\t\t\t\t<span class=\"elementor-icon-list-icon\">\n\t\t\t\t\t\t\t<i aria-hidden=\"true\" class=\"fas fa-map-marker-alt\"><\/i>\t\t\t\t\t\t<\/span>\n\t\t\t\t\t\t\t\t\t\t<span class=\"elementor-icon-list-text\">Point de vue sur le ch\u00e2teau de Gibralfaro<\/span>\n\t\t\t\t\t\t\t\t\t<\/li>\n\t\t\t\t\t\t<\/ul>\n\t\t\t\t\t\t<\/div>\n\t\t\t\t<\/div>\n\t\t\t\t\t<\/div>\n\t\t<\/div>\n\t\t\t\t<div class=\"elementor-column elementor-col-50 elementor-top-column elementor-element elementor-element-a38b23e\" data-id=\"a38b23e\" data-element_type=\"column\" data-e-type=\"column\">\n\t\t\t<div class=\"elementor-widget-wrap elementor-element-populated\">\n\t\t\t\t\t\t<div class=\"elementor-element elementor-element-ca56b20 elementor-widget elementor-widget-image\" data-id=\"ca56b20\" data-element_type=\"widget\" data-e-type=\"widget\" data-widget_type=\"image.default\">\n\t\t\t\t<div class=\"elementor-widget-container\">\n\t\t\t\t\t\t\t\t\t\t\t\t\t\t\t<img fetchpriority=\"high\" decoding=\"async\" width=\"640\" height=\"360\" src=\"https:\/\/i0.wp.com\/electriccartour.com\/wp-content\/uploads\/2022\/06\/mapa-cueva-del-tesoro.webp?fit=640%2C360&amp;ssl=1\" class=\"attachment-large size-large wp-image-3192\" alt=\"\" srcset=\"https:\/\/i0.wp.com\/electriccartour.com\/wp-content\/uploads\/2022\/06\/mapa-cueva-del-tesoro.webp?w=1920&amp;ssl=1 1920w, https:\/\/i0.wp.com\/electriccartour.com\/wp-content\/uploads\/2022\/06\/mapa-cueva-del-tesoro.webp?resize=300%2C169&amp;ssl=1 300w, https:\/\/i0.wp.com\/electriccartour.com\/wp-content\/uploads\/2022\/06\/mapa-cueva-del-tesoro.webp?resize=1024%2C576&amp;ssl=1 1024w, https:\/\/i0.wp.com\/electriccartour.com\/wp-content\/uploads\/2022\/06\/mapa-cueva-del-tesoro.webp?resize=768%2C432&amp;ssl=1 768w, https:\/\/i0.wp.com\/electriccartour.com\/wp-content\/uploads\/2022\/06\/mapa-cueva-del-tesoro.webp?resize=1536%2C864&amp;ssl=1 1536w, https:\/\/i0.wp.com\/electriccartour.com\/wp-content\/uploads\/2022\/06\/mapa-cueva-del-tesoro.webp?resize=1568%2C882&amp;ssl=1 1568w, https:\/\/i0.wp.com\/electriccartour.com\/wp-content\/uploads\/2022\/06\/mapa-cueva-del-tesoro.webp?resize=1320%2C743&amp;ssl=1 1320w, https:\/\/i0.wp.com\/electriccartour.com\/wp-content\/uploads\/2022\/06\/mapa-cueva-del-tesoro.webp?resize=450%2C253&amp;ssl=1 450w\" sizes=\"(max-width: 640px) 100vw, 640px\" \/>\t\t\t\t\t\t\t\t\t\t\t\t\t\t\t<\/div>\n\t\t\t\t<\/div>\n\t\t\t\t\t<\/div>\n\t\t<\/div>\n\t\t\t\t\t<\/div>\n\t\t<\/section>\n\t\t\t\t<section class=\"elementor-section elementor-top-section elementor-element elementor-element-537879c elementor-section-boxed elementor-section-height-default elementor-section-height-default\" data-id=\"537879c\" data-element_type=\"section\" data-e-type=\"section\" data-settings=\"{&quot;background_background&quot;:&quot;classic&quot;}\">\n\t\t\t\t\t\t<div class=\"elementor-container elementor-column-gap-default\">\n\t\t\t\t\t<div class=\"elementor-column elementor-col-50 elementor-top-column elementor-element elementor-element-159f890\" data-id=\"159f890\" data-element_type=\"column\" data-e-type=\"column\">\n\t\t\t<div class=\"elementor-widget-wrap elementor-element-populated\">\n\t\t\t\t\t\t<div class=\"elementor-element elementor-element-4eabb7f elementor-widget elementor-widget-image\" data-id=\"4eabb7f\" data-element_type=\"widget\" data-e-type=\"widget\" id=\"reserva-tour-premium-en-malaga\" data-widget_type=\"image.default\">\n\t\t\t\t<div class=\"elementor-widget-container\">\n\t\t\t\t\t\t\t\t\t\t\t\t\t\t\t<img decoding=\"async\" width=\"640\" height=\"427\" src=\"https:\/\/i0.wp.com\/electriccartour.com\/wp-content\/uploads\/2023\/06\/tour-electric-car-malaga-muelle-1-scaled.webp?fit=640%2C427&amp;ssl=1\" class=\"attachment-large size-large wp-image-8819\" alt=\"tour m\u00e1laga en coche el\u00e9ctrico por el puerto y paseo mar\u00edtimo\" srcset=\"https:\/\/i0.wp.com\/electriccartour.com\/wp-content\/uploads\/2023\/06\/tour-electric-car-malaga-muelle-1-scaled.webp?w=2560&amp;ssl=1 2560w, https:\/\/i0.wp.com\/electriccartour.com\/wp-content\/uploads\/2023\/06\/tour-electric-car-malaga-muelle-1-scaled.webp?resize=300%2C200&amp;ssl=1 300w, https:\/\/i0.wp.com\/electriccartour.com\/wp-content\/uploads\/2023\/06\/tour-electric-car-malaga-muelle-1-scaled.webp?resize=1024%2C683&amp;ssl=1 1024w, https:\/\/i0.wp.com\/electriccartour.com\/wp-content\/uploads\/2023\/06\/tour-electric-car-malaga-muelle-1-scaled.webp?resize=768%2C512&amp;ssl=1 768w, https:\/\/i0.wp.com\/electriccartour.com\/wp-content\/uploads\/2023\/06\/tour-electric-car-malaga-muelle-1-scaled.webp?resize=1536%2C1024&amp;ssl=1 1536w, https:\/\/i0.wp.com\/electriccartour.com\/wp-content\/uploads\/2023\/06\/tour-electric-car-malaga-muelle-1-scaled.webp?resize=2048%2C1365&amp;ssl=1 2048w, https:\/\/i0.wp.com\/electriccartour.com\/wp-content\/uploads\/2023\/06\/tour-electric-car-malaga-muelle-1-scaled.webp?resize=1568%2C1045&amp;ssl=1 1568w, https:\/\/i0.wp.com\/electriccartour.com\/wp-content\/uploads\/2023\/06\/tour-electric-car-malaga-muelle-1-scaled.webp?resize=1320%2C880&amp;ssl=1 1320w, https:\/\/i0.wp.com\/electriccartour.com\/wp-content\/uploads\/2023\/06\/tour-electric-car-malaga-muelle-1-scaled.webp?resize=450%2C300&amp;ssl=1 450w, https:\/\/i0.wp.com\/electriccartour.com\/wp-content\/uploads\/2023\/06\/tour-electric-car-malaga-muelle-1-scaled.webp?w=1920&amp;ssl=1 1920w\" sizes=\"(max-width: 640px) 100vw, 640px\" \/>\t\t\t\t\t\t\t\t\t\t\t\t\t\t\t<\/div>\n\t\t\t\t<\/div>\n\t\t\t\t\t<\/div>\n\t\t<\/div>\n\t\t\t\t<div class=\"elementor-column elementor-col-50 elementor-top-column elementor-element elementor-element-dbe0af3\" data-id=\"dbe0af3\" data-element_type=\"column\" data-e-type=\"column\">\n\t\t\t<div class=\"elementor-widget-wrap elementor-element-populated\">\n\t\t\t\t\t\t<div class=\"elementor-element elementor-element-fd23558 elementor-widget elementor-widget-shortcode\" data-id=\"fd23558\" data-element_type=\"widget\" data-e-type=\"widget\" data-widget_type=\"shortcode.default\">\n\t\t\t\t<div class=\"elementor-widget-container\">\n\t\t\t\t\t\t\t<div class=\"elementor-shortcode\">\n          <div class=\"turitop_bswp_button_box_wrap\">\n\n                  <div class=\"load-turitop loading-turitop turitop_booking_system_box_button\"  data-service=\"P4\"  data-embed=\"box\" data-buttoncolor=\"orange\" ><\/div>\n\n          <\/div>\n\n          <\/div>\n\t\t\t\t\t\t<\/div>\n\t\t\t\t<\/div>\n\t\t\t\t\t<\/div>\n\t\t<\/div>\n\t\t\t\t\t<\/div>\n\t\t<\/section>\n\t\t\t\t<section class=\"elementor-section elementor-top-section elementor-element elementor-element-32ddae9 elementor-section-boxed elementor-section-height-default elementor-section-height-default\" data-id=\"32ddae9\" data-element_type=\"section\" data-e-type=\"section\" data-settings=\"{&quot;background_background&quot;:&quot;classic&quot;}\">\n\t\t\t\t\t\t<div class=\"elementor-container elementor-column-gap-default\">\n\t\t\t\t\t<div class=\"elementor-column elementor-col-100 elementor-top-column elementor-element elementor-element-9b58e32\" data-id=\"9b58e32\" data-element_type=\"column\" data-e-type=\"column\">\n\t\t\t<div class=\"elementor-widget-wrap elementor-element-populated\">\n\t\t\t\t\t\t<div class=\"elementor-element elementor-element-caad96c elementor-widget elementor-widget-text-editor\" data-id=\"caad96c\" data-element_type=\"widget\" data-e-type=\"widget\" data-widget_type=\"text-editor.default\">\n\t\t\t\t<div class=\"elementor-widget-container\">\n\t\t\t\t\t\t\t\t\t<p><strong>Avant d&rsquo;aller plus loin, il est naturel de se poser la question suivante : &#8230;.  <\/strong><\/p>\n<p><strong>Qu&rsquo;est-ce qui rend ce Premium Tour unique \u00e0 Malaga ?\u00a0\u00bb<\/strong><\/p>\n\t\t\t\t\t\t\t\t<\/div>\n\t\t\t\t<\/div>\n\t\t\t\t<div class=\"elementor-element elementor-element-c3b43d2 elementor-widget elementor-widget-heading\" data-id=\"c3b43d2\" data-element_type=\"widget\" data-e-type=\"widget\" data-widget_type=\"heading.default\">\n\t\t\t\t<div class=\"elementor-widget-container\">\n\t\t\t\t\t<h2 class=\"elementor-heading-title elementor-size-default\">D\u00e9couvrez tout ce qui est inclus dans cette visite exclusive de Malaga :<\/h2>\t\t\t\t<\/div>\n\t\t\t\t<\/div>\n\t\t\t\t\t<\/div>\n\t\t<\/div>\n\t\t\t\t\t<\/div>\n\t\t<\/section>\n\t\t\t\t<section class=\"elementor-section elementor-top-section elementor-element elementor-element-cc15c8c elementor-section-boxed elementor-section-height-default elementor-section-height-default\" data-id=\"cc15c8c\" data-element_type=\"section\" data-e-type=\"section\" data-settings=\"{&quot;background_background&quot;:&quot;classic&quot;}\">\n\t\t\t\t\t\t<div class=\"elementor-container elementor-column-gap-default\">\n\t\t\t\t\t<div class=\"elementor-column elementor-col-25 elementor-top-column elementor-element elementor-element-6052119\" data-id=\"6052119\" data-element_type=\"column\" data-e-type=\"column\">\n\t\t\t<div class=\"elementor-widget-wrap elementor-element-populated\">\n\t\t\t\t\t\t<div class=\"elementor-element elementor-element-954ff03 elementor-view-framed elementor-shape-circle elementor-position-block-start elementor-mobile-position-block-start elementor-widget elementor-widget-icon-box\" data-id=\"954ff03\" data-element_type=\"widget\" data-e-type=\"widget\" data-widget_type=\"icon-box.default\">\n\t\t\t\t<div class=\"elementor-widget-container\">\n\t\t\t\t\t\t\t<div class=\"elementor-icon-box-wrapper\">\n\n\t\t\t\t\t\t<div class=\"elementor-icon-box-icon\">\n\t\t\t\t<span  class=\"elementor-icon\">\n\t\t\t\t<i aria-hidden=\"true\" class=\"fas fa-user-plus\"><\/i>\t\t\t\t<\/span>\n\t\t\t<\/div>\n\t\t\t\n\t\t\t\t\t\t<div class=\"elementor-icon-box-content\">\n\n\t\t\t\t\t\t\t\t\t<h3 class=\"elementor-icon-box-title\">\n\t\t\t\t\t\t<span  >\n\t\t\t\t\t\t\tGuide local accr\u00e9dit\u00e9\t\t\t\t\t\t<\/span>\n\t\t\t\t\t<\/h3>\n\t\t\t\t\n\t\t\t\t\t\t\t\t\t<p class=\"elementor-icon-box-description\">\n\t\t\t\t\t\tVotre guide local vous accompagnera depuis un autre v\u00e9hicule de guide, partageant anecdotes, curiosit\u00e9s et l\u00e9gendes sur les lieux les plus embl\u00e9matiques de cette visite Premium \u00e0 Malaga.\t\t\t\t\t<\/p>\n\t\t\t\t\n\t\t\t<\/div>\n\t\t\t\n\t\t<\/div>\n\t\t\t\t\t\t<\/div>\n\t\t\t\t<\/div>\n\t\t\t\t\t<\/div>\n\t\t<\/div>\n\t\t\t\t<div class=\"elementor-column elementor-col-25 elementor-top-column elementor-element elementor-element-60e1c19\" data-id=\"60e1c19\" data-element_type=\"column\" data-e-type=\"column\">\n\t\t\t<div class=\"elementor-widget-wrap elementor-element-populated\">\n\t\t\t\t\t\t<div class=\"elementor-element elementor-element-7ac8f7c elementor-view-framed elementor-shape-circle elementor-position-block-start elementor-mobile-position-block-start elementor-widget elementor-widget-icon-box\" data-id=\"7ac8f7c\" data-element_type=\"widget\" data-e-type=\"widget\" data-widget_type=\"icon-box.default\">\n\t\t\t\t<div class=\"elementor-widget-container\">\n\t\t\t\t\t\t\t<div class=\"elementor-icon-box-wrapper\">\n\n\t\t\t\t\t\t<div class=\"elementor-icon-box-icon\">\n\t\t\t\t<span  class=\"elementor-icon\">\n\t\t\t\t<i aria-hidden=\"true\" class=\"fas fa-utensils\"><\/i>\t\t\t\t<\/span>\n\t\t\t<\/div>\n\t\t\t\n\t\t\t\t\t\t<div class=\"elementor-icon-box-content\">\n\n\t\t\t\t\t\t\t\t\t<h3 class=\"elementor-icon-box-title\">\n\t\t\t\t\t\t<span  >\n\t\t\t\t\t\t\tD\u00e9jeuner de la gastronomie locale\t\t\t\t\t\t<\/span>\n\t\t\t\t\t<\/h3>\n\t\t\t\t\n\t\t\t\t\t\t\t\t\t<p class=\"elementor-icon-box-description\">\n\t\t\t\t\t\tProfitez d'un menu exclusif pour deux personnes au restaurant La Caliza, avec une vue imprenable sur la mer, dans un cadre id\u00e9al pour savourer l'authentique gastronomie de Malaga.\t\t\t\t\t<\/p>\n\t\t\t\t\n\t\t\t<\/div>\n\t\t\t\n\t\t<\/div>\n\t\t\t\t\t\t<\/div>\n\t\t\t\t<\/div>\n\t\t\t\t\t<\/div>\n\t\t<\/div>\n\t\t\t\t<div class=\"elementor-column elementor-col-25 elementor-top-column elementor-element elementor-element-e495ffc\" data-id=\"e495ffc\" data-element_type=\"column\" data-e-type=\"column\">\n\t\t\t<div class=\"elementor-widget-wrap elementor-element-populated\">\n\t\t\t\t\t\t<div class=\"elementor-element elementor-element-129e85f elementor-view-framed elementor-shape-circle elementor-position-block-start elementor-mobile-position-block-start elementor-widget elementor-widget-icon-box\" data-id=\"129e85f\" data-element_type=\"widget\" data-e-type=\"widget\" data-widget_type=\"icon-box.default\">\n\t\t\t\t<div class=\"elementor-widget-container\">\n\t\t\t\t\t\t\t<div class=\"elementor-icon-box-wrapper\">\n\n\t\t\t\t\t\t<div class=\"elementor-icon-box-icon\">\n\t\t\t\t<span  class=\"elementor-icon\">\n\t\t\t\t<i aria-hidden=\"true\" class=\"fab fa-bluetooth\"><\/i>\t\t\t\t<\/span>\n\t\t\t<\/div>\n\t\t\t\n\t\t\t\t\t\t<div class=\"elementor-icon-box-content\">\n\n\t\t\t\t\t\t\t\t\t<h3 class=\"elementor-icon-box-title\">\n\t\t\t\t\t\t<span  >\n\t\t\t\t\t\t\tsyst\u00e8me audio bluetooth\t\t\t\t\t\t<\/span>\n\t\t\t\t\t<\/h3>\n\t\t\t\t\n\t\t\t\t\t\t\t\t\t<p class=\"elementor-icon-box-description\">\n\t\t\t\t\t\tExplorez Malaga \u00e0 votre rythme avec l'aide de notre syst\u00e8me audio bluetooth et de notre guide audio GPS, con\u00e7us pour rendre votre visite plus informative et plus confortable.\t\t\t\t\t<\/p>\n\t\t\t\t\n\t\t\t<\/div>\n\t\t\t\n\t\t<\/div>\n\t\t\t\t\t\t<\/div>\n\t\t\t\t<\/div>\n\t\t\t\t\t<\/div>\n\t\t<\/div>\n\t\t\t\t<div class=\"elementor-column elementor-col-25 elementor-top-column elementor-element elementor-element-aa70f65\" data-id=\"aa70f65\" data-element_type=\"column\" data-e-type=\"column\">\n\t\t\t<div class=\"elementor-widget-wrap elementor-element-populated\">\n\t\t\t\t\t\t<div class=\"elementor-element elementor-element-a24835f elementor-view-framed elementor-shape-circle elementor-position-block-start elementor-mobile-position-block-start elementor-widget elementor-widget-icon-box\" data-id=\"a24835f\" data-element_type=\"widget\" data-e-type=\"widget\" data-widget_type=\"icon-box.default\">\n\t\t\t\t<div class=\"elementor-widget-container\">\n\t\t\t\t\t\t\t<div class=\"elementor-icon-box-wrapper\">\n\n\t\t\t\t\t\t<div class=\"elementor-icon-box-icon\">\n\t\t\t\t<span  class=\"elementor-icon\">\n\t\t\t\t<i aria-hidden=\"true\" class=\"fas fa-walking\"><\/i>\t\t\t\t<\/span>\n\t\t\t<\/div>\n\t\t\t\n\t\t\t\t\t\t<div class=\"elementor-icon-box-content\">\n\n\t\t\t\t\t\t\t\t\t<h3 class=\"elementor-icon-box-title\">\n\t\t\t\t\t\t<span  >\n\t\t\t\t\t\t\tUne visite priv\u00e9e, en toute tranquillit\u00e9\t\t\t\t\t\t<\/span>\n\t\t\t\t\t<\/h3>\n\t\t\t\t\n\t\t\t\t\t\t\t\t\t<p class=\"elementor-icon-box-description\">\n\t\t\t\t\t\tVivez cette visite Premium \u00e0 Malaga de mani\u00e8re priv\u00e9e et d\u00e9tendue, en profitant de chaque instant et en vous connectant \u00e0 l'essence m\u00e9diterran\u00e9enne de la ville.\t\t\t\t\t<\/p>\n\t\t\t\t\n\t\t\t<\/div>\n\t\t\t\n\t\t<\/div>\n\t\t\t\t\t\t<\/div>\n\t\t\t\t<\/div>\n\t\t\t\t\t<\/div>\n\t\t<\/div>\n\t\t\t\t\t<\/div>\n\t\t<\/section>\n\t\t\t\t<section class=\"elementor-section elementor-top-section elementor-element elementor-element-53270b5 elementor-section-boxed elementor-section-height-default elementor-section-height-default\" data-id=\"53270b5\" data-element_type=\"section\" data-e-type=\"section\">\n\t\t\t\t\t\t<div class=\"elementor-container elementor-column-gap-default\">\n\t\t\t\t\t<div class=\"elementor-column elementor-col-33 elementor-top-column elementor-element elementor-element-7a89fe0\" data-id=\"7a89fe0\" data-element_type=\"column\" data-e-type=\"column\">\n\t\t\t<div class=\"elementor-widget-wrap elementor-element-populated\">\n\t\t\t\t\t\t<div class=\"elementor-element elementor-element-9fc07f6 elementor-widget elementor-widget-text-editor\" data-id=\"9fc07f6\" data-element_type=\"widget\" data-e-type=\"widget\" data-widget_type=\"text-editor.default\">\n\t\t\t\t<div class=\"elementor-widget-container\">\n\t\t\t\t\t\t\t\t\t<p>V\u00e9hicule en parfait \u00e9tat, \u00e0 <strong>jour avec toutes les r\u00e9visions<\/strong> et avec les <strong>assurances<\/strong> requises par la loi.<\/p>\n\t\t\t\t\t\t\t\t<\/div>\n\t\t\t\t<\/div>\n\t\t\t\t\t<\/div>\n\t\t<\/div>\n\t\t\t\t<div class=\"elementor-column elementor-col-33 elementor-top-column elementor-element elementor-element-ecb9501\" data-id=\"ecb9501\" data-element_type=\"column\" data-e-type=\"column\">\n\t\t\t<div class=\"elementor-widget-wrap elementor-element-populated\">\n\t\t\t\t\t\t<div class=\"elementor-element elementor-element-9bf23fd elementor-widget elementor-widget-text-editor\" data-id=\"9bf23fd\" data-element_type=\"widget\" data-e-type=\"widget\" data-widget_type=\"text-editor.default\">\n\t\t\t\t<div class=\"elementor-widget-container\">\n\t\t\t\t\t\t\t\t\t<p><strong>Groupes de 2 \u00e0 10 passagers<\/strong> et une visite priv\u00e9e et personnalis\u00e9e de nos voyageurs.<\/p>\n\t\t\t\t\t\t\t\t<\/div>\n\t\t\t\t<\/div>\n\t\t\t\t\t<\/div>\n\t\t<\/div>\n\t\t\t\t<div class=\"elementor-column elementor-col-33 elementor-top-column elementor-element elementor-element-f239090\" data-id=\"f239090\" data-element_type=\"column\" data-e-type=\"column\">\n\t\t\t<div class=\"elementor-widget-wrap elementor-element-populated\">\n\t\t\t\t\t\t<div class=\"elementor-element elementor-element-96cbd7f elementor-widget elementor-widget-text-editor\" data-id=\"96cbd7f\" data-element_type=\"widget\" data-e-type=\"widget\" data-widget_type=\"text-editor.default\">\n\t\t\t\t<div class=\"elementor-widget-container\">\n\t\t\t\t\t\t\t\t\t<p>De plus, nous suivons un <strong>protocole strict de nettoyage et de d\u00e9sinfection des v\u00e9hicules<\/strong> avant et apr\u00e8s chaque utilisation.<\/p>\n\t\t\t\t\t\t\t\t<\/div>\n\t\t\t\t<\/div>\n\t\t\t\t\t<\/div>\n\t\t<\/div>\n\t\t\t\t\t<\/div>\n\t\t<\/section>\n\t\t\t\t<section class=\"elementor-section elementor-top-section elementor-element elementor-element-64fdbbc elementor-section-boxed elementor-section-height-default elementor-section-height-default\" data-id=\"64fdbbc\" data-element_type=\"section\" data-e-type=\"section\" data-settings=\"{&quot;background_background&quot;:&quot;classic&quot;}\">\n\t\t\t\t\t\t<div class=\"elementor-container elementor-column-gap-default\">\n\t\t\t\t\t<div class=\"elementor-column elementor-col-100 elementor-top-column elementor-element elementor-element-51cd8e4\" data-id=\"51cd8e4\" data-element_type=\"column\" data-e-type=\"column\">\n\t\t\t<div class=\"elementor-widget-wrap elementor-element-populated\">\n\t\t\t\t\t\t<div class=\"elementor-element elementor-element-4474bee elementor-widget elementor-widget-text-editor\" data-id=\"4474bee\" data-element_type=\"widget\" data-e-type=\"widget\" data-widget_type=\"text-editor.default\">\n\t\t\t\t<div class=\"elementor-widget-container\">\n\t\t\t\t\t\t\t\t\t<p>M\u00eame si tout ne d\u00e9pend pas de nous<\/p>\n<p><strong>C&rsquo;est pourquoi nous vous demandons sinc\u00e8rement de&#8230;<\/strong><\/p>\n\t\t\t\t\t\t\t\t<\/div>\n\t\t\t\t<\/div>\n\t\t\t\t\t<\/div>\n\t\t<\/div>\n\t\t\t\t\t<\/div>\n\t\t<\/section>\n\t\t\t\t<section class=\"elementor-section elementor-top-section elementor-element elementor-element-64c69e6 elementor-section-boxed elementor-section-height-default elementor-section-height-default\" data-id=\"64c69e6\" data-element_type=\"section\" data-e-type=\"section\" data-settings=\"{&quot;background_background&quot;:&quot;classic&quot;}\">\n\t\t\t\t\t\t<div class=\"elementor-container elementor-column-gap-default\">\n\t\t\t\t\t<div class=\"elementor-column elementor-col-50 elementor-top-column elementor-element elementor-element-551f124\" data-id=\"551f124\" data-element_type=\"column\" data-e-type=\"column\">\n\t\t\t<div class=\"elementor-widget-wrap elementor-element-populated\">\n\t\t\t\t\t\t<div class=\"elementor-element elementor-element-65e6fca elementor-view-framed elementor-shape-circle elementor-position-block-start elementor-mobile-position-block-start elementor-widget elementor-widget-icon-box\" data-id=\"65e6fca\" data-element_type=\"widget\" data-e-type=\"widget\" data-widget_type=\"icon-box.default\">\n\t\t\t\t<div class=\"elementor-widget-container\">\n\t\t\t\t\t\t\t<div class=\"elementor-icon-box-wrapper\">\n\n\t\t\t\t\t\t<div class=\"elementor-icon-box-icon\">\n\t\t\t\t<span  class=\"elementor-icon\">\n\t\t\t\t<i aria-hidden=\"true\" class=\"fas fa-directions\"><\/i>\t\t\t\t<\/span>\n\t\t\t<\/div>\n\t\t\t\n\t\t\t\t\t\t<div class=\"elementor-icon-box-content\">\n\n\t\t\t\t\n\t\t\t\t\t\t\t\t\t<p class=\"elementor-icon-box-description\">\n\t\t\t\t\t\tRespectez toutes les r\u00e8gles de circulation et de s\u00e9curit\u00e9 routi\u00e8re et conduisez de mani\u00e8re d\u00e9tendue et patiente avec les autres v\u00e9hicules.\t\t\t\t\t<\/p>\n\t\t\t\t\n\t\t\t<\/div>\n\t\t\t\n\t\t<\/div>\n\t\t\t\t\t\t<\/div>\n\t\t\t\t<\/div>\n\t\t\t\t\t<\/div>\n\t\t<\/div>\n\t\t\t\t<div class=\"elementor-column elementor-col-50 elementor-top-column elementor-element elementor-element-64c0caa\" data-id=\"64c0caa\" data-element_type=\"column\" data-e-type=\"column\">\n\t\t\t<div class=\"elementor-widget-wrap elementor-element-populated\">\n\t\t\t\t\t\t<div class=\"elementor-element elementor-element-84bf590 elementor-view-framed elementor-shape-circle elementor-position-block-start elementor-mobile-position-block-start elementor-widget elementor-widget-icon-box\" data-id=\"84bf590\" data-element_type=\"widget\" data-e-type=\"widget\" data-widget_type=\"icon-box.default\">\n\t\t\t\t<div class=\"elementor-widget-container\">\n\t\t\t\t\t\t\t<div class=\"elementor-icon-box-wrapper\">\n\n\t\t\t\t\t\t<div class=\"elementor-icon-box-icon\">\n\t\t\t\t<span  class=\"elementor-icon\">\n\t\t\t\t<i aria-hidden=\"true\" class=\"fas fa-search-location\"><\/i>\t\t\t\t<\/span>\n\t\t\t<\/div>\n\t\t\t\n\t\t\t\t\t\t<div class=\"elementor-icon-box-content\">\n\n\t\t\t\t\n\t\t\t\t\t\t\t\t\t<p class=\"elementor-icon-box-description\">\n\t\t\t\t\t\tNe sortez pas de l'itin\u00e9raire guid\u00e9. N'oubliez pas que vous aurez une ligne de communication directe avec le v\u00e9hicule guide \u00e0 tout moment pour tout incident.\t\t\t\t\t<\/p>\n\t\t\t\t\n\t\t\t<\/div>\n\t\t\t\n\t\t<\/div>\n\t\t\t\t\t\t<\/div>\n\t\t\t\t<\/div>\n\t\t\t\t\t<\/div>\n\t\t<\/div>\n\t\t\t\t\t<\/div>\n\t\t<\/section>\n\t\t\t\t<section class=\"elementor-section elementor-top-section elementor-element elementor-element-653e91b elementor-section-boxed elementor-section-height-default elementor-section-height-default\" data-id=\"653e91b\" data-element_type=\"section\" data-e-type=\"section\">\n\t\t\t\t\t\t<div class=\"elementor-container elementor-column-gap-default\">\n\t\t\t\t\t<div class=\"elementor-column elementor-col-100 elementor-top-column elementor-element elementor-element-c3a295d\" data-id=\"c3a295d\" data-element_type=\"column\" data-e-type=\"column\">\n\t\t\t<div class=\"elementor-widget-wrap elementor-element-populated\">\n\t\t\t\t\t\t<div class=\"elementor-element elementor-element-5d53b3f elementor-widget elementor-widget-heading\" data-id=\"5d53b3f\" data-element_type=\"widget\" data-e-type=\"widget\" data-widget_type=\"heading.default\">\n\t\t\t\t<div class=\"elementor-widget-container\">\n\t\t\t\t\t<h3 class=\"elementor-heading-title elementor-size-default\"><b><br> Commencez votre exp\u00e9rience avec le meilleur circuit Premium de Malaga : 5 heures de d\u00e9couverte.<\/b><\/h3>\t\t\t\t<\/div>\n\t\t\t\t<\/div>\n\t\t\t\t\t<\/div>\n\t\t<\/div>\n\t\t\t\t\t<\/div>\n\t\t<\/section>\n\t\t\t\t<section class=\"elementor-section elementor-top-section elementor-element elementor-element-d061d0a elementor-section-boxed elementor-section-height-default elementor-section-height-default\" data-id=\"d061d0a\" data-element_type=\"section\" data-e-type=\"section\">\n\t\t\t\t\t\t<div class=\"elementor-container elementor-column-gap-default\">\n\t\t\t\t\t<div class=\"elementor-column elementor-col-50 elementor-top-column elementor-element elementor-element-34c6c47\" data-id=\"34c6c47\" data-element_type=\"column\" data-e-type=\"column\">\n\t\t\t<div class=\"elementor-widget-wrap elementor-element-populated\">\n\t\t\t\t\t\t<div class=\"elementor-element elementor-element-de186c7 elementor-view-framed elementor-shape-circle elementor-widget elementor-widget-icon\" data-id=\"de186c7\" data-element_type=\"widget\" data-e-type=\"widget\" data-widget_type=\"icon.default\">\n\t\t\t\t<div class=\"elementor-widget-container\">\n\t\t\t\t\t\t\t<div class=\"elementor-icon-wrapper\">\n\t\t\t<div class=\"elementor-icon\">\n\t\t\t<i aria-hidden=\"true\" class=\"fas fa-map-marked-alt\"><\/i>\t\t\t<\/div>\n\t\t<\/div>\n\t\t\t\t\t\t<\/div>\n\t\t\t\t<\/div>\n\t\t\t\t\t<\/div>\n\t\t<\/div>\n\t\t\t\t<div class=\"elementor-column elementor-col-50 elementor-top-column elementor-element elementor-element-4d83754\" data-id=\"4d83754\" data-element_type=\"column\" data-e-type=\"column\">\n\t\t\t<div class=\"elementor-widget-wrap elementor-element-populated\">\n\t\t\t\t\t\t<div class=\"elementor-element elementor-element-611165e elementor-widget elementor-widget-text-editor\" data-id=\"611165e\" data-element_type=\"widget\" data-e-type=\"widget\" data-widget_type=\"text-editor.default\">\n\t\t\t\t<div class=\"elementor-widget-container\">\n\t\t\t\t\t\t\t\t\t<p>Nous pouvons venir vous chercher \u00e0 Ami \u00e0 votre h\u00e9bergement dans le centre de Malaga ou nous pouvons vous rencontrer \u00e0 notre point de rencontre (Calle Guill\u00e9n Sotelo 11) \u00e0 c\u00f4t\u00e9 de l&rsquo;h\u00f4tel de ville de Malaga. <span style=\"text-decoration: underline;\"><strong>point de rencontre (Calle Guill\u00e9n Sotelo, 11) \u00e0 c\u00f4t\u00e9 de la mairie de Malaga, selon votre pr\u00e9f\u00e9rence.<\/strong><\/span>selon votre pr\u00e9f\u00e9rence.<\/p>\n<p><strong>Si vous venez en croisi\u00e8re nous vous attendrons d\u00e8s que vous poserez le pied sur la terre ferme.<\/strong><\/p>\n\t\t\t\t\t\t\t\t<\/div>\n\t\t\t\t<\/div>\n\t\t\t\t\t<\/div>\n\t\t<\/div>\n\t\t\t\t\t<\/div>\n\t\t<\/section>\n\t\t\t\t<section class=\"elementor-section elementor-top-section elementor-element elementor-element-1803c5e elementor-section-boxed elementor-section-height-default elementor-section-height-default\" data-id=\"1803c5e\" data-element_type=\"section\" data-e-type=\"section\" data-settings=\"{&quot;background_background&quot;:&quot;classic&quot;}\">\n\t\t\t\t\t\t<div class=\"elementor-container elementor-column-gap-default\">\n\t\t\t\t\t<div class=\"elementor-column elementor-col-100 elementor-top-column elementor-element elementor-element-41a9843\" data-id=\"41a9843\" data-element_type=\"column\" data-e-type=\"column\">\n\t\t\t<div class=\"elementor-widget-wrap elementor-element-populated\">\n\t\t\t\t\t\t<div class=\"elementor-element elementor-element-e758897 elementor-widget elementor-widget-heading\" data-id=\"e758897\" data-element_type=\"widget\" data-e-type=\"widget\" data-widget_type=\"heading.default\">\n\t\t\t\t<div class=\"elementor-widget-container\">\n\t\t\t\t\t<h2 class=\"elementor-heading-title elementor-size-default\">Tout ce que vous devez savoir sur cette visite exclusive de Malaga :<\/h2>\t\t\t\t<\/div>\n\t\t\t\t<\/div>\n\t\t\t\t<div class=\"elementor-element elementor-element-e1a50e8 elementor-tabs-view-horizontal elementor-widget elementor-widget-tabs\" data-id=\"e1a50e8\" data-element_type=\"widget\" data-e-type=\"widget\" data-widget_type=\"tabs.default\">\n\t\t\t\t<div class=\"elementor-widget-container\">\n\t\t\t\t\t\t\t<div class=\"elementor-tabs\">\n\t\t\t<div class=\"elementor-tabs-wrapper\" role=\"tablist\" >\n\t\t\t\t\t\t\t\t\t<div id=\"elementor-tab-title-2361\" class=\"elementor-tab-title elementor-tab-desktop-title\" aria-selected=\"true\" data-tab=\"1\" role=\"tab\" tabindex=\"0\" aria-controls=\"elementor-tab-content-2361\" aria-expanded=\"false\">Comprend<\/div>\n\t\t\t\t\t\t\t\t\t<div id=\"elementor-tab-title-2362\" class=\"elementor-tab-title elementor-tab-desktop-title\" aria-selected=\"false\" data-tab=\"2\" role=\"tab\" tabindex=\"-1\" aria-controls=\"elementor-tab-content-2362\" aria-expanded=\"false\">Qui ne comprend pas<\/div>\n\t\t\t\t\t\t\t\t\t<div id=\"elementor-tab-title-2363\" class=\"elementor-tab-title elementor-tab-desktop-title\" aria-selected=\"false\" data-tab=\"3\" role=\"tab\" tabindex=\"-1\" aria-controls=\"elementor-tab-content-2363\" aria-expanded=\"false\">Ce qui ne peut pas \u00eatre fait<\/div>\n\t\t\t\t\t\t\t\t\t<div id=\"elementor-tab-title-2364\" class=\"elementor-tab-title elementor-tab-desktop-title\" aria-selected=\"false\" data-tab=\"4\" role=\"tab\" tabindex=\"-1\" aria-controls=\"elementor-tab-content-2364\" aria-expanded=\"false\">recommandations<\/div>\n\t\t\t\t\t\t\t<\/div>\n\t\t\t<div class=\"elementor-tabs-content-wrapper\" role=\"tablist\" aria-orientation=\"vertical\">\n\t\t\t\t\t\t\t\t\t<div class=\"elementor-tab-title elementor-tab-mobile-title\" aria-selected=\"true\" data-tab=\"1\" role=\"tab\" tabindex=\"0\" aria-controls=\"elementor-tab-content-2361\" aria-expanded=\"false\">Comprend<\/div>\n\t\t\t\t\t<div id=\"elementor-tab-content-2361\" class=\"elementor-tab-content elementor-clearfix\" data-tab=\"1\" role=\"tabpanel\" aria-labelledby=\"elementor-tab-title-2361\" tabindex=\"0\" hidden=\"false\"><ul>\n<li>Guide local accr\u00e9dit\u00e9 en espagnol ou en anglais, lors de la <strong>visite Premium \u00e0 Malaga<\/strong><\/li>\n<li>V\u00e9hicule de guidage.<\/li>\n<li>Radio avec communication directe avec le v\u00e9hicule guide.<\/li>\n<li>Guide audio-Gps en 4 langues ( espagnol, anglais, fran\u00e7ais et allemand )<\/li>\n<li>Prise en charge \u00e0 votre h\u00e9bergement dans le centre historique.<\/li>\n<li>4 arr\u00eats sur la route pour se d\u00e9gourdir les jambes et prendre des photos.<\/li>\n<li>D\u00e9jeuner pour 2 personnes au Restaurant la Caliza, Paella de riz aux fruits de mer, mixte ou veau, salade mixte, boissons et caf\u00e9.<\/li>\n<li>Acc\u00e8s \u00e0 notre application exclusive avec des recommandations culturelles et gastronomiques.<\/li>\n<\/ul>\n<\/div>\n\t\t\t\t\t\t\t\t\t<div class=\"elementor-tab-title elementor-tab-mobile-title\" aria-selected=\"false\" data-tab=\"2\" role=\"tab\" tabindex=\"-1\" aria-controls=\"elementor-tab-content-2362\" aria-expanded=\"false\">Qui ne comprend pas<\/div>\n\t\t\t\t\t<div id=\"elementor-tab-content-2362\" class=\"elementor-tab-content elementor-clearfix\" data-tab=\"2\" role=\"tabpanel\" aria-labelledby=\"elementor-tab-title-2362\" tabindex=\"0\" hidden=\"hidden\"><ul>\n<li>Transport aller-retour depuis votre logement en dehors du centre-ville.<\/li>\n<li>Nourriture et\/ou boissons pendant le parcours.<\/li>\n<\/ul>\n<\/div>\n\t\t\t\t\t\t\t\t\t<div class=\"elementor-tab-title elementor-tab-mobile-title\" aria-selected=\"false\" data-tab=\"3\" role=\"tab\" tabindex=\"-1\" aria-controls=\"elementor-tab-content-2363\" aria-expanded=\"false\">Ce qui ne peut pas \u00eatre fait<\/div>\n\t\t\t\t\t<div id=\"elementor-tab-content-2363\" class=\"elementor-tab-content elementor-clearfix\" data-tab=\"3\" role=\"tabpanel\" aria-labelledby=\"elementor-tab-title-2363\" tabindex=\"0\" hidden=\"hidden\"><ul>\n<li>Ing\u00e9rer de la nourriture ou des boissons \u00e0 l&rsquo;int\u00e9rieur des v\u00e9hicules.<\/li>\n<li>Vous ne pouvez pas fumer non plus.<\/li>\n<li>Vous ne devez en aucun cas quitter l&rsquo;itin\u00e9raire guid\u00e9.<\/li>\n<li>Ni ignorer les r\u00e8gles de circulation et de s\u00e9curit\u00e9 routi\u00e8re.<\/li>\n<\/ul>\n<\/div>\n\t\t\t\t\t\t\t\t\t<div class=\"elementor-tab-title elementor-tab-mobile-title\" aria-selected=\"false\" data-tab=\"4\" role=\"tab\" tabindex=\"-1\" aria-controls=\"elementor-tab-content-2364\" aria-expanded=\"false\">recommandations<\/div>\n\t\t\t\t\t<div id=\"elementor-tab-content-2364\" class=\"elementor-tab-content elementor-clearfix\" data-tab=\"4\" role=\"tabpanel\" aria-labelledby=\"elementor-tab-title-2364\" tabindex=\"0\" hidden=\"hidden\"><ul>\n<li>Malaga est une ville tr\u00e8s ensoleill\u00e9e, donc des lunettes de soleil seront utiles.<\/li>\n<li>Il ne fait pas de mal non plus de venir avec une tenue de saison confortable et une protection solaire, surtout en \u00e9t\u00e9.<\/li>\n<\/ul>\n<\/div>\n\t\t\t\t\t\t\t<\/div>\n\t\t<\/div>\n\t\t\t\t\t\t<\/div>\n\t\t\t\t<\/div>\n\t\t\t\t\t<\/div>\n\t\t<\/div>\n\t\t\t\t\t<\/div>\n\t\t<\/section>\n\t\t\t\t<section class=\"elementor-section elementor-top-section elementor-element elementor-element-a2ce4e7 elementor-section-boxed elementor-section-height-default elementor-section-height-default\" data-id=\"a2ce4e7\" data-element_type=\"section\" data-e-type=\"section\">\n\t\t\t\t\t\t<div class=\"elementor-container elementor-column-gap-default\">\n\t\t\t\t\t<div class=\"elementor-column elementor-col-50 elementor-top-column elementor-element elementor-element-016ec7b\" data-id=\"016ec7b\" data-element_type=\"column\" data-e-type=\"column\">\n\t\t\t<div class=\"elementor-widget-wrap elementor-element-populated\">\n\t\t\t\t\t\t<div class=\"elementor-element elementor-element-be3c2c3 elementor-widget elementor-widget-image\" data-id=\"be3c2c3\" data-element_type=\"widget\" data-e-type=\"widget\" data-widget_type=\"image.default\">\n\t\t\t\t<div class=\"elementor-widget-container\">\n\t\t\t\t\t\t\t\t\t\t\t\t\t\t\t<img decoding=\"async\" width=\"640\" height=\"427\" src=\"https:\/\/i0.wp.com\/electriccartour.com\/wp-content\/uploads\/2022\/05\/tour-malaga-families.webp?fit=640%2C427&amp;ssl=1\" class=\"attachment-large size-large wp-image-1991\" alt=\"\" srcset=\"https:\/\/i0.wp.com\/electriccartour.com\/wp-content\/uploads\/2022\/05\/tour-malaga-families.webp?w=2560&amp;ssl=1 2560w, https:\/\/i0.wp.com\/electriccartour.com\/wp-content\/uploads\/2022\/05\/tour-malaga-families.webp?resize=300%2C200&amp;ssl=1 300w, https:\/\/i0.wp.com\/electriccartour.com\/wp-content\/uploads\/2022\/05\/tour-malaga-families.webp?resize=1024%2C683&amp;ssl=1 1024w, https:\/\/i0.wp.com\/electriccartour.com\/wp-content\/uploads\/2022\/05\/tour-malaga-families.webp?resize=768%2C512&amp;ssl=1 768w, https:\/\/i0.wp.com\/electriccartour.com\/wp-content\/uploads\/2022\/05\/tour-malaga-families.webp?resize=1536%2C1024&amp;ssl=1 1536w, https:\/\/i0.wp.com\/electriccartour.com\/wp-content\/uploads\/2022\/05\/tour-malaga-families.webp?resize=2048%2C1366&amp;ssl=1 2048w, https:\/\/i0.wp.com\/electriccartour.com\/wp-content\/uploads\/2022\/05\/tour-malaga-families.webp?resize=1568%2C1046&amp;ssl=1 1568w, https:\/\/i0.wp.com\/electriccartour.com\/wp-content\/uploads\/2022\/05\/tour-malaga-families.webp?resize=1320%2C880&amp;ssl=1 1320w, https:\/\/i0.wp.com\/electriccartour.com\/wp-content\/uploads\/2022\/05\/tour-malaga-families.webp?resize=450%2C300&amp;ssl=1 450w, https:\/\/i0.wp.com\/electriccartour.com\/wp-content\/uploads\/2022\/05\/tour-malaga-families.webp?w=1920&amp;ssl=1 1920w\" sizes=\"(max-width: 640px) 100vw, 640px\" \/>\t\t\t\t\t\t\t\t\t\t\t\t\t\t\t<\/div>\n\t\t\t\t<\/div>\n\t\t\t\t\t<\/div>\n\t\t<\/div>\n\t\t\t\t<div class=\"elementor-column elementor-col-50 elementor-top-column elementor-element elementor-element-00b91f7\" data-id=\"00b91f7\" data-element_type=\"column\" data-e-type=\"column\">\n\t\t\t<div class=\"elementor-widget-wrap elementor-element-populated\">\n\t\t\t\t\t\t<div class=\"elementor-element elementor-element-2c2d112 elementor-widget elementor-widget-text-editor\" data-id=\"2c2d112\" data-element_type=\"widget\" data-e-type=\"widget\" data-widget_type=\"text-editor.default\">\n\t\t\t\t<div class=\"elementor-widget-container\">\n\t\t\t\t\t\t\t\t\t<p><strong>Si vous voyagez avec des enfants, c&rsquo;est important.<\/strong><\/p>\n<p>N&rsquo;oubliez pas que pour des raisons de s\u00e9curit\u00e9, les enfants ont besoin de si\u00e8ges adapt\u00e9s pour voyager dans nos v\u00e9hicules.<\/p>\n<p>Il vous suffit de nous informer de votre \u00e2ge au moment de la r\u00e9servation et nous ajouterons celui dont vous avez besoin totalement gratuitement.<\/p>\n<p><em>Remarque : pour des raisons de s\u00e9curit\u00e9, les b\u00e9b\u00e9s de 0 \u00e0 2 ans ne peuvent pas voyager dans notre Ami.<\/em><\/p>\n\t\t\t\t\t\t\t\t<\/div>\n\t\t\t\t<\/div>\n\t\t\t\t\t<\/div>\n\t\t<\/div>\n\t\t\t\t\t<\/div>\n\t\t<\/section>\n\t\t\t\t<section class=\"elementor-section elementor-top-section elementor-element elementor-element-2df276b elementor-section-boxed elementor-section-height-default elementor-section-height-default\" data-id=\"2df276b\" data-element_type=\"section\" data-e-type=\"section\">\n\t\t\t\t\t\t<div class=\"elementor-container elementor-column-gap-default\">\n\t\t\t\t\t<div class=\"elementor-column elementor-col-100 elementor-top-column elementor-element elementor-element-b0d0f9c\" data-id=\"b0d0f9c\" data-element_type=\"column\" data-e-type=\"column\">\n\t\t\t<div class=\"elementor-widget-wrap elementor-element-populated\">\n\t\t\t\t\t\t<div class=\"elementor-element elementor-element-c29cd95 elementor-widget elementor-widget-heading\" data-id=\"c29cd95\" data-element_type=\"widget\" data-e-type=\"widget\" data-widget_type=\"heading.default\">\n\t\t\t\t<div class=\"elementor-widget-container\">\n\t\t\t\t\t<h2 class=\"elementor-heading-title elementor-size-default\"><b>Ce que nos clients disent de l'excursion Premium \u00e0 Malaga :<\/b><\/h2>\t\t\t\t<\/div>\n\t\t\t\t<\/div>\n\t\t\t\t<div class=\"elementor-element elementor-element-f322e82 elementor-arrows-yes elementor-pagination-type-bullets elementor-review--has-separator elementor--star-style-star_fontawesome elementor-widget elementor-widget-reviews\" data-id=\"f322e82\" data-element_type=\"widget\" data-e-type=\"widget\" data-settings=\"{&quot;show_arrows&quot;:&quot;yes&quot;,&quot;pagination&quot;:&quot;bullets&quot;,&quot;speed&quot;:500,&quot;autoplay&quot;:&quot;yes&quot;,&quot;autoplay_speed&quot;:5000,&quot;loop&quot;:&quot;yes&quot;,&quot;pause_on_hover&quot;:&quot;yes&quot;,&quot;pause_on_interaction&quot;:&quot;yes&quot;,&quot;space_between&quot;:{&quot;unit&quot;:&quot;px&quot;,&quot;size&quot;:10,&quot;sizes&quot;:[]},&quot;space_between_tablet&quot;:{&quot;unit&quot;:&quot;px&quot;,&quot;size&quot;:10,&quot;sizes&quot;:[]},&quot;space_between_mobile&quot;:{&quot;unit&quot;:&quot;px&quot;,&quot;size&quot;:10,&quot;sizes&quot;:[]}}\" data-widget_type=\"reviews.default\">\n\t\t\t\t<div class=\"elementor-widget-container\">\n\t\t\t\t\t\t\t\t\t<div class=\"elementor-swiper\">\n\t\t\t\t\t<div class=\"elementor-main-swiper swiper\" role=\"region\" aria-roledescription=\"carousel\" aria-label=\"Slides\">\n\t\t\t\t<div class=\"swiper-wrapper\">\n\t\t\t\t\t\t\t\t\t\t\t<div class=\"swiper-slide\" role=\"group\" aria-roledescription=\"slide\">\n\t\t\t\t\t\t\t\t\t<div class=\"elementor-testimonial elementor-repeater-item-4c2dba9\">\n\t\t\t\t\t\t\t<a class=\"elementor-testimonial__header\" href=\"https:\/\/www.tripadvisor.es\/ShowUserReviews-g187438-d15198737-r703547700-Electric_Car_Tour-Malaga_Costa_del_Sol_Province_of_Malaga_Andalucia.html\">\n\t\t\t\t\t\t\t\t\t\t\t<div class=\"elementor-testimonial__image\">\n\t\t\t\t\t\t\t<img decoding=\"async\" src=\"https:\/\/i0.wp.com\/electriccartour.com\/wp-content\/uploads\/2022\/02\/Tour-guiado-castillo-gibralfaro.jpeg?fit=1600%2C1200&amp;ssl=1\" alt=\"LaFleurSacr\u00e9e\">\n\t\t\t\t\t\t\t\t\t\t\t\t\t<\/div>\n\t\t\t\t\t\t\t\t\t\t<cite class=\"elementor-testimonial__cite\"><span class=\"elementor-testimonial__name\">LaFleurSacr\u00e9e<\/span><span class=\"elementor-testimonial__title\">Une fa\u00e7on fantastique de voir Malaga<\/span><\/cite>\t\t\t\t\t<div class=\"elementor-testimonial__icon elementor-icon elementor-icon-tripadvisor\" aria-label=\"Lire plus\"><i aria-hidden=\"true\" class=\"fab fa-tripadvisor\"><\/i><\/div>\t\t\t\t<\/a>\n\t\t\t\t\t\t\t\t\t\t<div class=\"elementor-testimonial__content\">\n\t\t\t\t\t<div class=\"elementor-testimonial__text\">\n\t\t\t\t\t\tNous \u00e9tions sur une croisi\u00e8re europ\u00e9enne \/ m\u00e9diterran\u00e9enne de 10 jours et nous nous sommes arr\u00eat\u00e9s \u00e0 Malaga. Nous voulions avoir une id\u00e9e de toute la r\u00e9gion et nous ne sommes pas fans des grandes tourn\u00e9es de groupe, donc cela ressemblait plus \u00e0 notre style. Et il \u00e9tait! C'\u00e9tait essentiellement comme avoir votre propre guide touristique; Il n'y avait que nous dans notre voiture et nos guides Mario et Alex dans une autre, nous guidant et fournissant des commentaires en cours de route. Mario \u00e9tait tr\u00e8s aimable, comp\u00e9tent et tout simplement gentil. Alex \u00e9tait super et a aid\u00e9 \u00e0 rendre la visite parfaite pour nous (et nous a m\u00eame surpris par la suite avec une tonne de photos qu'il a prises de nous). Nous avons ador\u00e9 le fait que nous ayons pu voir beaucoup plus de Malaga que si nous avions march\u00e9. Je recommande cette visite si vous voulez voir plus de la beaut\u00e9 de Malaga que la rue principale.\t\t\t\t\t<\/div>\n\t\t\t\t<\/div>\n\t\t\t\t\t<\/div>\n\t\t\t\t\t\t\t\t<\/div>\n\t\t\t\t\t\t\t\t\t\t\t<div class=\"swiper-slide\" role=\"group\" aria-roledescription=\"slide\">\n\t\t\t\t\t\t\t\t\t<div class=\"elementor-testimonial elementor-repeater-item-55aeafd\">\n\t\t\t\t\t\t\t<a class=\"elementor-testimonial__header\" href=\"https:\/\/www.tripadvisor.es\/ShowUserReviews-g187438-d15198737-r701754023-Electric_Car_Tour-Malaga_Costa_del_Sol_Province_of_Malaga_Andalucia.html\">\n\t\t\t\t\t\t\t\t\t\t\t<div class=\"elementor-testimonial__image\">\n\t\t\t\t\t\t\t<img decoding=\"async\" src=\"https:\/\/i0.wp.com\/electriccartour.com\/wp-content\/uploads\/2022\/02\/guided-tour-promenade-malaga-scaled.jpg?fit=2560%2C1707&amp;ssl=1\" alt=\"Liam Brady\">\n\t\t\t\t\t\t\t\t\t\t\t\t\t<\/div>\n\t\t\t\t\t\t\t\t\t\t<cite class=\"elementor-testimonial__cite\"><span class=\"elementor-testimonial__name\">Liam Brady<\/span><div class=\"elementor-star-rating\"><i class=\"elementor-star-full\">&#xE934;<\/i><i class=\"elementor-star-full\">&#xE934;<\/i><i class=\"elementor-star-full\">&#xE934;<\/i><i class=\"elementor-star-full\">&#xE934;<\/i><i class=\"elementor-star-full\">&#xE934;<\/i><\/div><span class=\"elementor-testimonial__title\">Visite fantastique!<\/span><\/cite>\t\t\t\t\t<div class=\"elementor-testimonial__icon elementor-icon elementor-icon-tripadvisor\" aria-label=\"Lire plus\"><i aria-hidden=\"true\" class=\"fab fa-tripadvisor\"><\/i><\/div>\t\t\t\t<\/a>\n\t\t\t\t\t\t\t\t\t\t<div class=\"elementor-testimonial__content\">\n\t\t\t\t\t<div class=\"elementor-testimonial__text\">\n\t\t\t\t\t\tJ'ai vraiment appr\u00e9ci\u00e9 cette tourn\u00e9e! Mario \u00e9tait excellent, tr\u00e8s sympathique et informatif. J'ai ador\u00e9 conduire la petite Twizy ! \u00c7a a \u00e9t\u00e9 tr\u00e8s amusant! Nous avons eu beaucoup de regards autour de la ville en passant! Les vues du haut de la colline \u00e9taient incroyables! J'ai vu des endroits que je n'aurais jamais vus si j'avais march\u00e9&nbsp;! Et tout a dur\u00e9 une heure et demie ! Il vaut bien l'argent! Merci Mario et Gema. . .   \t\t\t\t\t<\/div>\n\t\t\t\t<\/div>\n\t\t\t\t\t<\/div>\n\t\t\t\t\t\t\t\t<\/div>\n\t\t\t\t\t\t\t\t\t<\/div>\n\t\t\t\t\t\t\t\t\t\t\t\t\t\t\t<div class=\"elementor-swiper-button elementor-swiper-button-prev\" role=\"button\" tabindex=\"0\" aria-label=\"Pr\u00e9c\u00e9dent\">\n\t\t\t\t\t\t\t<i aria-hidden=\"true\" class=\"eicon-chevron-left\"><\/i>\t\t\t\t\t\t<\/div>\n\t\t\t\t\t\t<div class=\"elementor-swiper-button elementor-swiper-button-next\" role=\"button\" tabindex=\"0\" aria-label=\"Suivant\">\n\t\t\t\t\t\t\t<i aria-hidden=\"true\" class=\"eicon-chevron-right\"><\/i>\t\t\t\t\t\t<\/div>\n\t\t\t\t\t\t\t\t\t\t\t\t\t\t\t\t<div class=\"swiper-pagination\"><\/div>\n\t\t\t\t\t\t\t\t\t\t\t\t<\/div>\n\t\t\t\t<\/div>\n\t\t\t\t\t\t\t\t<\/div>\n\t\t\t\t<\/div>\n\t\t\t\t<div class=\"elementor-element elementor-element-d03efa9 elementor-widget elementor-widget-heading\" data-id=\"d03efa9\" data-element_type=\"widget\" data-e-type=\"widget\" data-widget_type=\"heading.default\">\n\t\t\t\t<div class=\"elementor-widget-container\">\n\t\t\t\t\t<h3 class=\"elementor-heading-title elementor-size-default\">D\u00e9couvrez Malaga de mani\u00e8re durable gr\u00e2ce \u00e0 notre circuit Premium de 5 heures<\/h3>\t\t\t\t<\/div>\n\t\t\t\t<\/div>\n\t\t\t\t\t<\/div>\n\t\t<\/div>\n\t\t\t\t\t<\/div>\n\t\t<\/section>\n\t\t\t\t<section class=\"elementor-section elementor-top-section elementor-element elementor-element-54200fd elementor-section-boxed elementor-section-height-default elementor-section-height-default\" data-id=\"54200fd\" data-element_type=\"section\" data-e-type=\"section\">\n\t\t\t\t\t\t<div class=\"elementor-container elementor-column-gap-default\">\n\t\t\t\t\t<div class=\"elementor-column elementor-col-33 elementor-top-column elementor-element elementor-element-699a7ca\" data-id=\"699a7ca\" data-element_type=\"column\" data-e-type=\"column\">\n\t\t\t<div class=\"elementor-widget-wrap elementor-element-populated\">\n\t\t\t\t\t\t<div class=\"elementor-element elementor-element-b3580b1 elementor-widget elementor-widget-text-editor\" data-id=\"b3580b1\" data-element_type=\"widget\" data-e-type=\"widget\" data-widget_type=\"text-editor.default\">\n\t\t\t\t<div class=\"elementor-widget-container\">\n\t\t\t\t\t\t\t\t\t<p>Faites l&rsquo;exp\u00e9rience d&rsquo;une <strong>visite exclusive de Malaga : 5 heures<\/strong> \u00e0 bord d&rsquo;une Citro\u00ebn AMI pour explorer le littoral, le Rinc\u00f3n de la Victoria, la Cueva del Tesoro et savourer la meilleure gastronomie locale.<\/p>\n\t\t\t\t\t\t\t\t<\/div>\n\t\t\t\t<\/div>\n\t\t\t\t\t<\/div>\n\t\t<\/div>\n\t\t\t\t<div class=\"elementor-column elementor-col-33 elementor-top-column elementor-element elementor-element-9ce2568\" data-id=\"9ce2568\" data-element_type=\"column\" data-e-type=\"column\">\n\t\t\t<div class=\"elementor-widget-wrap elementor-element-populated\">\n\t\t\t\t\t\t<div class=\"elementor-element elementor-element-6b18b08 elementor-widget elementor-widget-text-editor\" data-id=\"6b18b08\" data-element_type=\"widget\" data-e-type=\"widget\" data-widget_type=\"text-editor.default\">\n\t\t\t\t<div class=\"elementor-widget-container\">\n\t\t\t\t\t\t\t\t\t<p><strong>Visitez Malaga<\/strong> \u00e0 votre rythme avec un guide local accr\u00e9dit\u00e9, en profitant d&rsquo;une exp\u00e9rience unique et s\u00fbre <strong>gr\u00e2ce \u00e0 notre circuit Premium.<\/strong><\/p>\n\t\t\t\t\t\t\t\t<\/div>\n\t\t\t\t<\/div>\n\t\t\t\t\t<\/div>\n\t\t<\/div>\n\t\t\t\t<div class=\"elementor-column elementor-col-33 elementor-top-column elementor-element elementor-element-108a05c\" data-id=\"108a05c\" data-element_type=\"column\" data-e-type=\"column\">\n\t\t\t<div class=\"elementor-widget-wrap elementor-element-populated\">\n\t\t\t\t\t\t<div class=\"elementor-element elementor-element-5d05c84 elementor-widget elementor-widget-text-editor\" data-id=\"5d05c84\" data-element_type=\"widget\" data-e-type=\"widget\" data-widget_type=\"text-editor.default\">\n\t\t\t\t<div class=\"elementor-widget-container\">\n\t\t\t\t\t\t\t\t\t<p><strong>D\u00e9couvrez Malaga de mani\u00e8re durable dans une<\/strong> <strong>voiture \u00e9lectrique<\/strong> confortable et \u00e9cologique, con\u00e7ue pour prendre soin de l&rsquo;environnement pendant que vous profitez de la visite.<\/p>\n\t\t\t\t\t\t\t\t<\/div>\n\t\t\t\t<\/div>\n\t\t\t\t\t<\/div>\n\t\t<\/div>\n\t\t\t\t\t<\/div>\n\t\t<\/section>\n\t\t\t\t<section class=\"elementor-section elementor-top-section elementor-element elementor-element-e41de5f elementor-section-boxed elementor-section-height-default elementor-section-height-default\" data-id=\"e41de5f\" data-element_type=\"section\" data-e-type=\"section\">\n\t\t\t\t\t\t<div class=\"elementor-container elementor-column-gap-default\">\n\t\t\t\t\t<div class=\"elementor-column elementor-col-100 elementor-top-column elementor-element elementor-element-45f8f32\" data-id=\"45f8f32\" data-element_type=\"column\" data-e-type=\"column\">\n\t\t\t<div class=\"elementor-widget-wrap elementor-element-populated\">\n\t\t\t\t\t\t<div class=\"elementor-element elementor-element-b001007 elementor-widget elementor-widget-heading\" data-id=\"b001007\" data-element_type=\"widget\" data-e-type=\"widget\" data-widget_type=\"heading.default\">\n\t\t\t\t<div class=\"elementor-widget-container\">\n\t\t\t\t\t<h2 class=\"elementor-heading-title elementor-size-default\"><a href=\"https:\/\/electriccartour.com\/fr\/toutes-les-visites\/\"><b>D\u00e9couvrez les exp\u00e9riences les plus exclusives de Malaga.<b><\/b><\/a><\/h2>\t\t\t\t<\/div>\n\t\t\t\t<\/div>\n\t\t\t\t\t<\/div>\n\t\t<\/div>\n\t\t\t\t\t<\/div>\n\t\t<\/section>\n\t\t\t\t<section class=\"elementor-section elementor-top-section elementor-element elementor-element-eb136c4 elementor-section-boxed elementor-section-height-default elementor-section-height-default\" data-id=\"eb136c4\" data-element_type=\"section\" data-e-type=\"section\">\n\t\t\t\t\t\t<div class=\"elementor-container elementor-column-gap-default\">\n\t\t\t\t\t<div class=\"elementor-column elementor-col-100 elementor-top-column elementor-element elementor-element-3b12775\" data-id=\"3b12775\" data-element_type=\"column\" data-e-type=\"column\">\n\t\t\t<div class=\"elementor-widget-wrap elementor-element-populated\">\n\t\t\t\t\t\t<div class=\"elementor-element elementor-element-a71275f elementor-widget elementor-widget-text-editor\" data-id=\"a71275f\" data-element_type=\"widget\" data-e-type=\"widget\" data-widget_type=\"text-editor.default\">\n\t\t\t\t<div class=\"elementor-widget-container\">\n\t\t\t\t\t\t\t\t\t<p><strong>\u00ab\u00a0D\u00e9couvrez Malaga sous un angle unique gr\u00e2ce \u00e0 nos exp\u00e9riences exclusives. Explorez la ville avec des itin\u00e9raires qui allient histoire, charme nocturne et paysages inoubliables. Pour en savoir plus, consultez notre <a href=\"https:\/\/electriccartour.com\/fr\/toutes-les-visites\/\" rel=\"noopener\" data-start=\"647\" data-end=\"719\">s\u00e9lection de circuits \u00e0 Malaga<\/a>.\u00a0\u00bb  <\/strong><\/p>\n\t\t\t\t\t\t\t\t<\/div>\n\t\t\t\t<\/div>\n\t\t\t\t\t<\/div>\n\t\t<\/div>\n\t\t\t\t\t<\/div>\n\t\t<\/section>\n\t\t\t\t<section class=\"elementor-section elementor-top-section elementor-element elementor-element-49bb791 elementor-section-boxed elementor-section-height-default elementor-section-height-default\" data-id=\"49bb791\" data-element_type=\"section\" data-e-type=\"section\">\n\t\t\t\t\t\t<div class=\"elementor-container elementor-column-gap-default\">\n\t\t\t\t\t<div class=\"elementor-column elementor-col-50 elementor-top-column elementor-element elementor-element-10fe5cb\" data-id=\"10fe5cb\" data-element_type=\"column\" data-e-type=\"column\" data-settings=\"{&quot;background_background&quot;:&quot;classic&quot;}\">\n\t\t\t<div class=\"elementor-widget-wrap elementor-element-populated\">\n\t\t\t\t\t\t<div class=\"elementor-element elementor-element-e7630d8 elementor-widget elementor-widget-heading\" data-id=\"e7630d8\" data-element_type=\"widget\" data-e-type=\"widget\" data-widget_type=\"heading.default\">\n\t\t\t\t<div class=\"elementor-widget-container\">\n\t\t\t\t\t<p class=\"elementor-heading-title elementor-size-default\"><br> Visite de la villa romaine Antiopa (3 heures)<\/p>\t\t\t\t<\/div>\n\t\t\t\t<\/div>\n\t\t\t\t<div class=\"elementor-element elementor-element-5c64c75 elementor-widget elementor-widget-image\" data-id=\"5c64c75\" data-element_type=\"widget\" data-e-type=\"widget\" data-widget_type=\"image.default\">\n\t\t\t\t<div class=\"elementor-widget-container\">\n\t\t\t\t\t\t\t\t\t\t\t\t\t\t\t<img loading=\"lazy\" decoding=\"async\" width=\"2560\" height=\"1920\" src=\"https:\/\/i0.wp.com\/electriccartour.com\/wp-content\/uploads\/2024\/12\/villa-romana-antiopa-malaga-scaled.webp?fit=2560%2C1920&amp;ssl=1\" class=\"attachment-full size-full wp-image-11868\" alt=\"Mosaico romano de Antiopa y s\u00e1tiro en la Villa Romana de Antiopa, M\u00e1laga\" srcset=\"https:\/\/i0.wp.com\/electriccartour.com\/wp-content\/uploads\/2024\/12\/villa-romana-antiopa-malaga-scaled.webp?w=2560&amp;ssl=1 2560w, https:\/\/i0.wp.com\/electriccartour.com\/wp-content\/uploads\/2024\/12\/villa-romana-antiopa-malaga-scaled.webp?resize=300%2C225&amp;ssl=1 300w, https:\/\/i0.wp.com\/electriccartour.com\/wp-content\/uploads\/2024\/12\/villa-romana-antiopa-malaga-scaled.webp?resize=1024%2C768&amp;ssl=1 1024w, https:\/\/i0.wp.com\/electriccartour.com\/wp-content\/uploads\/2024\/12\/villa-romana-antiopa-malaga-scaled.webp?resize=768%2C576&amp;ssl=1 768w, https:\/\/i0.wp.com\/electriccartour.com\/wp-content\/uploads\/2024\/12\/villa-romana-antiopa-malaga-scaled.webp?resize=1536%2C1152&amp;ssl=1 1536w, https:\/\/i0.wp.com\/electriccartour.com\/wp-content\/uploads\/2024\/12\/villa-romana-antiopa-malaga-scaled.webp?resize=2048%2C1536&amp;ssl=1 2048w, https:\/\/i0.wp.com\/electriccartour.com\/wp-content\/uploads\/2024\/12\/villa-romana-antiopa-malaga-scaled.webp?resize=1568%2C1176&amp;ssl=1 1568w, https:\/\/i0.wp.com\/electriccartour.com\/wp-content\/uploads\/2024\/12\/villa-romana-antiopa-malaga-scaled.webp?resize=1320%2C990&amp;ssl=1 1320w, https:\/\/i0.wp.com\/electriccartour.com\/wp-content\/uploads\/2024\/12\/villa-romana-antiopa-malaga-scaled.webp?w=1920&amp;ssl=1 1920w\" sizes=\"(max-width: 640px) 100vw, 640px\" \/>\t\t\t\t\t\t\t\t\t\t\t\t\t\t\t<\/div>\n\t\t\t\t<\/div>\n\t\t\t\t<div class=\"elementor-element elementor-element-e0f42cb elementor-widget elementor-widget-heading\" data-id=\"e0f42cb\" data-element_type=\"widget\" data-e-type=\"widget\" data-widget_type=\"heading.default\">\n\t\t\t\t<div class=\"elementor-widget-container\">\n\t\t\t\t\t<h4 class=\"elementor-heading-title elementor-size-default\">Remontez le temps lors de cette visite de 3 heures de la Villa romaine Antiopa et de son histoire fascinante.<\/h4>\t\t\t\t<\/div>\n\t\t\t\t<\/div>\n\t\t\t\t<div class=\"elementor-element elementor-element-8064427 elementor-align-center elementor-widget elementor-widget-button\" data-id=\"8064427\" data-element_type=\"widget\" data-e-type=\"widget\" data-widget_type=\"button.default\">\n\t\t\t\t<div class=\"elementor-widget-container\">\n\t\t\t\t\t\t\t\t\t<div class=\"elementor-button-wrapper\">\n\t\t\t\t\t<a class=\"elementor-button elementor-button-link elementor-size-md\" href=\"https:\/\/electriccartour.com\/fr\/visite-de-la-villa-romana-antiopa-a-malaga-histoire-et-culture\/\">\n\t\t\t\t\t\t<span class=\"elementor-button-content-wrapper\">\n\t\t\t\t\t\t\t\t\t<span class=\"elementor-button-text\">D\u00e9couvrez la villa romaine<\/span>\n\t\t\t\t\t<\/span>\n\t\t\t\t\t<\/a>\n\t\t\t\t<\/div>\n\t\t\t\t\t\t\t\t<\/div>\n\t\t\t\t<\/div>\n\t\t\t\t\t<\/div>\n\t\t<\/div>\n\t\t\t\t<div class=\"elementor-column elementor-col-50 elementor-top-column elementor-element elementor-element-131ed9f\" data-id=\"131ed9f\" data-element_type=\"column\" data-e-type=\"column\" data-settings=\"{&quot;background_background&quot;:&quot;classic&quot;}\">\n\t\t\t<div class=\"elementor-widget-wrap elementor-element-populated\">\n\t\t\t\t\t\t<div class=\"elementor-element elementor-element-b1450a1 elementor-widget elementor-widget-heading\" data-id=\"b1450a1\" data-element_type=\"widget\" data-e-type=\"widget\" data-widget_type=\"heading.default\">\n\t\t\t\t<div class=\"elementor-widget-container\">\n\t\t\t\t\t<h4 class=\"elementor-heading-title elementor-size-default\">Visite nocturne <br>de Malaga<\/h4>\t\t\t\t<\/div>\n\t\t\t\t<\/div>\n\t\t\t\t<div class=\"elementor-element elementor-element-837e3c4 elementor-widget elementor-widget-image\" data-id=\"837e3c4\" data-element_type=\"widget\" data-e-type=\"widget\" data-widget_type=\"image.default\">\n\t\t\t\t<div class=\"elementor-widget-container\">\n\t\t\t\t\t\t\t\t\t\t\t\t\t\t\t<img loading=\"lazy\" decoding=\"async\" width=\"2000\" height=\"1500\" src=\"https:\/\/i0.wp.com\/electriccartour.com\/wp-content\/uploads\/2025\/01\/tour-nocturno-en-malaga-coche-electrico.webp?fit=2000%2C1500&amp;ssl=1\" class=\"attachment-full size-full wp-image-12013\" alt=\"Tour nocturno en M\u00e1laga en coche el\u00e9ctrico pasando por el Castillo de Gibralfaro iluminado.\" srcset=\"https:\/\/i0.wp.com\/electriccartour.com\/wp-content\/uploads\/2025\/01\/tour-nocturno-en-malaga-coche-electrico.webp?w=2000&amp;ssl=1 2000w, https:\/\/i0.wp.com\/electriccartour.com\/wp-content\/uploads\/2025\/01\/tour-nocturno-en-malaga-coche-electrico.webp?resize=300%2C225&amp;ssl=1 300w, https:\/\/i0.wp.com\/electriccartour.com\/wp-content\/uploads\/2025\/01\/tour-nocturno-en-malaga-coche-electrico.webp?resize=1024%2C768&amp;ssl=1 1024w, https:\/\/i0.wp.com\/electriccartour.com\/wp-content\/uploads\/2025\/01\/tour-nocturno-en-malaga-coche-electrico.webp?resize=768%2C576&amp;ssl=1 768w, https:\/\/i0.wp.com\/electriccartour.com\/wp-content\/uploads\/2025\/01\/tour-nocturno-en-malaga-coche-electrico.webp?resize=1536%2C1152&amp;ssl=1 1536w, https:\/\/i0.wp.com\/electriccartour.com\/wp-content\/uploads\/2025\/01\/tour-nocturno-en-malaga-coche-electrico.webp?resize=1568%2C1176&amp;ssl=1 1568w, https:\/\/i0.wp.com\/electriccartour.com\/wp-content\/uploads\/2025\/01\/tour-nocturno-en-malaga-coche-electrico.webp?resize=1320%2C990&amp;ssl=1 1320w, https:\/\/i0.wp.com\/electriccartour.com\/wp-content\/uploads\/2025\/01\/tour-nocturno-en-malaga-coche-electrico.webp?w=1920&amp;ssl=1 1920w\" sizes=\"(max-width: 640px) 100vw, 640px\" \/>\t\t\t\t\t\t\t\t\t\t\t\t\t\t\t<\/div>\n\t\t\t\t<\/div>\n\t\t\t\t<div class=\"elementor-element elementor-element-3dcc6e1 elementor-widget elementor-widget-heading\" data-id=\"3dcc6e1\" data-element_type=\"widget\" data-e-type=\"widget\" data-widget_type=\"heading.default\">\n\t\t\t\t<div class=\"elementor-widget-container\">\n\t\t\t\t\t<h2 class=\"elementor-heading-title elementor-size-default\">D\u00e9couvrez la magie de Malaga de nuit avec cette visite en voiture \u00e9lectrique et ses vues spectaculaires.<\/h2>\t\t\t\t<\/div>\n\t\t\t\t<\/div>\n\t\t\t\t<div class=\"elementor-element elementor-element-4b0dfde elementor-align-center elementor-widget elementor-widget-button\" data-id=\"4b0dfde\" data-element_type=\"widget\" data-e-type=\"widget\" data-widget_type=\"button.default\">\n\t\t\t\t<div class=\"elementor-widget-container\">\n\t\t\t\t\t\t\t\t\t<div class=\"elementor-button-wrapper\">\n\t\t\t\t\t<a class=\"elementor-button elementor-button-link elementor-size-md\" href=\"https:\/\/electriccartour.com\/fr\/visite-nocturne-de-malaga\/\">\n\t\t\t\t\t\t<span class=\"elementor-button-content-wrapper\">\n\t\t\t\t\t\t\t\t\t<span class=\"elementor-button-text\">D\u00e9couvrez Malaga de nuit<\/span>\n\t\t\t\t\t<\/span>\n\t\t\t\t\t<\/a>\n\t\t\t\t<\/div>\n\t\t\t\t\t\t\t\t<\/div>\n\t\t\t\t<\/div>\n\t\t\t\t\t<\/div>\n\t\t<\/div>\n\t\t\t\t\t<\/div>\n\t\t<\/section>\n\t\t\t\t<section class=\"elementor-section elementor-top-section elementor-element elementor-element-f422c70 elementor-section-boxed elementor-section-height-default elementor-section-height-default\" data-id=\"f422c70\" data-element_type=\"section\" data-e-type=\"section\">\n\t\t\t\t\t\t<div class=\"elementor-container elementor-column-gap-default\">\n\t\t\t\t\t<div class=\"elementor-column elementor-col-100 elementor-top-column elementor-element elementor-element-5ce0b3c\" data-id=\"5ce0b3c\" data-element_type=\"column\" data-e-type=\"column\">\n\t\t\t<div class=\"elementor-widget-wrap elementor-element-populated\">\n\t\t\t\t\t\t<div class=\"elementor-element elementor-element-ba88ec5 elementor-align-center elementor-widget elementor-widget-button\" data-id=\"ba88ec5\" data-element_type=\"widget\" data-e-type=\"widget\" data-widget_type=\"button.default\">\n\t\t\t\t<div class=\"elementor-widget-container\">\n\t\t\t\t\t\t\t\t\t<div class=\"elementor-button-wrapper\">\n\t\t\t\t\t<a class=\"elementor-button elementor-button-link elementor-size-sm\" href=\"https:\/\/electriccartour.com\/fr\/toutes-les-visites\/\">\n\t\t\t\t\t\t<span class=\"elementor-button-content-wrapper\">\n\t\t\t\t\t\t\t\t\t<span class=\"elementor-button-text\">D\u00e9couvrez nos circuits haut de gamme ici<\/span>\n\t\t\t\t\t<\/span>\n\t\t\t\t\t<\/a>\n\t\t\t\t<\/div>\n\t\t\t\t\t\t\t\t<\/div>\n\t\t\t\t<\/div>\n\t\t\t\t\t<\/div>\n\t\t<\/div>\n\t\t\t\t\t<\/div>\n\t\t<\/section>\n\t\t\t\t<section class=\"elementor-section elementor-top-section elementor-element elementor-element-98fd494 elementor-section-boxed elementor-section-height-default elementor-section-height-default\" data-id=\"98fd494\" data-element_type=\"section\" data-e-type=\"section\">\n\t\t\t\t\t\t<div class=\"elementor-container elementor-column-gap-default\">\n\t\t\t\t\t<div class=\"elementor-column elementor-col-100 elementor-top-column elementor-element elementor-element-59ac611\" data-id=\"59ac611\" data-element_type=\"column\" data-e-type=\"column\">\n\t\t\t<div class=\"elementor-widget-wrap elementor-element-populated\">\n\t\t\t\t\t\t<div class=\"elementor-element elementor-element-21cba9c elementor-widget elementor-widget-heading\" data-id=\"21cba9c\" data-element_type=\"widget\" data-e-type=\"widget\" data-widget_type=\"heading.default\">\n\t\t\t\t<div class=\"elementor-widget-container\">\n\t\t\t\t\t<h2 class=\"elementor-heading-title elementor-size-default\">FAQ : Nous r\u00e9pondons \u00e0 vos questions sur la visite Premium \u00e0 Malaga :<\/h2>\t\t\t\t<\/div>\n\t\t\t\t<\/div>\n\t\t\t\t\t<\/div>\n\t\t<\/div>\n\t\t\t\t\t<\/div>\n\t\t<\/section>\n\t\t\t\t<section class=\"elementor-section elementor-top-section elementor-element elementor-element-b8560d7 elementor-section-boxed elementor-section-height-default elementor-section-height-default\" data-id=\"b8560d7\" data-element_type=\"section\" data-e-type=\"section\">\n\t\t\t\t\t\t<div class=\"elementor-container elementor-column-gap-default\">\n\t\t\t\t\t<div class=\"elementor-column elementor-col-100 elementor-top-column elementor-element elementor-element-b25ff65\" data-id=\"b25ff65\" data-element_type=\"column\" data-e-type=\"column\">\n\t\t\t<div class=\"elementor-widget-wrap elementor-element-populated\">\n\t\t\t\t\t\t<div class=\"elementor-element elementor-element-3959506 elementor-widget elementor-widget-text-editor\" data-id=\"3959506\" data-element_type=\"widget\" data-e-type=\"widget\" data-widget_type=\"text-editor.default\">\n\t\t\t\t<div class=\"elementor-widget-container\">\n\t\t\t\t\t\t\t\t\t<table width=\"602\">\n<tbody>\n<tr>\n<td width=\"602\">\n<p><strong>De quoi ai-je besoin pour pouvoir conduire une Citro\u00ebn Ami ?<\/strong><\/p>\n<p>Tout d&rsquo;abord, vous devez avoir un permis de circulation de type B valide. Et la deuxi\u00e8me chose est que vous devez avoir plus de 25 ans et avoir au moins 2 ans de licence.<\/p>\n<\/td>\n<\/tr>\n<tr>\n<td width=\"602\">\n<p><strong>Les v\u00e9hicules sont-ils \u00e9quip\u00e9s de ceintures de s\u00e9curit\u00e9 ?<\/strong><\/p>\n<p>Oui, \u00e0 l&rsquo;avant comme \u00e0 l&rsquo;arri\u00e8re.<\/p>\n<\/td>\n<\/tr>\n<tr>\n<td width=\"602\">\n<p><strong>Quelles sont les capacit\u00e9s et les dimensions des IAM ?<\/strong><\/p>\n<p>Tous nos v\u00e9hicules sont biplaces et leurs dimensions sont les suivantes :<\/p>\n<p>Source de l&rsquo;image <a href=\"https:\/\/www.citroen.es\/content\/dam\/citroen\/spain\/pdf\/ami\/caracteristicas-tecnicas-ami.pdf\">: https:\/\/www.citroen.es\/content\/dam\/citroen\/spain\/pdf\/ami\/caracteristicas-tecnicas-ami.pdf<\/a><\/p>\n<\/td>\n<\/tr>\n<tr>\n<td width=\"602\">\n<p><strong>O\u00f9 le guide m&rsquo;attendra-t-il avec le v\u00e9hicule&nbsp;?<\/strong><\/p>\n<p>Vous avez deux options.<\/p>\n<p>Si vous s\u00e9journez dans le centre de Malaga, nous pouvons venir vous y chercher tant qu&rsquo;il est accessible en v\u00e9hicule.<\/p>\n<p>Sinon, le point de rencontre (Calle Guill\u00e9n Sotelo, 11,) \u00e0 c\u00f4t\u00e9 de la mairie de Malaga.<\/p>\n<p>Si vous venez en croisi\u00e8re, nous vous attendrons au pied du navire dans le port de Malaga.<\/p>\n<p>De plus, lors de la confirmation de la visite, vous aurez le num\u00e9ro de t\u00e9l\u00e9phone de contact du guide pour plus de facilit\u00e9.<\/p>\n<\/td>\n<\/tr>\n<tr>\n<td width=\"602\">\n<p><strong>Je n&rsquo;aime pas conduire ou je n&rsquo;ai pas de permis, puis-je participer au tour ?<\/strong><\/p>\n<p>Bien s\u00fbr! Vous pouvez toujours venir accompagn\u00e9 d&rsquo;un accompagnateur qui prend la place du chauffeur ou, si vous pr\u00e9f\u00e9rez, nous vous accompagnons. Dans tous les cas, le prix du tour ne varie pas.<\/p>\n<\/td>\n<\/tr>\n<tr>\n<td width=\"602\">\n<p><strong>Je voyage avec de jeunes enfants et j&rsquo;aimerais r\u00e9server la visite, est-ce possible ?<\/strong><\/p>\n<p>Oui, vous pouvez venir en tourn\u00e9e avec vos petits \u00e0 condition qu&rsquo;ils aient plus de 2 ans. De plus, par s\u00e9curit\u00e9 et selon les cas, nous incluons gratuitement dans votre r\u00e9servation les places dont vous avez besoin.<\/p>\n<p>Nous avons seulement besoin que vous nous informiez de l&rsquo;\u00e2ge des enfants lors de votre r\u00e9servation.<\/p>\n<p>N&rsquo;oubliez pas que le prix du tour pour les enfants est le m\u00eame que pour les adultes.<\/p>\n<\/td>\n<\/tr>\n<tr>\n<td width=\"602\">\n<p><strong>Comment est g\u00e9r\u00e9 le d\u00e9p\u00f4t ?<\/strong><\/p>\n<p>Avant de commencer la visite, nous signerons les documents n\u00e9cessaires pour que vous conduisiez le v\u00e9hicule avec toutes les garanties de s\u00e9curit\u00e9 (contrat avec les conditions de service, assurance, etc.).<\/p>\n<p>De plus, nous vous demanderons une caution de 300 \u20ac que vous pourrez payer en esp\u00e8ces ou par carte. Ne vous inqui\u00e9tez pas, aucun frais ne sera factur\u00e9.<\/p>\n<p>Une fois le v\u00e9hicule restitu\u00e9 en parfait \u00e9tat, nous vous remettrons le montant de la caution par le m\u00eame moyen par lequel vous l&rsquo;avez pay\u00e9.<\/p>\n<\/td>\n<\/tr>\n<tr>\n<td width=\"602\">\n<p><strong>En cas de mauvais temps, la visite est-elle annul\u00e9e ?<\/strong><\/p>\n<p>Pour rien! Dans notre flotte, nous avons des v\u00e9hicules avec des fen\u00eatres pour vous prot\u00e9ger de la pluie afin que vous puissiez continuer \u00e0 profiter de l&rsquo;exp\u00e9rience en tout confort.<\/p>\n<\/td>\n<\/tr>\n<tr>\n<td width=\"602\">\n<p><strong>Avez-vous des v\u00e9hicules pour les personnes \u00e0 mobilit\u00e9 r\u00e9duite ?<\/strong><\/p>\n<p>Nous travaillons actuellement dur pour avoir des v\u00e9hicules adapt\u00e9s \u00e0 la conduite dans notre flotte.<\/p>\n<p>En attendant, vous pouvez profiter de l&rsquo;exp\u00e9rience en tant que copilote.<\/p>\n<\/td>\n<\/tr>\n<tr>\n<td width=\"602\">\n<p><strong>Puis-je emmener mon animal de compagnie avec moi lors du tour en v\u00e9hicule \u00e9lectrique ?<\/strong><\/p>\n<p>Les ACI ne sont pas \u00e9quip\u00e9s pour transporter des animaux de compagnie en toute s\u00e9curit\u00e9, c&rsquo;est pourquoi nous ne les autorisons pas \u00e0 participer aux circuits.<\/p>\n<\/td>\n<\/tr>\n<tr>\n<td width=\"602\">\n<p><strong>Mes plans ont chang\u00e9, que dois-je faire ?<\/strong><\/p>\n<p>Si vos plans changent et que vous devez modifier ou annuler l&rsquo;excursion, veuillez nous contacter d\u00e8s que possible par t\u00e9l\u00e9phone ou via WhatsApp au +34 625 130 696 afin de vous offrir le meilleur service possible.<\/p>\n<p>alternative.<\/p>\n<\/td>\n<\/tr>\n<\/tbody>\n<\/table>\n\t\t\t\t\t\t\t\t<\/div>\n\t\t\t\t<\/div>\n\t\t\t\t\t<\/div>\n\t\t<\/div>\n\t\t\t\t\t<\/div>\n\t\t<\/section>\n\t\t\t\t<section class=\"elementor-section elementor-top-section elementor-element elementor-element-17200ae elementor-section-boxed elementor-section-height-default elementor-section-height-default\" data-id=\"17200ae\" data-element_type=\"section\" data-e-type=\"section\">\n\t\t\t\t\t\t<div class=\"elementor-container elementor-column-gap-default\">\n\t\t\t\t\t<div class=\"elementor-column elementor-col-100 elementor-top-column elementor-element elementor-element-2e8e22c\" data-id=\"2e8e22c\" data-element_type=\"column\" data-e-type=\"column\">\n\t\t\t<div class=\"elementor-widget-wrap elementor-element-populated\">\n\t\t\t\t\t\t<div class=\"elementor-element elementor-element-ce36a9e elementor-widget elementor-widget-heading\" data-id=\"ce36a9e\" data-element_type=\"widget\" data-e-type=\"widget\" data-widget_type=\"heading.default\">\n\t\t\t\t<div class=\"elementor-widget-container\">\n\t\t\t\t\t<h2 class=\"elementor-heading-title elementor-size-default\"><b>Pr\u00eat \u00e0 vivre l'exp\u00e9rience ? R\u00e9servez votre visite Premium d\u00e8s maintenant <\/b><\/h2>\t\t\t\t<\/div>\n\t\t\t\t<\/div>\n\t\t\t\t\t<\/div>\n\t\t<\/div>\n\t\t\t\t\t<\/div>\n\t\t<\/section>\n\t\t\t\t<section class=\"elementor-section elementor-top-section elementor-element elementor-element-75779b2 elementor-section-boxed elementor-section-height-default elementor-section-height-default\" data-id=\"75779b2\" data-element_type=\"section\" data-e-type=\"section\">\n\t\t\t\t\t\t<div class=\"elementor-container elementor-column-gap-default\">\n\t\t\t\t\t<div class=\"elementor-column elementor-col-100 elementor-top-column elementor-element elementor-element-5fff940\" data-id=\"5fff940\" data-element_type=\"column\" data-e-type=\"column\">\n\t\t\t<div class=\"elementor-widget-wrap elementor-element-populated\">\n\t\t\t\t\t\t<div class=\"elementor-element elementor-element-7402d4b elementor-align-center elementor-widget elementor-widget-button\" data-id=\"7402d4b\" data-element_type=\"widget\" data-e-type=\"widget\" data-widget_type=\"button.default\">\n\t\t\t\t<div class=\"elementor-widget-container\">\n\t\t\t\t\t\t\t\t\t<div class=\"elementor-button-wrapper\">\n\t\t\t\t\t<a class=\"elementor-button elementor-button-link elementor-size-sm\" href=\"#reserva-tour-premium-en-malaga\">\n\t\t\t\t\t\t<span class=\"elementor-button-content-wrapper\">\n\t\t\t\t\t\t\t\t\t<span class=\"elementor-button-text\">R\u00e9servez d\u00e8s maintenant votre Premium Tour \u00e0 Malaga chez Citro\u00ebn AMI<\/span>\n\t\t\t\t\t<\/span>\n\t\t\t\t\t<\/a>\n\t\t\t\t<\/div>\n\t\t\t\t\t\t\t\t<\/div>\n\t\t\t\t<\/div>\n\t\t\t\t\t<\/div>\n\t\t<\/div>\n\t\t\t\t\t<\/div>\n\t\t<\/section>\n\t\t\t\t<\/div>\n\t\t","protected":false},"excerpt":{"rendered":"<p>Premium Tour \u00e0 Malaga : une exp\u00e9rience exclusive avec une voiture \u00e9lectrique\u267b\ufe0f Circuit Premium \u00e0 Malaga : culture, gastronomie et paysages uniques (5 heures) Vivez l&rsquo;essence du Premium Tour \u00e0 Malaga avec un circuit qui allie histoire, saveurs uniques et paysages inoubliables. Pendant 5 heures, d\u00e9couvrez le meilleur de Malaga dans une exp\u00e9rience con\u00e7ue pour &hellip; <\/p>\n<p class=\"link-more\"><a href=\"https:\/\/electriccartour.com\/fr\/visite-premium-de-malaga\/\" class=\"more-link\">Continuer la lecture <span class=\"screen-reader-text\"> \u00ab\u00a0Premium Tour \u00e0 Malaga : une exp\u00e9rience exclusive dans une voiture \u00e9lectrique\u00a0\u00bb<\/span><\/a><\/p>\n","protected":false},"author":1,"featured_media":8819,"parent":0,"menu_order":0,"comment_status":"closed","ping_status":"closed","template":"elementor_header_footer","meta":{"_joinchat":[],"footnotes":""},"class_list":["post-2525","page","type-page","status-publish","has-post-thumbnail","hentry","entry"],"yoast_head":"<!-- This site is optimized with the Yoast SEO plugin v27.5 - https:\/\/yoast.com\/product\/yoast-seo-wordpress\/ -->\n<title>\u267b\ufe0fExcursion Premium \u00e0 Malaga en voiture \u00e9lectrique dans des lieux exclusifs<\/title>\n<meta name=\"description\" content=\"Tour Premium \u00e0 Malaga \u267b\ufe0f5 heures d&#039;exclusivit\u00e9, de gastronomie locale et de vues inoubliables en voiture \u00e9lectrique, r\u00e9servez d\u00e8s maintenant !\" \/>\n<meta name=\"robots\" content=\"index, follow, max-snippet:-1, max-image-preview:large, max-video-preview:-1\" \/>\n<link rel=\"canonical\" href=\"https:\/\/electriccartour.com\/fr\/visite-premium-de-malaga\/\" \/>\n<meta property=\"og:locale\" content=\"fr_FR\" \/>\n<meta property=\"og:type\" content=\"article\" \/>\n<meta property=\"og:title\" content=\"\u267b\ufe0fExcursion Premium \u00e0 Malaga en voiture \u00e9lectrique dans des lieux exclusifs\" \/>\n<meta property=\"og:description\" content=\"Tour Premium \u00e0 Malaga \u267b\ufe0f5 heures d&#039;exclusivit\u00e9, de gastronomie locale et de vues inoubliables en voiture \u00e9lectrique, r\u00e9servez d\u00e8s maintenant !\" \/>\n<meta property=\"og:url\" content=\"https:\/\/electriccartour.com\/fr\/visite-premium-de-malaga\/\" \/>\n<meta property=\"og:site_name\" content=\"Tours en Coche El\u00e9ctrico en M\u00e1laga \u267b\ufe0f | Electric Car Tour\" \/>\n<meta property=\"article:publisher\" content=\"https:\/\/www.facebook.com\/Tourenvechiculoselectricos\/\" \/>\n<meta property=\"article:modified_time\" content=\"2025-02-21T20:52:18+00:00\" \/>\n<meta property=\"og:image\" content=\"https:\/\/i0.wp.com\/electriccartour.com\/wp-content\/uploads\/2023\/06\/tour-electric-car-malaga-muelle-1-scaled.webp?fit=2560%2C1707&ssl=1\" \/>\n\t<meta property=\"og:image:width\" content=\"2560\" \/>\n\t<meta property=\"og:image:height\" content=\"1707\" \/>\n\t<meta property=\"og:image:type\" content=\"image\/webp\" \/>\n<meta name=\"twitter:card\" content=\"summary_large_image\" \/>\n<meta name=\"twitter:site\" content=\"@electric_tour\" \/>\n<meta name=\"twitter:label1\" content=\"Dur\u00e9e de lecture estim\u00e9e\" \/>\n\t<meta name=\"twitter:data1\" content=\"12 minutes\" \/>\n<script type=\"application\/ld+json\" class=\"yoast-schema-graph\">{\"@context\":\"https:\\\/\\\/schema.org\",\"@graph\":[{\"@type\":\"WebPage\",\"@id\":\"https:\\\/\\\/electriccartour.com\\\/fr\\\/visite-premium-de-malaga\\\/\",\"url\":\"https:\\\/\\\/electriccartour.com\\\/fr\\\/visite-premium-de-malaga\\\/\",\"name\":\"\u267b\ufe0fExcursion Premium \u00e0 Malaga en voiture \u00e9lectrique dans des lieux exclusifs\",\"isPartOf\":{\"@id\":\"https:\\\/\\\/electriccartour.com\\\/fr\\\/#website\"},\"primaryImageOfPage\":{\"@id\":\"https:\\\/\\\/electriccartour.com\\\/fr\\\/visite-premium-de-malaga\\\/#primaryimage\"},\"image\":{\"@id\":\"https:\\\/\\\/electriccartour.com\\\/fr\\\/visite-premium-de-malaga\\\/#primaryimage\"},\"thumbnailUrl\":\"https:\\\/\\\/i0.wp.com\\\/electriccartour.com\\\/wp-content\\\/uploads\\\/2023\\\/06\\\/tour-electric-car-malaga-muelle-1-scaled.webp?fit=2560%2C1707&ssl=1\",\"datePublished\":\"2022-02-06T17:21:44+00:00\",\"dateModified\":\"2025-02-21T20:52:18+00:00\",\"description\":\"Tour Premium \u00e0 Malaga \u267b\ufe0f5 heures d'exclusivit\u00e9, de gastronomie locale et de vues inoubliables en voiture \u00e9lectrique, r\u00e9servez d\u00e8s maintenant !\",\"breadcrumb\":{\"@id\":\"https:\\\/\\\/electriccartour.com\\\/fr\\\/visite-premium-de-malaga\\\/#breadcrumb\"},\"inLanguage\":\"fr-FR\",\"potentialAction\":[{\"@type\":\"ReadAction\",\"target\":[\"https:\\\/\\\/electriccartour.com\\\/fr\\\/visite-premium-de-malaga\\\/\"]}]},{\"@type\":\"ImageObject\",\"inLanguage\":\"fr-FR\",\"@id\":\"https:\\\/\\\/electriccartour.com\\\/fr\\\/visite-premium-de-malaga\\\/#primaryimage\",\"url\":\"https:\\\/\\\/i0.wp.com\\\/electriccartour.com\\\/wp-content\\\/uploads\\\/2023\\\/06\\\/tour-electric-car-malaga-muelle-1-scaled.webp?fit=2560%2C1707&ssl=1\",\"contentUrl\":\"https:\\\/\\\/i0.wp.com\\\/electriccartour.com\\\/wp-content\\\/uploads\\\/2023\\\/06\\\/tour-electric-car-malaga-muelle-1-scaled.webp?fit=2560%2C1707&ssl=1\",\"width\":2560,\"height\":1707,\"caption\":\"tour m\u00e1laga en coche el\u00e9ctrico por el puerto y paseo mar\u00edtimo\"},{\"@type\":\"BreadcrumbList\",\"@id\":\"https:\\\/\\\/electriccartour.com\\\/fr\\\/visite-premium-de-malaga\\\/#breadcrumb\",\"itemListElement\":[{\"@type\":\"ListItem\",\"position\":1,\"name\":\"Portada\",\"item\":\"https:\\\/\\\/electriccartour.com\\\/fr\\\/\"},{\"@type\":\"ListItem\",\"position\":2,\"name\":\"Premium Tour \u00e0 Malaga : une exp\u00e9rience exclusive dans une voiture \u00e9lectrique\"}]},{\"@type\":\"WebSite\",\"@id\":\"https:\\\/\\\/electriccartour.com\\\/fr\\\/#website\",\"url\":\"https:\\\/\\\/electriccartour.com\\\/fr\\\/\",\"name\":\"Tours en Coche El\u00e9ctrico en M\u00e1laga \u267b\ufe0f | Electric Car Tour\",\"description\":\"Descubre M\u00e1laga de forma sostenible con Electric Car Tour. Disfruta de tours guiados en coche el\u00e9ctrico y explora los principales atractivos tur\u00edsticos de la ciudad.\",\"publisher\":{\"@id\":\"https:\\\/\\\/electriccartour.com\\\/fr\\\/#organization\"},\"alternateName\":\"Electric Car Tour - M\u00e1laga\",\"potentialAction\":[{\"@type\":\"SearchAction\",\"target\":{\"@type\":\"EntryPoint\",\"urlTemplate\":\"https:\\\/\\\/electriccartour.com\\\/fr\\\/?s={search_term_string}\"},\"query-input\":{\"@type\":\"PropertyValueSpecification\",\"valueRequired\":true,\"valueName\":\"search_term_string\"}}],\"inLanguage\":\"fr-FR\"},{\"@type\":\"Organization\",\"@id\":\"https:\\\/\\\/electriccartour.com\\\/fr\\\/#organization\",\"name\":\"Electric Car Tour\",\"alternateName\":\"electriccartour\",\"url\":\"https:\\\/\\\/electriccartour.com\\\/fr\\\/\",\"logo\":{\"@type\":\"ImageObject\",\"inLanguage\":\"fr-FR\",\"@id\":\"https:\\\/\\\/electriccartour.com\\\/fr\\\/#\\\/schema\\\/logo\\\/image\\\/\",\"url\":\"https:\\\/\\\/i0.wp.com\\\/electriccartour.com\\\/wp-content\\\/uploads\\\/2021\\\/12\\\/181002_ECT_Logo5389f3-1920w.png?fit=1920%2C462&ssl=1\",\"contentUrl\":\"https:\\\/\\\/i0.wp.com\\\/electriccartour.com\\\/wp-content\\\/uploads\\\/2021\\\/12\\\/181002_ECT_Logo5389f3-1920w.png?fit=1920%2C462&ssl=1\",\"width\":1920,\"height\":462,\"caption\":\"Electric Car Tour\"},\"image\":{\"@id\":\"https:\\\/\\\/electriccartour.com\\\/fr\\\/#\\\/schema\\\/logo\\\/image\\\/\"},\"sameAs\":[\"https:\\\/\\\/www.facebook.com\\\/Tourenvechiculoselectricos\\\/\",\"https:\\\/\\\/x.com\\\/electric_tour\",\"https:\\\/\\\/www.youtube.com\\\/channel\\\/UClzjmLNm6Auwdnix5FwnxXw\",\"https:\\\/\\\/www.instagram.com\\\/electriccartour\\\/\",\"https:\\\/\\\/tripadvisor.com\\\/Attraction_Review-g187438-d15198737-Reviews-Electric_Car_Tour-Malaga_Costa_del_Sol_Province_of_Malaga_Andalucia.html\"]}]}<\/script>\n<!-- \/ Yoast SEO plugin. -->","yoast_head_json":{"title":"\u267b\ufe0fExcursion Premium \u00e0 Malaga en voiture \u00e9lectrique dans des lieux exclusifs","description":"Tour Premium \u00e0 Malaga \u267b\ufe0f5 heures d'exclusivit\u00e9, de gastronomie locale et de vues inoubliables en voiture \u00e9lectrique, r\u00e9servez d\u00e8s maintenant !","robots":{"index":"index","follow":"follow","max-snippet":"max-snippet:-1","max-image-preview":"max-image-preview:large","max-video-preview":"max-video-preview:-1"},"canonical":"https:\/\/electriccartour.com\/fr\/visite-premium-de-malaga\/","og_locale":"fr_FR","og_type":"article","og_title":"\u267b\ufe0fExcursion Premium \u00e0 Malaga en voiture \u00e9lectrique dans des lieux exclusifs","og_description":"Tour Premium \u00e0 Malaga \u267b\ufe0f5 heures d'exclusivit\u00e9, de gastronomie locale et de vues inoubliables en voiture \u00e9lectrique, r\u00e9servez d\u00e8s maintenant !","og_url":"https:\/\/electriccartour.com\/fr\/visite-premium-de-malaga\/","og_site_name":"Tours en Coche El\u00e9ctrico en M\u00e1laga \u267b\ufe0f | Electric Car Tour","article_publisher":"https:\/\/www.facebook.com\/Tourenvechiculoselectricos\/","article_modified_time":"2025-02-21T20:52:18+00:00","og_image":[{"width":2560,"height":1707,"url":"https:\/\/i0.wp.com\/electriccartour.com\/wp-content\/uploads\/2023\/06\/tour-electric-car-malaga-muelle-1-scaled.webp?fit=2560%2C1707&ssl=1","type":"image\/webp"}],"twitter_card":"summary_large_image","twitter_site":"@electric_tour","twitter_misc":{"Dur\u00e9e de lecture estim\u00e9e":"12 minutes"},"schema":{"@context":"https:\/\/schema.org","@graph":[{"@type":"WebPage","@id":"https:\/\/electriccartour.com\/fr\/visite-premium-de-malaga\/","url":"https:\/\/electriccartour.com\/fr\/visite-premium-de-malaga\/","name":"\u267b\ufe0fExcursion Premium \u00e0 Malaga en voiture \u00e9lectrique dans des lieux exclusifs","isPartOf":{"@id":"https:\/\/electriccartour.com\/fr\/#website"},"primaryImageOfPage":{"@id":"https:\/\/electriccartour.com\/fr\/visite-premium-de-malaga\/#primaryimage"},"image":{"@id":"https:\/\/electriccartour.com\/fr\/visite-premium-de-malaga\/#primaryimage"},"thumbnailUrl":"https:\/\/i0.wp.com\/electriccartour.com\/wp-content\/uploads\/2023\/06\/tour-electric-car-malaga-muelle-1-scaled.webp?fit=2560%2C1707&ssl=1","datePublished":"2022-02-06T17:21:44+00:00","dateModified":"2025-02-21T20:52:18+00:00","description":"Tour Premium \u00e0 Malaga \u267b\ufe0f5 heures d'exclusivit\u00e9, de gastronomie locale et de vues inoubliables en voiture \u00e9lectrique, r\u00e9servez d\u00e8s maintenant !","breadcrumb":{"@id":"https:\/\/electriccartour.com\/fr\/visite-premium-de-malaga\/#breadcrumb"},"inLanguage":"fr-FR","potentialAction":[{"@type":"ReadAction","target":["https:\/\/electriccartour.com\/fr\/visite-premium-de-malaga\/"]}]},{"@type":"ImageObject","inLanguage":"fr-FR","@id":"https:\/\/electriccartour.com\/fr\/visite-premium-de-malaga\/#primaryimage","url":"https:\/\/i0.wp.com\/electriccartour.com\/wp-content\/uploads\/2023\/06\/tour-electric-car-malaga-muelle-1-scaled.webp?fit=2560%2C1707&ssl=1","contentUrl":"https:\/\/i0.wp.com\/electriccartour.com\/wp-content\/uploads\/2023\/06\/tour-electric-car-malaga-muelle-1-scaled.webp?fit=2560%2C1707&ssl=1","width":2560,"height":1707,"caption":"tour m\u00e1laga en coche el\u00e9ctrico por el puerto y paseo mar\u00edtimo"},{"@type":"BreadcrumbList","@id":"https:\/\/electriccartour.com\/fr\/visite-premium-de-malaga\/#breadcrumb","itemListElement":[{"@type":"ListItem","position":1,"name":"Portada","item":"https:\/\/electriccartour.com\/fr\/"},{"@type":"ListItem","position":2,"name":"Premium Tour \u00e0 Malaga : une exp\u00e9rience exclusive dans une voiture \u00e9lectrique"}]},{"@type":"WebSite","@id":"https:\/\/electriccartour.com\/fr\/#website","url":"https:\/\/electriccartour.com\/fr\/","name":"Tours en Coche El\u00e9ctrico en M\u00e1laga \u267b\ufe0f | Electric Car Tour","description":"Descubre M\u00e1laga de forma sostenible con Electric Car Tour. Disfruta de tours guiados en coche el\u00e9ctrico y explora los principales atractivos tur\u00edsticos de la ciudad.","publisher":{"@id":"https:\/\/electriccartour.com\/fr\/#organization"},"alternateName":"Electric Car Tour - M\u00e1laga","potentialAction":[{"@type":"SearchAction","target":{"@type":"EntryPoint","urlTemplate":"https:\/\/electriccartour.com\/fr\/?s={search_term_string}"},"query-input":{"@type":"PropertyValueSpecification","valueRequired":true,"valueName":"search_term_string"}}],"inLanguage":"fr-FR"},{"@type":"Organization","@id":"https:\/\/electriccartour.com\/fr\/#organization","name":"Electric Car Tour","alternateName":"electriccartour","url":"https:\/\/electriccartour.com\/fr\/","logo":{"@type":"ImageObject","inLanguage":"fr-FR","@id":"https:\/\/electriccartour.com\/fr\/#\/schema\/logo\/image\/","url":"https:\/\/i0.wp.com\/electriccartour.com\/wp-content\/uploads\/2021\/12\/181002_ECT_Logo5389f3-1920w.png?fit=1920%2C462&ssl=1","contentUrl":"https:\/\/i0.wp.com\/electriccartour.com\/wp-content\/uploads\/2021\/12\/181002_ECT_Logo5389f3-1920w.png?fit=1920%2C462&ssl=1","width":1920,"height":462,"caption":"Electric Car Tour"},"image":{"@id":"https:\/\/electriccartour.com\/fr\/#\/schema\/logo\/image\/"},"sameAs":["https:\/\/www.facebook.com\/Tourenvechiculoselectricos\/","https:\/\/x.com\/electric_tour","https:\/\/www.youtube.com\/channel\/UClzjmLNm6Auwdnix5FwnxXw","https:\/\/www.instagram.com\/electriccartour\/","https:\/\/tripadvisor.com\/Attraction_Review-g187438-d15198737-Reviews-Electric_Car_Tour-Malaga_Costa_del_Sol_Province_of_Malaga_Andalucia.html"]}]}},"jetpack_sharing_enabled":true,"_links":{"self":[{"href":"https:\/\/electriccartour.com\/fr\/wp-json\/wp\/v2\/pages\/2525","targetHints":{"allow":["GET"]}}],"collection":[{"href":"https:\/\/electriccartour.com\/fr\/wp-json\/wp\/v2\/pages"}],"about":[{"href":"https:\/\/electriccartour.com\/fr\/wp-json\/wp\/v2\/types\/page"}],"author":[{"embeddable":true,"href":"https:\/\/electriccartour.com\/fr\/wp-json\/wp\/v2\/users\/1"}],"replies":[{"embeddable":true,"href":"https:\/\/electriccartour.com\/fr\/wp-json\/wp\/v2\/comments?post=2525"}],"version-history":[{"count":0,"href":"https:\/\/electriccartour.com\/fr\/wp-json\/wp\/v2\/pages\/2525\/revisions"}],"wp:featuredmedia":[{"embeddable":true,"href":"https:\/\/electriccartour.com\/fr\/wp-json\/wp\/v2\/media\/8819"}],"wp:attachment":[{"href":"https:\/\/electriccartour.com\/fr\/wp-json\/wp\/v2\/media?parent=2525"}],"curies":[{"name":"wp","href":"https:\/\/api.w.org\/{rel}","templated":true}]}}